{"id":78,"date":"2022-09-23T16:27:00","date_gmt":"2022-09-23T16:27:00","guid":{"rendered":"http:\/\/columnayesperanzalucena.es\/?page_id=78"},"modified":"2022-10-26T17:24:58","modified_gmt":"2022-10-26T17:24:58","slug":"historia","status":"publish","type":"page","link":"https:\/\/columnayesperanzalucena.es\/?page_id=78","title":{"rendered":"HISTORIA"},"content":{"rendered":"<p>[et_pb_section fb_built=\u00bb1&#8243; fullwidth=\u00bbon\u00bb next_background_color=\u00bb#ffffff\u00bb admin_label=\u00bbHeader Section\u00bb _builder_version=\u00bb4.18.0&#8243; background_enable_color=\u00bboff\u00bb use_background_color_gradient=\u00bbon\u00bb background_color_gradient_stops=\u00bbrgba(0,0,0,0.18) 0%|#000000 100%\u00bb background_color_gradient_overlays_image=\u00bbon\u00bb background_image=\u00bbhttps:\/\/columnayesperanzalucena.es\/wp-content\/uploads\/2022\/09\/C-O-L-U-M-N-A-03.-2-scaled.jpg\u00bb bottom_divider_style=\u00bbramp\u00bb bottom_divider_flip=\u00bbhorizontal\u00bb global_colors_info=\u00bb{}\u00bb][et_pb_fullwidth_header title=\u00bbHISTORIA\u00bb subhead=\u00bbDE LA HERMANDAD\u00bb text_orientation=\u00bbcenter\u00bb content_max_width=\u00bb640px\u00bb _builder_version=\u00bb4.18.0&#8243; title_font=\u00bbLora|700||on|||||\u00bb title_font_size=\u00bb48px\u00bb title_letter_spacing=\u00bb3px\u00bb title_line_height=\u00bb1.5em\u00bb content_font=\u00bbLora||||||||\u00bb content_font_size=\u00bb22px\u00bb content_line_height=\u00bb2em\u00bb subhead_font=\u00bbLora|700|||||||\u00bb subhead_font_size=\u00bb35px\u00bb subhead_line_height=\u00bb1.5em\u00bb background_color=\u00bbrgba(255,255,255,0)\u00bb background_enable_image=\u00bboff\u00bb parallax=\u00bbon\u00bb parallax_method=\u00bbon\u00bb custom_button_one=\u00bbon\u00bb button_one_text_size=\u00bb16px\u00bb button_one_text_color=\u00bb#ffffff\u00bb button_one_bg_color=\u00bb#d29f68&#8243; button_one_border_width=\u00bb15px\u00bb button_one_border_color=\u00bbrgba(210,159,104,0)\u00bb button_one_border_radius=\u00bb100px\u00bb button_one_letter_spacing=\u00bb3px\u00bb button_one_font=\u00bbOswald|||on|||||\u00bb button_one_use_icon=\u00bboff\u00bb custom_button_two=\u00bbon\u00bb button_two_text_size=\u00bb16px\u00bb button_two_text_color=\u00bb#ffffff\u00bb button_two_bg_color=\u00bbrgba(255,255,255,0.35)\u00bb button_two_border_width=\u00bb15px\u00bb button_two_border_color=\u00bbrgba(0,0,0,0)\u00bb button_two_border_radius=\u00bb100px\u00bb button_two_letter_spacing=\u00bb3px\u00bb button_two_font=\u00bbOswald|||on|||||\u00bb button_two_use_icon=\u00bboff\u00bb custom_margin=\u00bb|||\u00bb custom_padding=\u00bb90px||90px||true\u00bb animation_style=\u00bbzoom\u00bb animation_duration=\u00bb2000ms\u00bb animation_intensity_zoom=\u00bb4%\u00bb subhead_font_size_tablet=\u00bb\u00bb subhead_font_size_phone=\u00bb50px\u00bb subhead_font_size_last_edited=\u00bbon|desktop\u00bb button_one_border_radius_hover=\u00bb100px\u00bb button_one_bg_color_hover=\u00bb#cc8d66&#8243; button_two_bg_color_hover=\u00bb#d29f68&#8243; global_colors_info=\u00bb{}\u00bb button_one_text_size__hover_enabled=\u00bboff\u00bb button_two_text_size__hover_enabled=\u00bboff\u00bb button_one_text_color__hover_enabled=\u00bboff\u00bb button_two_text_color__hover_enabled=\u00bboff\u00bb button_one_border_width__hover_enabled=\u00bboff\u00bb button_two_border_width__hover_enabled=\u00bboff\u00bb button_one_border_color__hover_enabled=\u00bboff\u00bb button_two_border_color__hover_enabled=\u00bboff\u00bb button_one_border_radius__hover_enabled=\u00bbon\u00bb button_one_border_radius__hover=\u00bb100px\u00bb button_two_border_radius__hover_enabled=\u00bboff\u00bb button_one_letter_spacing__hover_enabled=\u00bboff\u00bb button_two_letter_spacing__hover_enabled=\u00bboff\u00bb button_one_bg_color__hover_enabled=\u00bbon\u00bb button_one_bg_color__hover=\u00bb#cc8d66&#8243; button_two_bg_color__hover_enabled=\u00bbon\u00bb button_two_bg_color__hover=\u00bb#d29f68&#8243;][\/et_pb_fullwidth_header][\/et_pb_section][et_pb_section fb_built=\u00bb1&#8243; admin_label=\u00bbAbout Section\u00bb _builder_version=\u00bb4.16&#8243; custom_padding=\u00bb80px|0px|80px|0px|true|false\u00bb global_colors_info=\u00bb{}\u00bb][et_pb_row column_structure=\u00bb1_2,1_2&#8243; admin_label=\u00bbAbout Row\u00bb _builder_version=\u00bb4.16&#8243; global_colors_info=\u00bb{}\u00bb][et_pb_column type=\u00bb1_2&#8243; _builder_version=\u00bb4.16&#8243; custom_padding=\u00bb|||\u00bb global_colors_info=\u00bb{}\u00bb custom_padding__hover=\u00bb|||\u00bb][et_pb_text _builder_version=\u00bb4.16&#8243; text_font=\u00bbLora||||||||\u00bb text_font_size=\u00bb18px\u00bb text_line_height=\u00bb2em\u00bb link_font=\u00bb||||||||\u00bb ul_font=\u00bb||||||||\u00bb ol_font=\u00bb||||||||\u00bb quote_font=\u00bb||||||||\u00bb header_font=\u00bb||||||||\u00bb header_2_font=\u00bbLora|700|||||||\u00bb header_2_font_size=\u00bb50px\u00bb header_2_line_height=\u00bb1.5em\u00bb header_3_font=\u00bbLora|700|||||||\u00bb header_3_font_size=\u00bb42px\u00bb header_3_line_height=\u00bb1.5em\u00bb header_5_font=\u00bbOswald|||on|||||\u00bb header_5_text_color=\u00bbrgba(0,0,0,0.4)\u00bb header_5_font_size=\u00bb20px\u00bb header_5_letter_spacing=\u00bb3px\u00bb max_width=\u00bb600px\u00bb max_width_tablet=\u00bb\u00bb max_width_phone=\u00bb\u00bb max_width_last_edited=\u00bbon|phone\u00bb custom_margin_tablet=\u00bb|70px||70px\u00bb custom_margin_phone=\u00bb|50px||50px\u00bb custom_margin_last_edited=\u00bboff|desktop\u00bb text_line_height_last_edited=\u00bboff|desktop\u00bb global_colors_info=\u00bb{}\u00bb]<\/p>\n<h5>desde 1558<\/h5>\n<h3><\/h3>\n<p>[\/et_pb_text][et_pb_image src=\u00bbhttps:\/\/columnayesperanzalucena.es\/wp-content\/uploads\/2022\/09\/Escudo-Color-del-mas-grande-2.png\u00bb title_text=\u00bbEscudo Color del mas grande 2&#8243; _builder_version=\u00bb4.18.0&#8243; _module_preset=\u00bbdefault\u00bb width=\u00bb60%\u00bb module_alignment=\u00bbcenter\u00bb custom_margin=\u00bb-55px||-55px||true|false\u00bb global_colors_info=\u00bb{}\u00bb][\/et_pb_image][\/et_pb_column][et_pb_column type=\u00bb1_2&#8243; _builder_version=\u00bb4.16&#8243; custom_padding=\u00bb|||\u00bb global_colors_info=\u00bb{}\u00bb custom_padding__hover=\u00bb|||\u00bb][et_pb_text _builder_version=\u00bb4.18.0&#8243; text_font=\u00bbLora||||||||\u00bb text_font_size=\u00bb18px\u00bb text_line_height=\u00bb2em\u00bb link_font=\u00bb||||||||\u00bb ul_font=\u00bb||||||||\u00bb ol_font=\u00bb||||||||\u00bb quote_font=\u00bb||||||||\u00bb header_font=\u00bb||||||||\u00bb header_2_font=\u00bbLora|700|||||||\u00bb header_2_font_size=\u00bb50px\u00bb header_2_line_height=\u00bb1.5em\u00bb header_5_font=\u00bbOswald|||on|||||\u00bb header_5_text_color=\u00bbrgba(0,0,0,0.4)\u00bb header_5_font_size=\u00bb20px\u00bb header_5_letter_spacing=\u00bb3px\u00bb text_orientation=\u00bbjustified\u00bb max_width=\u00bb600px\u00bb max_width_tablet=\u00bb\u00bb max_width_phone=\u00bb\u00bb max_width_last_edited=\u00bbon|phone\u00bb custom_margin_tablet=\u00bb|70px||70px\u00bb custom_margin_phone=\u00bb|50px||50px\u00bb custom_margin_last_edited=\u00bboff|desktop\u00bb text_line_height_last_edited=\u00bboff|desktop\u00bb global_colors_info=\u00bb{}\u00bb]<\/p>\n<h5><\/h5>\n<h5>nuestra historia<\/h5>\n<p>Pocas Cofrad\u00edas lucentinas han sido tan pr\u00f3digas en frutos nunca, a pesar de su extinci\u00f3n, como la Venerable de Mar\u00eda Sant\u00edsima de la Paz\u00a0 y Congregaci\u00f3n de la Santa Veracruz, Oraci\u00f3n y Buena Muerte, de esta ciudad de Lucena.<\/p>\n<p>Su erecci\u00f3n can\u00f3nica, seg\u00fan Ram\u00edrez de Luque, se verific\u00f3 el 2 de Julio de 1558, pero casi toda la documentaci\u00f3n conservada relativa a sus actividades alude a las fechas posteriores a su reestructuraci\u00f3n acordada en cabildo de 31 de enero de 1831.<\/p>\n<p>Su historia anterior ha de ser supuesta sobre la base de inventarios que conocemos, todos ellos tambi\u00e9n del siglo XIX y escasas noticias m\u00e1s.<\/p>\n<p>[\/et_pb_text][\/et_pb_column][\/et_pb_row][\/et_pb_section][et_pb_section fb_built=\u00bb1&#8243; admin_label=\u00bbAbout Section\u00bb _builder_version=\u00bb4.16&#8243; custom_padding=\u00bb5px|0px|5px|0px|true|false\u00bb global_colors_info=\u00bb{}\u00bb][et_pb_row column_structure=\u00bb1_2,1_2&#8243; admin_label=\u00bbAbout Row\u00bb _builder_version=\u00bb4.16&#8243; min_height=\u00bb376px\u00bb global_colors_info=\u00bb{}\u00bb][et_pb_column type=\u00bb1_2&#8243; _builder_version=\u00bb4.16&#8243; custom_padding=\u00bb|||\u00bb global_colors_info=\u00bb{}\u00bb custom_padding__hover=\u00bb|||\u00bb][et_pb_text _builder_version=\u00bb4.18.0&#8243; _module_preset=\u00bbdefault\u00bb text_font=\u00bbLora||||||||\u00bb text_font_size=\u00bb18px\u00bb text_line_height=\u00bb2em\u00bb text_orientation=\u00bbjustified\u00bb min_height=\u00bb362px\u00bb global_colors_info=\u00bb{}\u00bb]<\/p>\n<p>Es interesante hacer notar que, al igual que en torno a la Cofrad\u00eda de Ntra. Sra. del Carmen, se constituyeron una serie de hermandades de Pasi\u00f3n\u00a0 alrededor de Nuestra Se\u00f1ora de la Paz, imagen de gloria hasta a\u00f1os recientes, recibieron cultos penitenciales una ampl\u00edsima serie de im\u00e1genes, hoy tristemente dispersas, que desfilaban agrupadas bajo un mismo estandarte en la tarde del Jueves Santo.\u00a0<\/p>\n<p>[\/et_pb_text][\/et_pb_column][et_pb_column type=\u00bb1_2&#8243; _builder_version=\u00bb4.16&#8243; custom_padding=\u00bb|||\u00bb global_colors_info=\u00bb{}\u00bb custom_padding__hover=\u00bb|||\u00bb][et_pb_image src=\u00bbhttps:\/\/columnayesperanzalucena.es\/wp-content\/uploads\/2022\/09\/Imagen1.png\u00bb title_text=\u00bbImagen1&#8243; align=\u00bbcenter\u00bb _builder_version=\u00bb4.18.0&#8243; _module_preset=\u00bbdefault\u00bb global_colors_info=\u00bb{}\u00bb][\/et_pb_image][\/et_pb_column][\/et_pb_row][et_pb_row _builder_version=\u00bb4.18.0&#8243; _module_preset=\u00bbdefault\u00bb global_colors_info=\u00bb{}\u00bb][et_pb_column type=\u00bb4_4&#8243; _builder_version=\u00bb4.18.0&#8243; _module_preset=\u00bbdefault\u00bb global_colors_info=\u00bb{}\u00bb][et_pb_text _builder_version=\u00bb4.18.0&#8243; _module_preset=\u00bbdefault\u00bb text_font=\u00bbLora||||||||\u00bb text_font_size=\u00bb18px\u00bb text_line_height=\u00bb2em\u00bb text_orientation=\u00bbjustified\u00bb global_colors_info=\u00bb{}\u00bb]<\/p>\n<p>La sede de esta antiqu\u00edsima Cofrad\u00eda, como a\u00fan recuerdan nuestros mayores, estuvo situada en la esquina de la calle Ancha con la de Veracruz. Se trataba de una Ermita de planta rectangular, similar en sus dimensiones a la de la Aurora, con varios altares laterales y un Altar Mayor con retablo dorado y camar\u00edn, que cobijaba la imagen de la Titular con el Ni\u00f1o en sus brazos; (Hoy este ni\u00f1o de bell\u00edsima talla se encuentra en poder de una devota en la ciudad de Barcelona). Los altares menores o \u201curnas\u201d ostentaban sucesivamente un San Jos\u00e9, que se llev\u00f3 a la ermita de San Crist\u00f3bal a mediados del siglo pasado siendo sustituido por la imagen de San Juan de Dios; otro altar dedicado a San Crisp\u00edn, (probablemente el que hoy existe en los Franciscanos); un Cristo crucificado, \u201cEl de la Buena Muerte\u201d, cuyo paradero se ignora, ocupaba otra hornacina; segu\u00eda la de Ntro. Padre Jes\u00fas en su Sagrado Lavatorio, paso suficientemente conocido por la magistral talla de la cabeza de San Pedro Ap\u00f3stol. La imagen de Jes\u00fas Ca\u00eddo, tambi\u00e9n pertenec\u00eda a esta cofrad\u00eda, as\u00ed como la preciosa talla de Ntra. Sra. De las Angustias, atribuida recientemente al imaginero Astorga; terminando por la joya escult\u00f3rica de Nuestra Semana Santa:\u00a0<em>Ntro. Padre Jes\u00fas Amarrado a la Columna<\/em>, obra maestra de Pedro Rold\u00e1n, fechada alrededor de 1675.<\/p>\n<p>[\/et_pb_text][\/et_pb_column][\/et_pb_row][et_pb_row column_structure=\u00bb1_2,1_2&#8243; _builder_version=\u00bb4.18.0&#8243; _module_preset=\u00bbdefault\u00bb global_colors_info=\u00bb{}\u00bb][et_pb_column type=\u00bb1_2&#8243; _builder_version=\u00bb4.18.0&#8243; _module_preset=\u00bbdefault\u00bb global_colors_info=\u00bb{}\u00bb][et_pb_text _builder_version=\u00bb4.18.0&#8243; _module_preset=\u00bbdefault\u00bb text_font=\u00bbLora||||||||\u00bb text_font_size=\u00bb18px\u00bb text_line_height=\u00bb2em\u00bb text_orientation=\u00bbjustified\u00bb min_height=\u00bb572px\u00bb custom_margin=\u00bb|-322px||||\u00bb global_colors_info=\u00bb{}\u00bb]<\/p>\n<p>Evidentemente, todo este acervo imaginero hubo de nacer de un potencial humano y econ\u00f3mico boyantes en el siglo XVII. Uno de los modos de recaudar fondos que dispusieron esta cofrad\u00eda fue la explotaci\u00f3n del primer corral de comed\u00edas del Reino de C\u00f3rdoba y que pose\u00eda en la calle Veracruz, siendo inaugurado el 7 de Octubre de 1667.<\/p>\n<p>Si el siglo XVII vio la adquisici\u00f3n\u00a0 de las im\u00e1genes, el XVIII conoci\u00f3 el ornato de la Capilla que, seg\u00fan testimonios de \u00e9poca estaba abierta al culto todos los d\u00edas y serv\u00eda eficientemente las necesidades religiosas de un amplio sector de Nuestra ciudad<\/p>\n<p>La decadencia debi\u00f3 iniciarse en los primeros a\u00f1os del siglo XIX, hasta que por el Hermano Mayor D. Enrique de Guzm\u00e1n \u201cel Bueno\u201d, se emprendi\u00f3 una nueva etapa, elabor\u00e1ndose estatutos que regir\u00edan hasta su paulatina extinci\u00f3n a finales del siglo anterior. Esta \u00e9poca contempl\u00f3 la dispersi\u00f3n de sus im\u00e1genes o \u201cpasos\u201d, los cuales, dado el mal estado de la Ermita y sus reducidas dimensiones, pasaron a ser custodiadas en las casas particulares de sus respectivos cuadrilleros. El arreglo Parroquial de 1891, que dio lugar a la constituci\u00f3n de las cuatro parroquias actuales, origin\u00f3 la concentraci\u00f3n de cultos en Santiago y el abandono o cierre de muchas ermitas lucentinas eliminando as\u00ed un modo de cohesi\u00f3n de las cofrad\u00edas.<\/p>\n<p>&nbsp;<\/p>\n<p>[\/et_pb_text][\/et_pb_column][et_pb_column type=\u00bb1_2&#8243; _builder_version=\u00bb4.18.0&#8243; _module_preset=\u00bbdefault\u00bb global_colors_info=\u00bb{}\u00bb][et_pb_image src=\u00bbhttps:\/\/columnayesperanzalucena.es\/wp-content\/uploads\/2022\/09\/Imagen2.jpg\u00bb title_text=\u00bbImagen2&#8243; align=\u00bbright\u00bb _builder_version=\u00bb4.18.0&#8243; _module_preset=\u00bbdefault\u00bb custom_margin=\u00bb120px|10px|120px|10px|true|true\u00bb global_colors_info=\u00bb{}\u00bb][\/et_pb_image][\/et_pb_column][\/et_pb_row][et_pb_row column_structure=\u00bb1_4,3_4&#8243; _builder_version=\u00bb4.18.0&#8243; _module_preset=\u00bbdefault\u00bb custom_padding=\u00bb17px|||||\u00bb global_colors_info=\u00bb{}\u00bb][et_pb_column type=\u00bb1_4&#8243; _builder_version=\u00bb4.18.0&#8243; _module_preset=\u00bbdefault\u00bb global_colors_info=\u00bb{}\u00bb][et_pb_image src=\u00bbhttps:\/\/columnayesperanzalucena.es\/wp-content\/uploads\/2022\/09\/Imagen3.jpg\u00bb title_text=\u00bbImagen3&#8243; _builder_version=\u00bb4.18.0&#8243; _module_preset=\u00bbdefault\u00bb width=\u00bb125%\u00bb custom_margin=\u00bb170px|-20px|170px|-20px|true|true\u00bb global_colors_info=\u00bb{}\u00bb][\/et_pb_image][\/et_pb_column][et_pb_column type=\u00bb3_4&#8243; _builder_version=\u00bb4.18.0&#8243; _module_preset=\u00bbdefault\u00bb global_colors_info=\u00bb{}\u00bb][et_pb_text _builder_version=\u00bb4.18.0&#8243; _module_preset=\u00bbdefault\u00bb text_font=\u00bbLora||||||||\u00bb text_font_size=\u00bb18px\u00bb text_line_height=\u00bb2em\u00bb text_orientation=\u00bbjustified\u00bb width=\u00bb100.4%\u00bb min_height=\u00bb572px\u00bb custom_margin=\u00bb|-65px||||\u00bb custom_padding=\u00bb|9px||||\u00bb global_colors_info=\u00bb{}\u00bb]<\/p>\n<p>Se cerraba as\u00ed un largo cap\u00edtulo que no se volver\u00eda a abrir hasta que, en el a\u00f1o 1923, revitalizado el concepto cofradiero y pujante la casi naciente santer\u00eda, se constituy\u00f3, ya con sede en la Iglesia Parroquial de Santiago, la Hermandad y Cofrad\u00eda de Nazarenos de Ntro. Padre Jes\u00fas de la Columna, desgajada ya la rama del viejo \u00e1rbol frondoso de la Cofrad\u00eda de la Paz.<\/p>\n<p>El Cristo de la Columna entraba as\u00ed, solo, en nuestra Semana Santa, de la mano de su primer Hermano Mayor D. Juan Torres Manj\u00f3n-Cabeza, y gracias al esfuerzo de un nutrido grupo de cofrades que tuvieron conciencia de los valores devocionales y art\u00edsticos de esta joya de la imaginer\u00eda. Los dise\u00f1os del escudo y de las t\u00fanicas se debieron a D. Jos\u00e9 Garc\u00eda Aznar.<\/p>\n<p>Especialmente significativo para el desarrollo posterior de la Cofrad\u00eda, es el haber incluido como Titular, en 1954, a la Virgen de la Paz, transformada en Virgen de Pasi\u00f3n y a\u00f1adi\u00e9ndole el t\u00edtulo de Esperanza.\u00a0<\/p>\n<p>Esta imagen fue sustituida por otra nueva en el a\u00f1o 1981, obra del escultor D. Jos\u00e9 Rivera Garc\u00eda siendo bendecida por el Sr. Vicario de la di\u00f3cesis D. Pedro G\u00f3mez Carrillo, el 19 de marzo de ese mismo a\u00f1o. A\u00f1os m\u00e1s tarde, fue sustituida Nuestra Titular gracias a la donaci\u00f3n de una nueva iconograf\u00eda mariana por un hermano devoto de nuestra cofrad\u00eda, obra del escultor Miguel \u00c1ngel Gonz\u00e1lez Jurado. Dicha imagen fue bendecida por el P\u00e1rroco de Santiago y consiliario de la cofrad\u00eda, D. Francisco Mesa L\u00f3pez en 1992.<\/p>\n<p>[\/et_pb_text][\/et_pb_column][\/et_pb_row][\/et_pb_section][et_pb_section fb_built=\u00bb1&#8243; admin_label=\u00bbAccordion Section\u00bb _builder_version=\u00bb4.16&#8243; custom_padding=\u00bb5px|0px|5px|0px|true|false\u00bb global_colors_info=\u00bb{}\u00bb][et_pb_row column_structure=\u00bb1_2,1_2&#8243; admin_label=\u00bbAccordion Row\u00bb _builder_version=\u00bb4.16&#8243; width=\u00bb100%\u00bb max_width=\u00bb100%\u00bb custom_margin=\u00bb|||\u00bb use_custom_width=\u00bbon\u00bb width_unit=\u00bboff\u00bb custom_width_percent=\u00bb100%\u00bb global_colors_info=\u00bb{}\u00bb][et_pb_column type=\u00bb1_2&#8243; _builder_version=\u00bb4.16&#8243; custom_padding=\u00bb|||\u00bb custom_padding_tablet=\u00bb|10%||10%||true\u00bb custom_padding_phone=\u00bb|10%||10%||true\u00bb custom_padding_last_edited=\u00bbon|tablet\u00bb global_colors_info=\u00bb{}\u00bb padding_tablet=\u00bb|10%||10%||true\u00bb padding_last_edited=\u00bbon|tablet\u00bb custom_padding__hover=\u00bb|||\u00bb padding_phone=\u00bb|10%||10%||true\u00bb][et_pb_image src=\u00bbhttps:\/\/columnayesperanzalucena.es\/wp-content\/uploads\/2022\/09\/C-O-L-U-M-N-A-01.-2-scaled.jpg\u00bb title_text=\u00bbC O L U M N A 01.\u00bb align_tablet=\u00bbcenter\u00bb align_phone=\u00bbcenter\u00bb align_last_edited=\u00bbon|desktop\u00bb _builder_version=\u00bb4.18.0&#8243; width=\u00bb91.1%\u00bb custom_padding=\u00bb|0px||387px||\u00bb border_radii=\u00bbon|23px|23px|23px|23px\u00bb box_shadow_style=\u00bbpreset2&#8243; box_shadow_horizontal=\u00bb-80px\u00bb box_shadow_vertical=\u00bb42px\u00bb box_shadow_blur=\u00bb80px\u00bb global_colors_info=\u00bb{}\u00bb][\/et_pb_image][\/et_pb_column][et_pb_column type=\u00bb1_2&#8243; _builder_version=\u00bb4.16&#8243; custom_padding=\u00bb|||\u00bb custom_padding_tablet=\u00bb60px|10%||10%||true\u00bb custom_padding_phone=\u00bb60px|10%||10%||true\u00bb custom_padding_last_edited=\u00bbon|tablet\u00bb global_colors_info=\u00bb{}\u00bb padding_tablet=\u00bb60px|10%||10%||true\u00bb padding_last_edited=\u00bbon|tablet\u00bb custom_padding__hover=\u00bb|||\u00bb padding_phone=\u00bb60px|10%||10%||true\u00bb][et_pb_text _builder_version=\u00bb4.18.0&#8243; _module_preset=\u00bbdefault\u00bb text_font=\u00bbLora||||||||\u00bb text_font_size=\u00bb18px\u00bb text_line_height=\u00bb2em\u00bb link_font=\u00bb||||||||\u00bb ul_font=\u00bb||||||||\u00bb ol_font=\u00bb||||||||\u00bb quote_font=\u00bb||||||||\u00bb header_font=\u00bb||||||||\u00bb header_2_font=\u00bbLora|700|||||||\u00bb header_2_font_size=\u00bb50px\u00bb header_2_line_height=\u00bb1.5em\u00bb header_5_font=\u00bbOswald|||on|||||\u00bb header_5_text_color=\u00bbrgba(0,0,0,0.4)\u00bb header_5_font_size=\u00bb20px\u00bb header_5_letter_spacing=\u00bb3px\u00bb text_orientation=\u00bbjustified\u00bb max_width=\u00bb492px\u00bb max_width_tablet=\u00bb492px\u00bb max_width_phone=\u00bb492px\u00bb max_width_last_edited=\u00bbon|phone\u00bb custom_margin=\u00bb|34px||||\u00bb custom_padding=\u00bb|10px||||\u00bb global_colors_info=\u00bb{}\u00bb]<\/p>\n<p>En el a\u00f1o 1970 esta Cofrad\u00eda pasaba por momentos dif\u00edciles y de bajo esplendor, estando casi disuelta. Se hizo cargo de la misma D. Antonio Arjona Castilla, que encarg\u00f3 la restauraci\u00f3n de la imagen del Cristo al escultor D. Jos\u00e9 Rivera Garc\u00eda en el a\u00f1o 1971. Dentro del mandato del Sr. Arjona Castilla, se encarg\u00f3 la realizaci\u00f3n del trono de la Virgen, obra de los orfebres lucentinos Hnos. Angulo.<\/p>\n<p>\u00a0A partir de este a\u00f1o, la Cofrad\u00eda fue resurgiendo de nuevo y alcanzando poco a poco un gran esplendor gracias al esfuerzo de un nutrido grupo de cofrades entre los que hay que destacar a D. Abundio Mora Verdejo, actual miembro de la Junta de Gobierno.<\/p>\n<p>As\u00ed pues, la Hermandad y Cofrad\u00eda de Nuestro Padre Jes\u00fas de la Columna y Mar\u00eda Sant\u00edsima de la Paz y Esperanza, se ha constituido en una pieza fundamental de la Semana Santa lucentina.<\/p>\n<p>[\/et_pb_text][\/et_pb_column][\/et_pb_row][\/et_pb_section][et_pb_section fb_built=\u00bb1&#8243; next_background_color=\u00bb#232220&#8243; _builder_version=\u00bb4.18.0&#8243; use_background_color_gradient=\u00bbon\u00bb background_color_gradient_direction=\u00bb270deg\u00bb background_color_gradient_stops=\u00bbrgba(255,255,255,0.5) 0%|rgba(255,255,255,0) 99%\u00bb background_color_gradient_overlays_image=\u00bbon\u00bb background_color_gradient_start=\u00bb#ffffff\u00bb background_color_gradient_end=\u00bbrgba(255,255,255,0)\u00bb background_image=\u00bbhttps:\/\/columnayesperanzalucena.es\/wp-content\/uploads\/2022\/09\/C-O-L-U-M-N-A-19.-scaled.jpg\u00bb custom_padding=\u00bb0px|0px|400px|0px|false|false\u00bb bottom_divider_style=\u00bbramp\u00bb global_colors_info=\u00bb{}\u00bb][\/et_pb_section][et_pb_section fb_built=\u00bb1&#8243; admin_label=\u00bbFooter Section\u00bb _builder_version=\u00bb4.18.0&#8243; background_color=\u00bb#232220&#8243; use_background_color_gradient=\u00bbon\u00bb background_color_gradient_stops=\u00bb#232220 25%|rgba(35,34,32,0.13) 100%\u00bb background_color_gradient_overlays_image=\u00bbon\u00bb background_color_gradient_start=\u00bb#232220&#8243; background_color_gradient_start_position=\u00bb25%\u00bb background_color_gradient_end=\u00bbrgba(35,34,32,0.13)\u00bb background_image=\u00bbhttps:\/\/columnayesperanzalucena.es\/wp-content\/uploads\/2022\/09\/IMG_6703.jpg\u00bb custom_padding=\u00bb9px|0px|9px|0px|true|false\u00bb saved_tabs=\u00bball\u00bb global_colors_info=\u00bb{}\u00bb][et_pb_row column_structure=\u00bb1_4,1_2,1_4&#8243; admin_label=\u00bbSubscribe\u00bb _builder_version=\u00bb4.18.0&#8243; custom_margin=\u00bb|||\u00bb custom_padding=\u00bb|||\u00bb animation_style=\u00bbzoom\u00bb animation_intensity_zoom=\u00bb5%\u00bb global_colors_info=\u00bb{}\u00bb][et_pb_column type=\u00bb1_4&#8243; _builder_version=\u00bb4.16&#8243; custom_padding=\u00bb|||\u00bb global_colors_info=\u00bb{}\u00bb custom_padding__hover=\u00bb|||\u00bb][et_pb_button button_url=\u00bb@ET-DC@eyJkeW5hbWljIjp0cnVlLCJjb250ZW50IjoicG9zdF9saW5rX3VybF9wYWdlIiwic2V0dGluZ3MiOnsicG9zdF9pZCI6IjQ4OCJ9fQ==@\u00bb button_text=\u00bbHAZTE HERMANO\u00bb button_alignment=\u00bbcenter\u00bb _builder_version=\u00bb4.18.0&#8243; _dynamic_attributes=\u00bbbutton_url\u00bb _module_preset=\u00bbdefault\u00bb custom_button=\u00bbon\u00bb button_text_color=\u00bb#FFFFFF\u00bb button_bg_color=\u00bb#ad2d16&#8243; button_border_width=\u00bb0px\u00bb button_border_radius=\u00bb33px\u00bb button_font=\u00bb|700|||||||\u00bb button_text_shadow_style=\u00bbpreset1&#8243; global_colors_info=\u00bb{}\u00bb locked=\u00bboff\u00bb][\/et_pb_button][\/et_pb_column][et_pb_column type=\u00bb1_2&#8243; _builder_version=\u00bb4.16&#8243; custom_padding=\u00bb|||\u00bb global_colors_info=\u00bb{}\u00bb custom_padding__hover=\u00bb|||\u00bb][et_pb_social_media_follow _builder_version=\u00bb4.18.0&#8243; text_orientation=\u00bbcenter\u00bb custom_margin=\u00bb36px|||||\u00bb global_colors_info=\u00bb{}\u00bb][et_pb_social_media_follow_network social_network=\u00bbfacebook\u00bb url=\u00bbhttps:\/\/www.facebook.com\/Cofrad%C3%ADa-de-Ntro-Padre-Jes%C3%BAs-de-la-Columna-1634878340090329\/\u00bb _builder_version=\u00bb4.18.0&#8243; background_color=\u00bbrgba(255,255,255,0.1)\u00bb custom_margin=\u00bb|10px||10px\u00bb custom_padding=\u00bb20px|20px|20px|20px\u00bb border_radii=\u00bbon|50px|50px|50px|50px\u00bb global_colors_info=\u00bb{}\u00bb follow_button=\u00bboff\u00bb url_new_window=\u00bbon\u00bb]facebook[\/et_pb_social_media_follow_network][et_pb_social_media_follow_network social_network=\u00bbtwitter\u00bb url=\u00bbhttps:\/\/twitter.com\/lacolumnalucena\u00bb _builder_version=\u00bb4.18.0&#8243; background_color=\u00bbrgba(255,255,255,0.1)\u00bb custom_margin=\u00bb|10px||10px\u00bb custom_padding=\u00bb20px|20px|20px|20px\u00bb border_radii=\u00bbon|50px|50px|50px|50px\u00bb global_colors_info=\u00bb{}\u00bb follow_button=\u00bboff\u00bb url_new_window=\u00bbon\u00bb]twitter[\/et_pb_social_media_follow_network][et_pb_social_media_follow_network social_network=\u00bbinstagram\u00bb url=\u00bbhttps:\/\/www.instagram.com\/columna_esperanza\/\u00bb _builder_version=\u00bb4.18.0&#8243; background_color=\u00bbrgba(255,255,255,0.1)\u00bb custom_margin=\u00bb|10px||10px\u00bb custom_padding=\u00bb20px|20px|20px|20px\u00bb border_radii=\u00bbon|50px|50px|50px|50px\u00bb global_colors_info=\u00bb{}\u00bb follow_button=\u00bboff\u00bb url_new_window=\u00bbon\u00bb]instagram[\/et_pb_social_media_follow_network][et_pb_social_media_follow_network social_network=\u00bbyoutube\u00bb _builder_version=\u00bb4.16&#8243; background_color=\u00bbrgba(255,255,255,0.1)\u00bb custom_margin=\u00bb|10px||10px\u00bb custom_padding=\u00bb20px|20px|20px|20px\u00bb border_radii=\u00bbon|50px|50px|50px|50px\u00bb global_colors_info=\u00bb{}\u00bb follow_button=\u00bboff\u00bb url_new_window=\u00bbon\u00bb]youtube[\/et_pb_social_media_follow_network][\/et_pb_social_media_follow][\/et_pb_column][et_pb_column type=\u00bb1_4&#8243; _builder_version=\u00bb4.16&#8243; custom_padding=\u00bb|||\u00bb global_colors_info=\u00bb{}\u00bb custom_padding__hover=\u00bb|||\u00bb][et_pb_button button_url=\u00bb@ET-DC@eyJkeW5hbWljIjp0cnVlLCJjb250ZW50IjoicG9zdF9saW5rX3VybF9wYWdlIiwic2V0dGluZ3MiOnsicG9zdF9pZCI6IjY5NCJ9fQ==@\u00bb button_text=\u00bbDONATIVO\u00bb button_alignment=\u00bbcenter\u00bb _builder_version=\u00bb4.18.0&#8243; _dynamic_attributes=\u00bbbutton_url\u00bb _module_preset=\u00bbdefault\u00bb custom_button=\u00bbon\u00bb button_text_color=\u00bb#FFFFFF\u00bb button_bg_color=\u00bb#ad2d16&#8243; button_border_width=\u00bb0px\u00bb button_border_radius=\u00bb33px\u00bb button_font=\u00bb|700|||||||\u00bb hover_enabled=\u00bb0&#8243; button_text_shadow_style=\u00bbpreset1&#8243; global_colors_info=\u00bb{}\u00bb locked=\u00bboff\u00bb sticky_enabled=\u00bb0&#8243;][\/et_pb_button][\/et_pb_column][\/et_pb_row][\/et_pb_section]<\/p>\n","protected":false},"excerpt":{"rendered":"<p>desde 1558 nuestra historia Pocas Cofrad\u00edas lucentinas han sido tan pr\u00f3digas en frutos nunca, a pesar de su extinci\u00f3n, como la Venerable de Mar\u00eda Sant\u00edsima de la Paz\u00a0 y Congregaci\u00f3n de la Santa Veracruz, Oraci\u00f3n y Buena Muerte, de esta ciudad de Lucena. Su erecci\u00f3n can\u00f3nica, seg\u00fan Ram\u00edrez de Luque, se verific\u00f3 el 2 de [&hellip;]<\/p>\n","protected":false},"author":1,"featured_media":0,"parent":0,"menu_order":0,"comment_status":"closed","ping_status":"closed","template":"","meta":{"_et_pb_use_builder":"on","_et_pb_old_content":"","_et_gb_content_width":"","footnotes":""},"class_list":["post-78","page","type-page","status-publish","hentry"],"jetpack_sharing_enabled":true,"_links":{"self":[{"href":"https:\/\/columnayesperanzalucena.es\/index.php?rest_route=\/wp\/v2\/pages\/78","targetHints":{"allow":["GET"]}}],"collection":[{"href":"https:\/\/columnayesperanzalucena.es\/index.php?rest_route=\/wp\/v2\/pages"}],"about":[{"href":"https:\/\/columnayesperanzalucena.es\/index.php?rest_route=\/wp\/v2\/types\/page"}],"author":[{"embeddable":true,"href":"https:\/\/columnayesperanzalucena.es\/index.php?rest_route=\/wp\/v2\/users\/1"}],"replies":[{"embeddable":true,"href":"https:\/\/columnayesperanzalucena.es\/index.php?rest_route=%2Fwp%2Fv2%2Fcomments&post=78"}],"version-history":[{"count":18,"href":"https:\/\/columnayesperanzalucena.es\/index.php?rest_route=\/wp\/v2\/pages\/78\/revisions"}],"predecessor-version":[{"id":797,"href":"https:\/\/columnayesperanzalucena.es\/index.php?rest_route=\/wp\/v2\/pages\/78\/revisions\/797"}],"wp:attachment":[{"href":"https:\/\/columnayesperanzalucena.es\/index.php?rest_route=%2Fwp%2Fv2%2Fmedia&parent=78"}],"curies":[{"name":"wp","href":"https:\/\/api.w.org\/{rel}","templated":true}]}}