{"id":694,"date":"2022-10-25T15:29:03","date_gmt":"2022-10-25T15:29:03","guid":{"rendered":"https:\/\/columnayesperanzalucena.es\/?page_id=694"},"modified":"2022-10-25T17:08:30","modified_gmt":"2022-10-25T17:08:30","slug":"donativo","status":"publish","type":"page","link":"https:\/\/columnayesperanzalucena.es\/?page_id=694","title":{"rendered":"DONATIVOS"},"content":{"rendered":"<p>[et_pb_section fb_built=\u00bb1&#8243; next_background_color=\u00bb#ffffff\u00bb _builder_version=\u00bb4.18.0&#8243; background_color=\u00bb#232220&#8243; use_background_color_gradient=\u00bbon\u00bb background_color_gradient_stops=\u00bb#232220 0%|rgba(255,255,255,0) 100%\u00bb background_color_gradient_overlays_image=\u00bbon\u00bb background_color_gradient_start=\u00bb#232220&#8243; background_color_gradient_end=\u00bbrgba(255,255,255,0)\u00bb background_image=\u00bbhttps:\/\/columnayesperanzalucena.es\/wp-content\/uploads\/2022\/09\/C-O-L-U-M-N-A-03.-scaled.jpg\u00bb custom_padding=\u00bb0|0px|120px|0px|false|false\u00bb bottom_divider_style=\u00bbramp\u00bb locked=\u00bboff\u00bb global_colors_info=\u00bb{}\u00bb][\/et_pb_section][et_pb_section fb_built=\u00bb1&#8243; _builder_version=\u00bb4.18.0&#8243; _module_preset=\u00bbdefault\u00bb global_colors_info=\u00bb{}\u00bb][et_pb_row _builder_version=\u00bb4.18.0&#8243; _module_preset=\u00bbdefault\u00bb global_colors_info=\u00bb{}\u00bb][et_pb_column type=\u00bb4_4&#8243; _builder_version=\u00bb4.18.0&#8243; _module_preset=\u00bbdefault\u00bb global_colors_info=\u00bb{}\u00bb][et_pb_text _builder_version=\u00bb4.18.0&#8243; _module_preset=\u00bbdefault\u00bb custom_padding=\u00bb||0px|||\u00bb inline_fonts=\u00bbTimes New Roman\u00bb global_colors_info=\u00bb{}\u00bb]<\/p>\n<h2 style=\"text-align: center;\"><span style=\"color: #000000; font-size: xx-large; font-family: 'Times New Roman'; font-weight: normal;\"><strong>DONATIVOS<\/strong><\/span><\/h2>\n<p><span style=\"color: #000000;\"><\/span><\/p>\n<p><span style=\"color: #000000;\"><\/span><\/p>\n<p><span style=\"color: #000000;\">Si desea colaborar econ\u00f3micamente con la Cofrad\u00eda de Nuestro Padre Jes\u00fas de la Columna y Mar\u00eda Sant\u00edsima de la Paz y Esperanza para el cumplimiento de sus fines propios, Formaci\u00f3n, Culto y Caridad, puede realizar su donativo en el enlace que se adjunta a continuaci\u00f3n.<\/span><\/p>\n<p><span style=\"color: #000000;\">Gracias por tu ayuda.<\/span><\/p>\n<p>[\/et_pb_text][\/et_pb_column][\/et_pb_row][et_pb_row _builder_version=\u00bb4.18.0&#8243; _module_preset=\u00bbdefault\u00bb global_colors_info=\u00bb{}\u00bb][et_pb_column type=\u00bb4_4&#8243; _builder_version=\u00bb4.18.0&#8243; _module_preset=\u00bbdefault\u00bb global_colors_info=\u00bb{}\u00bb][et_pb_code _builder_version=\u00bb4.18.0&#8243; _module_preset=\u00bbdefault\u00bb text_orientation=\u00bbcenter\u00bb global_colors_info=\u00bb{}\u00bb]<\/p>\n<form action=\"https:\/\/www.paypal.com\/donate\" method=\"post\" target=\"_top\"><!-- [et_pb_line_break_holder] --><input type=\"hidden\" name=\"hosted_button_id\" value=\"4BVTVCZ83KVK6\" \/><!-- [et_pb_line_break_holder] --><input type=\"image\" src=\"https:\/\/www.paypalobjects.com\/es_ES\/ES\/i\/btn\/btn_donateCC_LG.gif\" border=\"0\" name=\"submit\" title=\"PayPal - The safer, easier way to pay online!\" alt=\"Bot\u00f3n\u00a0Donar con PayPal\" \/><!-- [et_pb_line_break_holder] --><img loading=\"lazy\" decoding=\"async\" alt=\"\" border=\"0\" src=\"https:\/\/www.paypal.com\/es_ES\/i\/scr\/pixel.gif\" width=\"1\" height=\"1\" \/><!-- [et_pb_line_break_holder] --><\/form>\n<p><!-- [et_pb_line_break_holder] -->[\/et_pb_code][\/et_pb_column][\/et_pb_row][et_pb_row _builder_version=\u00bb4.18.0&#8243; _module_preset=\u00bbdefault\u00bb][et_pb_column _builder_version=\u00bb4.18.0&#8243; _module_preset=\u00bbdefault\u00bb type=\u00bb4_4&#8243;][et_pb_text _builder_version=\u00bb4.18.0&#8243; _module_preset=\u00bbdefault\u00bb hover_enabled=\u00bb0&#8243; sticky_enabled=\u00bb0&#8243;]<\/p>\n<p>Si lo prefieres, escanea el c\u00f3digo QR que se adjunta a continuac\u00edon y accede directamente a la p\u00e1gina de Donativos. Muchas gracias.\u00a0<\/p>\n<p>[\/et_pb_text][\/et_pb_column][\/et_pb_row][et_pb_row _builder_version=\u00bb4.18.0&#8243; _module_preset=\u00bbdefault\u00bb][et_pb_column _builder_version=\u00bb4.18.0&#8243; _module_preset=\u00bbdefault\u00bb type=\u00bb4_4&#8243;][et_pb_image src=\u00bbhttps:\/\/columnayesperanzalucena.es\/wp-content\/uploads\/2022\/10\/Codigo-QR.png\u00bb _builder_version=\u00bb4.18.0&#8243; _module_preset=\u00bbdefault\u00bb title_text=\u00bbC\u00f3digo QR\u00bb align=\u00bbcenter\u00bb hover_enabled=\u00bb0&#8243; sticky_enabled=\u00bb0&#8243;][\/et_pb_image][\/et_pb_column][\/et_pb_row][\/et_pb_section]<\/p>\n","protected":false},"excerpt":{"rendered":"<p>DONATIVOS Si desea colaborar econ\u00f3micamente con la Cofrad\u00eda de Nuestro Padre Jes\u00fas de la Columna y Mar\u00eda Sant\u00edsima de la Paz y Esperanza para el cumplimiento de sus fines propios, Formaci\u00f3n, Culto y Caridad, puede realizar su donativo en el enlace que se adjunta a continuaci\u00f3n. Gracias por tu ayuda.Si lo prefieres, escanea el c\u00f3digo [&hellip;]<\/p>\n","protected":false},"author":1,"featured_media":0,"parent":0,"menu_order":0,"comment_status":"closed","ping_status":"closed","template":"","meta":{"_et_pb_use_builder":"on","_et_pb_old_content":"","_et_gb_content_width":"","footnotes":""},"class_list":["post-694","page","type-page","status-publish","hentry"],"jetpack_sharing_enabled":true,"_links":{"self":[{"href":"https:\/\/columnayesperanzalucena.es\/index.php?rest_route=\/wp\/v2\/pages\/694","targetHints":{"allow":["GET"]}}],"collection":[{"href":"https:\/\/columnayesperanzalucena.es\/index.php?rest_route=\/wp\/v2\/pages"}],"about":[{"href":"https:\/\/columnayesperanzalucena.es\/index.php?rest_route=\/wp\/v2\/types\/page"}],"author":[{"embeddable":true,"href":"https:\/\/columnayesperanzalucena.es\/index.php?rest_route=\/wp\/v2\/users\/1"}],"replies":[{"embeddable":true,"href":"https:\/\/columnayesperanzalucena.es\/index.php?rest_route=%2Fwp%2Fv2%2Fcomments&post=694"}],"version-history":[{"count":5,"href":"https:\/\/columnayesperanzalucena.es\/index.php?rest_route=\/wp\/v2\/pages\/694\/revisions"}],"predecessor-version":[{"id":704,"href":"https:\/\/columnayesperanzalucena.es\/index.php?rest_route=\/wp\/v2\/pages\/694\/revisions\/704"}],"wp:attachment":[{"href":"https:\/\/columnayesperanzalucena.es\/index.php?rest_route=%2Fwp%2Fv2%2Fmedia&parent=694"}],"curies":[{"name":"wp","href":"https:\/\/api.w.org\/{rel}","templated":true}]}}