{"id":3,"date":"2022-09-14T09:32:40","date_gmt":"2022-09-14T09:32:40","guid":{"rendered":"http:\/\/columnayesperanzalucena.es\/?page_id=3"},"modified":"2022-10-13T11:00:24","modified_gmt":"2022-10-13T11:00:24","slug":"privacy-policy","status":"publish","type":"page","link":"https:\/\/columnayesperanzalucena.es\/?page_id=3","title":{"rendered":"POLITICA DE PRIVACIDAD"},"content":{"rendered":"[et_pb_section fb_built=\u00bb1&#8243; admin_label=\u00bbsection\u00bb _builder_version=\u00bb4.16&#8243; global_colors_info=\u00bb{}\u00bb][et_pb_row admin_label=\u00bbrow\u00bb _builder_version=\u00bb4.16&#8243; background_size=\u00bbinitial\u00bb background_position=\u00bbtop_left\u00bb background_repeat=\u00bbrepeat\u00bb global_colors_info=\u00bb{}\u00bb][et_pb_column type=\u00bb4_4&#8243; _builder_version=\u00bb4.16&#8243; custom_padding=\u00bb|||\u00bb global_colors_info=\u00bb{}\u00bb custom_padding__hover=\u00bb|||\u00bb][et_pb_text admin_label=\u00bbText\u00bb _builder_version=\u00bb4.18.0&#8243; background_size=\u00bbinitial\u00bb background_position=\u00bbtop_left\u00bb background_repeat=\u00bbrepeat\u00bb text_orientation=\u00bbjustified\u00bb hover_enabled=\u00bb0&#8243; global_colors_info=\u00bb{}\u00bb sticky_enabled=\u00bb0&#8243;]<h2 class=\"elementor-heading-title elementor-size-default\"><span style=\"color: #54008c;\">||<\/span> Pol\u00edtica de privacidad<\/h2>\n<p>Mediante el\u00a0<a href=\"https:\/\/columnayesperanzalucena.es\/?page_id=576\">\u201cAviso legal\u201d<\/a> de este sitio web y la siguiente pol\u00edtica de privacidad, la Cofrad\u00eda de Nuestro Padre Jes\u00fas de la Columna y Mar\u00eda Sant\u00edsima de la Paz y Esperanza (En adelante la Cofrad\u00eda) y Casa Hermandad en \u00a0Llanete Cristo de la Columna, 14900 Lucena (C\u00f3rdoba), con CIF R1400515A, informa a los usuarios de este sitio web de su pol\u00edtica de privacidad, y describe qu\u00e9 datos recoge, c\u00f3mo los utiliza, las opciones de los usuarios en relaci\u00f3n a estos datos, sus derechos (conocidos como derechos ARCO, Acceso, Rectificaci\u00f3n, Cancelaci\u00f3n y Oposici\u00f3n y los nuevos introducidos por el RGPD, derecho al olvido, derecho a la portabilidad de los datos personales y el derecho a la limitaci\u00f3n en el tratamiento),\u00a0 la seguridad de sus datos, las comunicaciones comerciales y la modificaci\u00f3n de la\u00a0 pol\u00edtica de confidencialidad.<\/p>\n<p><\/p>\n<p><strong>La utilizaci\u00f3n de este sitio web y de cualquiera de los servicios que se incorporan en \u00e9l, supone la plena aceptaci\u00f3n de las condiciones que se presentan a continuaci\u00f3n en cuanto a su pol\u00edtica de privacidad.<\/strong><\/p>\n<p><\/p>\n<p><\/p>\n<h2 class=\"wp-block-heading\">Recogida de datos y consentimiento<\/h2>\n<p><\/p>\n<p>En cumplimiento de la Ley 15\/1999, de 13 de diciembre, de Protecci\u00f3n de Datos de Car\u00e1cter Personal (LOPD), se informa de que los datos personales que se solicitan en nuestros formularios o, que nos puedan ser facilitados por medio de nuestras direcciones de correo electr\u00f3nico, se incluir\u00e1n en nuestros ficheros de datos personales, cuya responsable y titular es la\u00a0<strong>Cofrad\u00eda<\/strong>.<\/p>\n<p><\/p>\n<p>Todos los datos recogidos ser\u00e1n tratados con la confidencialidad debida siguiendo la normativa vigente en materia de protecci\u00f3n de datos personales, al amparo de la actual LOPD, RLOPD y el RGPD.<\/p>\n<p><\/p>\n<p>Este sitio web se rige por la normativa exclusivamente aplicable al Estado espa\u00f1ol, a la que quedan sometidas las personas, tanto nacionales como extranjeras, que utilicen este sitio web.<\/p>\n<p><\/p>\n<p><\/p>\n<h2 class=\"wp-block-heading\">Finalidades del tratamiento<\/h2>\n<p><\/p>\n<p>Los datos que solicitamos son los adecuados, concretos y\u00a0 necesarios para la finalidad con la que se recogen, y no ser\u00e1n utilizados con otra distinta de aquella para la que han sido cedidos. En ning\u00fan caso el usuario est\u00e1 obligado a facilitar estos datos en este sitio web, sin embargo ha de advertirse que el no hacerlo supone la incapacidad de proveer los servicios de este sitio web de la manera prevista normalmente.<\/p>\n<p><\/p>\n<p>Este sitio web y la\u00a0<strong>Cofrad\u00eda<\/strong>, no se responsabilizan del tratamiento de los datos personales de las p\u00e1ginas web a las que el usuario pueda acceder por medio de los distintos enlaces externos que contiene nuestra p\u00e1gina web.<\/p>\n<p><\/p>\n<p>Salvo que quede indicado de forma expresa, se considerar\u00e1 necesario rellenar todos los campos de cada formulario. Estos datos ofrecidos por el usuario tendr\u00e1n que ser datos verdaderos, exactos, completos y actualizados. Todos los formularios de este sitio web se\u00f1alan de forma clara los campos de informaci\u00f3n requerida que contienen.<\/p>\n<p><\/p>\n<p>El usuario ser\u00e1 el \u00fanico responsable de cualquier da\u00f1o o perjuicio, directo e indirecto, que ocasione a\u00a0la\u00a0<strong>Cofrad\u00eda<\/strong>\u00a0o, a cualquier tercero, por rellenar los formularios con datos falsos, inexactos, incompletos o no actualizados, o con datos de terceros.<\/p>\n<p><\/p>\n<p>Nuestro sitio web obtiene los datos personales del usuario mediante la recepci\u00f3n de formularios, y por medio del correo electr\u00f3nico, con las siguientes finalidades:<\/p>\n<p><\/p>\n<p><\/p>\n<ul class=\"wp-block-list\">\n<li>Atender las diferentes\u00a0<strong>peticiones online<\/strong>\u00a0de los usuarios y Hermanos.<\/li>\n<li><strong>Publicidad:<\/strong>\u00a0Cuando la persona interesada env\u00eda los datos personales y la direcci\u00f3n electr\u00f3nica la\u00a0<strong>Cofrad\u00eda<\/strong>. Est\u00e1 autorizando expresamente su utilizaci\u00f3n a efectos de comunicaciones peri\u00f3dicas, incluidas de forma impl\u00edcita las que se realicen por correo electr\u00f3nico. El alta o registro en determinados servicios lleva consigo la obtenci\u00f3n de consentimiento expreso para la remisi\u00f3n de comunicaciones comerciales o promocionales de este sitio web. La\u00a0<strong>Cofrad\u00eda<\/strong>\u00a0facilitar\u00e1 a los usuarios de mecanismos para que, de manera sencilla y gratuita, puedan desistir del consentimiento otorgado para la finalidad del env\u00edo de comunicaciones electr\u00f3nicas, cumpliendo \u00edntegramente con la normativa europea y nacional sobre la materia referida.<\/li>\n<\/ul>\n<p><\/p>\n<p>Este sitio web y la\u00a0<strong>Cofrad\u00eda<\/strong>, se reservan el derecho de decidir la incorporaci\u00f3n, o no, de los datos personales de esas personas a sus ficheros.<\/p>\n<p><\/p>\n<p><\/p>\n<h2 class=\"wp-block-heading\">Derecho (ARCO) de acceso, rectificaci\u00f3n, cancelaci\u00f3n y oposici\u00f3n;\u00a0derecho al olvido, derecho a la portabilidad de los datos personales y el derecho a la limitaci\u00f3n en el tratamiento de los datos personales del usuario<\/h2>\n<p><\/p>\n<p>El usuario tiene derecho a acceder a sus datos personales recogidos en los ficheros de este sitio web, rectificarlos en caso de que no sean correctos, cancelarlos u oponerse a su tratamiento, en los t\u00e9rminos establecidos por la Ley, enviando un correo electr\u00f3nico\u00a0<a href=\"mailto:secretariado@columnayesperanzalucena.es\" target=\"_blank\" rel=\"noopener\">secretariado@columnayesperanzalucena.es<\/a>\u00a0o bien, mediante escrito dirigido a la Hermandad de la Columna con Casa Hermandad en Llanete Cristo de la Columna, 14900 Lucena (C\u00f3rdoba), acompa\u00f1ando siempre una fotocopia de su D.N.I, o documento acreditativo de la entidad a la que represente.<\/p>\n<p><\/p>\n<p>Adem\u00e1s, con la introducci\u00f3n del RGPD se incorporan el derecho al olvido, derecho a la portabilidad de los datos personales y el derecho a la limitaci\u00f3n en el tratamiento.<\/p>\n<p><\/p>\n<p>El derecho al olvido supone impedir, por orden del afectado, la difusi\u00f3n de informaci\u00f3n personal a trav\u00e9s de internet cuando su publicaci\u00f3n no cumple los requisitos de adecuaci\u00f3n y pertinencia previstos en la normativa. Esto abarca el derecho a limitar la difusi\u00f3n universal e indiscriminada de datos personales en los buscadores generales cuando la informaci\u00f3n es obsoleta o ya no tiene relevancia ni inter\u00e9s p\u00fablico, aunque la publicaci\u00f3n original sea leg\u00edtima.<\/p>\n<p><\/p>\n<p>El derecho a la portabilidad de datos faculta al interesado a obtener una copia de sus datos personales en un formato electr\u00f3nico estructurado y de uso habitual y transferir sus datos de un sistema de tratamiento electr\u00f3nico a otro.<\/p>\n<p><\/p>\n<p>El derecho a la limitaci\u00f3n en el tratamiento consiste la potestad de los interesados de solicitar y obtener del responsable del tratamiento o fichero, una limitaci\u00f3n del tratamiento de sus datos personales cuando se cumpla alguna de las siguientes condiciones:<\/p>\n<p><\/p>\n<p><\/p>\n<ul class=\"wp-block-list\">\n<li>El interesado impugne la exactitud de los datos personales, durante un plazo que permita al responsable verificar la exactitud de los mismos.<\/li>\n<li>El tratamiento sea il\u00edcito y el interesado se oponga a la supresi\u00f3n de los datos personales y solicite en su lugar la limitaci\u00f3n de su uso.<\/li>\n<li>El responsable ya no necesite los datos personales para los fines del tratamiento, pero el interesado los necesite para la formulaci\u00f3n, el ejercicio o la defensa de reclamaciones.<\/li>\n<li>El interesado se haya opuesto al tratamiento.<\/li>\n<\/ul>\n<p><\/p>\n<p>Es importante que, para mantener los datos personales actualizados, se informe siempre que se produzca alguna modificaci\u00f3n; en caso contrario, este sitio no responde de la veracidad de los mismos.<\/p>\n<p><\/p>\n<p>Si el usuario no cancela sus datos personales de forma expresa de los ficheros de\u00a0este sitio web, se entiende que \u00e9ste sigue interesado en que permanezcan incorporados mientras sean adecuados para la finalidad con la que se obtuvieron, y mientras\u00a0que la\u00a0Cofrad\u00eda\u00a0lo considere oportuno.<\/p>\n<p><\/p>\n<p><\/p>\n<h2 class=\"wp-block-heading\">Seguridad de los datos personales<\/h2>\n<p><\/p>\n<p>La\u00a0<strong>Cofrad\u00eda<\/strong>\u00a0informa que ha adoptado todas las medidas t\u00e9cnicas y organizativas necesarias para salvaguardar la seguridad, tal como exige la normativa vigente que regula el Reglamento de la LOPD (Real Decreto 1720\/2007, de 21 de diciembre, por el que se aprueba el Reglamento de desarrollo de la Ley Org\u00e1nica 15\/1999, de 13 de diciembre, de protecci\u00f3n de datos de car\u00e1cter personal), de los ficheros que contengan datos de car\u00e1cter personal.<\/p>\n<p><\/p>\n<p><\/p>\n<h2 class=\"wp-block-heading\">Comunicaciones comerciales por correo electr\u00f3nico<\/h2>\n<p><\/p>\n<p>En cumplimiento del art\u00edculo 21 de la Ley de Servicios de la Sociedad de la Informaci\u00f3n y Comercio electr\u00f3nico (Ley 34\/2002, de 11 de julio, de servicios de la sociedad de la informaci\u00f3n y de comercio electr\u00f3nico), que proh\u00edbe el env\u00edo de comunicaciones comerciales por medio del correo electr\u00f3nico que previamente no hayan sido autorizadas expresamente por los destinatarios, le informamos de que la aceptaci\u00f3n de estas condiciones de uso y pol\u00edtica de confidencialidad implica su autorizaci\u00f3n expresa para hacerle env\u00edos informativos, comerciales, publicitarios y promocionales, por este medio a la direcci\u00f3n facilitada. No obstante, si no desea recibir nuestras comunicaciones comerciales por medio del correo electr\u00f3nico, puede solicitar la cancelaci\u00f3n:<\/p>\n<p><\/p>\n<p><\/p>\n<ul class=\"wp-block-list\">\n<li>Pulsando el bot\u00f3n o enlace de cancelar suscripci\u00f3n (O baja del servicio) disponible en todos los emails que recibe.<\/li>\n<li>Enviando un correo electr\u00f3nico a\u00a0<a href=\"mailto:secretariariado@columnayesperanzalucena.es\" target=\"_blank\" rel=\"noopener\">secretariado@columnayesperanzalucena.es<\/a>\u00a0con el motivo\u00a0<strong>\u201cCancelar suscripci\u00f3n\u201d<\/strong>\u00a0junto con sus datos de contacto para ser identificado.<\/li>\n<li>Mediante carta escrita dirigida a la Hermandad de la Columna con Casa Hermandad en Llanete Cristo de la Columna, 14900 Lucena (C\u00f3rdoba), acompa\u00f1ando siempre una fotocopia de su D.N.I, o documento acreditativo de la entidad a la que represente.<\/li>\n<\/ul>\n<p><\/p>\n<p><\/p>\n<h2 class=\"wp-block-heading\">Modificaci\u00f3n de esta pol\u00edtica de confidencialidad<\/h2>\n<p><\/p>\n<p>La\u00a0<strong>Cofrad\u00eda<\/strong>\u00a0se reserva el derecho en el futuro de modificar su pol\u00edtica de protecci\u00f3n de datos de acuerdo con su criterio, o por causa de un cambio legislativo, jurisprudencial, o en la pr\u00e1ctica empresarial. Si\u00a0se introduce alguna modificaci\u00f3n, el nuevo texto ser\u00e1 publicado en esta misma p\u00e1gina, donde el usuario podr\u00e1 tener conocimiento de la pol\u00edtica de protecci\u00f3n de datos. En cualquier caso, la relaci\u00f3n con el usuario se regir\u00e1 por las normas previstas en el momento preciso en que se accede al sitio web y, por consiguiente, es obligatorio leerlas cada vez que nos facilite sus datos por medio de nuestra web.<\/p>\n<p><\/p>\n<p><strong>La utilizaci\u00f3n de la web atribuye a quien haga uso de ella la condici\u00f3n de Usuario, y acepta las presentes Condiciones de las que ha tenido oportunidad de tomar conocimiento.<\/strong><\/p>\n<p><\/p>[\/et_pb_text][\/et_pb_column][\/et_pb_row][et_pb_row _builder_version=\u00bb4.18.0&#8243; _module_preset=\u00bbdefault\u00bb global_colors_info=\u00bb{}\u00bb][et_pb_column type=\u00bb4_4&#8243; _builder_version=\u00bb4.18.0&#8243; _module_preset=\u00bbdefault\u00bb global_colors_info=\u00bb{}\u00bb][\/et_pb_column][\/et_pb_row][\/et_pb_section]","protected":false},"excerpt":{"rendered":"<p>|| Pol\u00edtica de privacidad Mediante el\u00a0\u201cAviso legal\u201d de este sitio web y la siguiente pol\u00edtica de privacidad, la Cofrad\u00eda de Nuestro Padre Jes\u00fas de la Columna y Mar\u00eda Sant\u00edsima de la Paz y Esperanza (En adelante la Cofrad\u00eda) y Casa Hermandad en \u00a0Llanete Cristo de la Columna, 14900 Lucena (C\u00f3rdoba), con CIF R1400515A, informa a [&hellip;]<\/p>\n","protected":false},"author":1,"featured_media":0,"parent":0,"menu_order":0,"comment_status":"closed","ping_status":"closed","template":"","meta":{"_et_pb_use_builder":"on","_et_pb_old_content":"<!-- wp:paragraph -->\n<p>Mediante el&nbsp;<a href=\"https:\/\/lasangustiascordoba.es\/aviso-legal\/\">\u201cAviso legal\u201d<\/a>&nbsp;de este sitio web y la siguiente pol\u00edtica de privacidad, la Cofrad\u00eda de Nuestro Padre Jes\u00fas de la Columna y Mar\u00eda Sant\u00edsima de la Paz y Esperanza (En adelante la&nbsp;Cofrad\u00eda)  y Casa Hermandad en &nbsp;Llanete Cristo de la Columna, 14900 Lucena (C\u00f3rdoba), informa a los usuarios de este sitio web de su pol\u00edtica de privacidad, y describe qu\u00e9 datos recoge, c\u00f3mo los utiliza, las opciones de los usuarios en relaci\u00f3n a estos datos, sus derechos (conocidos como derechos ARCO, Acceso, Rectificaci\u00f3n, Cancelaci\u00f3n y Oposici\u00f3n y los nuevos introducidos por el RGPD, derecho al olvido, derecho a la portabilidad de los datos personales y el derecho a la limitaci\u00f3n en el tratamiento),&nbsp; la seguridad de sus datos, las comunicaciones comerciales y la modificaci\u00f3n de la&nbsp; pol\u00edtica de confidencialidad.<\/p>\n<!-- \/wp:paragraph -->\n\n<!-- wp:paragraph -->\n<p><strong>La utilizaci\u00f3n de este sitio web y de cualquiera de los servicios que se incorporan en \u00e9l, supone la plena aceptaci\u00f3n de las condiciones que se presentan a continuaci\u00f3n en cuanto a su pol\u00edtica de privacidad.<\/strong><\/p>\n<!-- \/wp:paragraph -->\n\n<!-- wp:heading -->\n<h2>Recogida de datos y consentimiento<\/h2>\n<!-- \/wp:heading -->\n\n<!-- wp:paragraph -->\n<p>En cumplimiento de la Ley 15\/1999, de 13 de diciembre, de Protecci\u00f3n de Datos de Car\u00e1cter Personal (LOPD), se informa de que los datos personales que se solicitan en nuestros formularios o, que nos puedan ser facilitados por medio de nuestras direcciones de correo electr\u00f3nico, se incluir\u00e1n en nuestros ficheros de datos personales, cuya responsable y titular es la&nbsp;<strong>Cofrad\u00eda<\/strong>.<\/p>\n<!-- \/wp:paragraph -->\n\n<!-- wp:paragraph -->\n<p>Todos los datos recogidos ser\u00e1n tratados con la confidencialidad debida siguiendo la normativa vigente en materia de protecci\u00f3n de datos personales, al amparo de la actual LOPD, RLOPD y el RGPD.<\/p>\n<!-- \/wp:paragraph -->\n\n<!-- wp:paragraph -->\n<p>Este sitio web se rige por la normativa exclusivamente aplicable al Estado espa\u00f1ol, a la que quedan sometidas las personas, tanto nacionales como extranjeras, que utilicen este sitio web.<\/p>\n<!-- \/wp:paragraph -->\n\n<!-- wp:heading -->\n<h2>Finalidades del tratamiento<\/h2>\n<!-- \/wp:heading -->\n\n<!-- wp:paragraph -->\n<p>Los datos que solicitamos son los adecuados, concretos y&nbsp; necesarios para la finalidad con la que se recogen, y no ser\u00e1n utilizados con otra distinta de aquella para la que han sido cedidos. En ning\u00fan caso el usuario est\u00e1 obligado a facilitar estos datos en este sitio web, sin embargo ha de advertirse que el no hacerlo supone la incapacidad de proveer los servicios de este sitio web de la manera prevista normalmente.<\/p>\n<!-- \/wp:paragraph -->\n\n<!-- wp:paragraph -->\n<p>Este sitio web y la&nbsp;<strong>Cofrad\u00eda<\/strong>, no se responsabilizan del tratamiento de los datos personales de las p\u00e1ginas web a las que el usuario pueda acceder por medio de los distintos enlaces externos que contiene nuestra p\u00e1gina web.<\/p>\n<!-- \/wp:paragraph -->\n\n<!-- wp:paragraph -->\n<p>Salvo que quede indicado de forma expresa, se considerar\u00e1 necesario rellenar todos los campos de cada formulario. Estos datos ofrecidos por el usuario tendr\u00e1n que ser datos verdaderos, exactos, completos y actualizados. Todos los formularios de este sitio web se\u00f1alan de forma clara los campos de informaci\u00f3n requerida que contienen.<\/p>\n<!-- \/wp:paragraph -->\n\n<!-- wp:paragraph -->\n<p>El usuario ser\u00e1 el \u00fanico responsable de cualquier da\u00f1o o perjuicio, directo e indirecto, que ocasione a&nbsp;la&nbsp;<strong>Cofrad\u00eda<\/strong>&nbsp;o, a cualquier tercero, por rellenar los formularios con datos falsos, inexactos, incompletos o no actualizados, o con datos de terceros.<\/p>\n<!-- \/wp:paragraph -->\n\n<!-- wp:paragraph -->\n<p>Nuestro sitio web obtiene los datos personales del usuario mediante la recepci\u00f3n de formularios, y por medio del correo electr\u00f3nico, con las siguientes finalidades:<\/p>\n<!-- \/wp:paragraph -->\n\n<!-- wp:list -->\n<ul><li>Atender las diferentes&nbsp;<strong>peticiones online<\/strong>&nbsp;de los usuarios y Hermanos.<\/li><li><strong>Publicidad:<\/strong>&nbsp;Cuando la persona interesada env\u00eda los datos personales y la direcci\u00f3n electr\u00f3nica la&nbsp;<strong>Cofrad\u00eda<\/strong>. Est\u00e1 autorizando expresamente su utilizaci\u00f3n a efectos de comunicaciones peri\u00f3dicas, incluidas de forma impl\u00edcita las que se realicen por correo electr\u00f3nico. El alta o registro en determinados servicios lleva consigo la obtenci\u00f3n de consentimiento expreso para la remisi\u00f3n de comunicaciones comerciales o promocionales de este sitio web. La&nbsp;<strong>Cofrad\u00eda<\/strong>&nbsp;facilitar\u00e1 a los usuarios de mecanismos para que, de manera sencilla y gratuita, puedan desistir del consentimiento otorgado para la finalidad del env\u00edo de comunicaciones electr\u00f3nicas, cumpliendo \u00edntegramente con la normativa europea y nacional sobre la materia referida.<\/li><\/ul>\n<!-- \/wp:list -->\n\n<!-- wp:paragraph -->\n<p>Este sitio web y la&nbsp;<strong>Cofrad\u00eda<\/strong>, se reservan el derecho de decidir la incorporaci\u00f3n, o no, de los datos personales de esas personas a sus ficheros.<\/p>\n<!-- \/wp:paragraph -->\n\n<!-- wp:heading -->\n<h2>Derecho (ARCO) de acceso, rectificaci\u00f3n, cancelaci\u00f3n y oposici\u00f3n;&nbsp;derecho al olvido, derecho a la portabilidad de los datos personales y el derecho a la limitaci\u00f3n en el tratamiento de los datos personales del usuario<\/h2>\n<!-- \/wp:heading -->\n\n<!-- wp:paragraph -->\n<p>El usuario tiene derecho a acceder a sus datos personales recogidos en los ficheros de este sitio web, rectificarlos en caso de que no sean correctos, cancelarlos u oponerse a su tratamiento, en los t\u00e9rminos establecidos por la Ley, enviando un correo electr\u00f3nico&nbsp;<a href=\"mailto:secretariado@columnayesperanzalucena.es\" target=\"_blank\" rel=\"noopener\">secretariado@columnayesperanzalucena.es<\/a>&nbsp;o bien, mediante escrito dirigido a la Hermandad de la Columna con Casa Hermandad en Llanete Cristo de la Columna, 14900 Lucena (C\u00f3rdoba), acompa\u00f1ando siempre una fotocopia de su D.N.I, o documento acreditativo de la entidad a la que represente.<\/p>\n<!-- \/wp:paragraph -->\n\n<!-- wp:paragraph -->\n<p>Adem\u00e1s, con la introducci\u00f3n del RGPD se incorporan el derecho al olvido, derecho a la portabilidad de los datos personales y el derecho a la limitaci\u00f3n en el tratamiento.<\/p>\n<!-- \/wp:paragraph -->\n\n<!-- wp:paragraph -->\n<p>El derecho al olvido supone impedir, por orden del afectado, la difusi\u00f3n de informaci\u00f3n personal a trav\u00e9s de internet cuando su publicaci\u00f3n no cumple los requisitos de adecuaci\u00f3n y pertinencia previstos en la normativa. Esto abarca el derecho a limitar la difusi\u00f3n universal e indiscriminada de datos personales en los buscadores generales cuando la informaci\u00f3n es obsoleta o ya no tiene relevancia ni inter\u00e9s p\u00fablico, aunque la publicaci\u00f3n original sea leg\u00edtima.<\/p>\n<!-- \/wp:paragraph -->\n\n<!-- wp:paragraph -->\n<p>El derecho a la portabilidad de datos faculta al interesado a obtener una copia de sus datos personales en un formato electr\u00f3nico estructurado y de uso habitual y transferir sus datos de un sistema de tratamiento electr\u00f3nico a otro.<\/p>\n<!-- \/wp:paragraph -->\n\n<!-- wp:paragraph -->\n<p>El derecho a la limitaci\u00f3n en el tratamiento consiste la potestad de los interesados de solicitar y obtener del responsable del tratamiento o fichero, una limitaci\u00f3n del tratamiento de sus datos personales cuando se cumpla alguna de las siguientes condiciones:<\/p>\n<!-- \/wp:paragraph -->\n\n<!-- wp:list -->\n<ul><li>El interesado impugne la exactitud de los datos personales, durante un plazo que permita al responsable verificar la exactitud de los mismos.<\/li><li>El tratamiento sea il\u00edcito y el interesado se oponga a la supresi\u00f3n de los datos personales y solicite en su lugar la limitaci\u00f3n de su uso.<\/li><li>El responsable ya no necesite los datos personales para los fines del tratamiento, pero el interesado los necesite para la formulaci\u00f3n, el ejercicio o la defensa de reclamaciones.<\/li><li>El interesado se haya opuesto al tratamiento.<\/li><\/ul>\n<!-- \/wp:list -->\n\n<!-- wp:paragraph -->\n<p>Es importante que, para mantener los datos personales actualizados, se informe siempre que se produzca alguna modificaci\u00f3n; en caso contrario, este sitio no responde de la veracidad de los mismos.<\/p>\n<!-- \/wp:paragraph -->\n\n<!-- wp:paragraph -->\n<p>Si el usuario no cancela sus datos personales de forma expresa de los ficheros de&nbsp;este sitio web, se entiende que \u00e9ste sigue interesado en que permanezcan incorporados mientras sean adecuados para la finalidad con la que se obtuvieron, y mientras&nbsp;que la&nbsp;Cofrad\u00eda&nbsp;lo considere oportuno.<\/p>\n<!-- \/wp:paragraph -->\n\n<!-- wp:heading -->\n<h2>Seguridad de los datos personales<\/h2>\n<!-- \/wp:heading -->\n\n<!-- wp:paragraph -->\n<p>La&nbsp;<strong>Cofrad\u00eda<\/strong>&nbsp;informa que ha adoptado todas las medidas t\u00e9cnicas y organizativas necesarias para salvaguardar la seguridad, tal como exige la normativa vigente que regula el Reglamento de la LOPD (Real Decreto 1720\/2007, de 21 de diciembre, por el que se aprueba el Reglamento de desarrollo de la Ley Org\u00e1nica 15\/1999, de 13 de diciembre, de protecci\u00f3n de datos de car\u00e1cter personal), de los ficheros que contengan datos de car\u00e1cter personal.<\/p>\n<!-- \/wp:paragraph -->\n\n<!-- wp:heading -->\n<h2>Comunicaciones comerciales por correo electr\u00f3nico<\/h2>\n<!-- \/wp:heading -->\n\n<!-- wp:paragraph -->\n<p>En cumplimiento del art\u00edculo 21 de la Ley de Servicios de la Sociedad de la Informaci\u00f3n y Comercio electr\u00f3nico (Ley 34\/2002, de 11 de julio, de servicios de la sociedad de la informaci\u00f3n y de comercio electr\u00f3nico), que proh\u00edbe el env\u00edo de comunicaciones comerciales por medio del correo electr\u00f3nico que previamente no hayan sido autorizadas expresamente por los destinatarios, le informamos de que la aceptaci\u00f3n de estas condiciones de uso y pol\u00edtica de confidencialidad implica su autorizaci\u00f3n expresa para hacerle env\u00edos informativos, comerciales, publicitarios y promocionales, por este medio a la direcci\u00f3n facilitada. No obstante, si no desea recibir nuestras comunicaciones comerciales por medio del correo electr\u00f3nico, puede solicitar la cancelaci\u00f3n:<\/p>\n<!-- \/wp:paragraph -->\n\n<!-- wp:list -->\n<ul><li>Pulsando el bot\u00f3n o enlace de cancelar suscripci\u00f3n (O baja del servicio) disponible en todos los emails que recibe.<\/li><li>Enviando un correo electr\u00f3nico a&nbsp;<a href=\"mailto:secretariariado@columnayesperanzalucena.es\" target=\"_blank\" rel=\"noopener\">secretariado@columnayesperanzalucena.es<\/a>&nbsp;con el motivo&nbsp;<strong>\u201cCancelar suscripci\u00f3n\u201d<\/strong>&nbsp;junto con sus datos de contacto para ser identificado.<\/li><li>Mediante carta escrita dirigida a la Hermandad de la Columna con Casa Hermandad en Llanete Cristo de la Columna, 14900 Lucena (C\u00f3rdoba), acompa\u00f1ando siempre una fotocopia de su D.N.I, o documento acreditativo de la entidad a la que represente.<\/li><\/ul>\n<!-- \/wp:list -->\n\n<!-- wp:heading -->\n<h2>Modificaci\u00f3n de esta pol\u00edtica de confidencialidad<\/h2>\n<!-- \/wp:heading -->\n\n<!-- wp:paragraph -->\n<p>La&nbsp;<strong>Cofrad\u00eda<\/strong>&nbsp;se reserva el derecho en el futuro de modificar su pol\u00edtica de protecci\u00f3n de datos de acuerdo con su criterio, o por causa de un cambio legislativo, jurisprudencial, o en la pr\u00e1ctica empresarial. Si&nbsp;se introduce alguna modificaci\u00f3n, el nuevo texto ser\u00e1 publicado en esta misma p\u00e1gina, donde el usuario podr\u00e1 tener conocimiento de la pol\u00edtica de protecci\u00f3n de datos. En cualquier caso, la relaci\u00f3n con el usuario se regir\u00e1 por las normas previstas en el momento preciso en que se accede al sitio web y, por consiguiente, es obligatorio leerlas cada vez que nos facilite sus datos por medio de nuestra web.<\/p>\n<!-- \/wp:paragraph -->\n\n<!-- wp:paragraph -->\n<p><strong>La utilizaci\u00f3n de la web atribuye a quien haga uso de ella la condici\u00f3n de Usuario, y acepta las presentes Condiciones de las que ha tenido oportunidad de tomar conocimiento.<\/strong><\/p>\n<!-- \/wp:paragraph -->","_et_gb_content_width":"1080","footnotes":""},"class_list":["post-3","page","type-page","status-publish","hentry"],"jetpack_sharing_enabled":true,"_links":{"self":[{"href":"https:\/\/columnayesperanzalucena.es\/index.php?rest_route=\/wp\/v2\/pages\/3","targetHints":{"allow":["GET"]}}],"collection":[{"href":"https:\/\/columnayesperanzalucena.es\/index.php?rest_route=\/wp\/v2\/pages"}],"about":[{"href":"https:\/\/columnayesperanzalucena.es\/index.php?rest_route=\/wp\/v2\/types\/page"}],"author":[{"embeddable":true,"href":"https:\/\/columnayesperanzalucena.es\/index.php?rest_route=\/wp\/v2\/users\/1"}],"replies":[{"embeddable":true,"href":"https:\/\/columnayesperanzalucena.es\/index.php?rest_route=%2Fwp%2Fv2%2Fcomments&post=3"}],"version-history":[{"count":11,"href":"https:\/\/columnayesperanzalucena.es\/index.php?rest_route=\/wp\/v2\/pages\/3\/revisions"}],"predecessor-version":[{"id":596,"href":"https:\/\/columnayesperanzalucena.es\/index.php?rest_route=\/wp\/v2\/pages\/3\/revisions\/596"}],"wp:attachment":[{"href":"https:\/\/columnayesperanzalucena.es\/index.php?rest_route=%2Fwp%2Fv2%2Fmedia&parent=3"}],"curies":[{"name":"wp","href":"https:\/\/api.w.org\/{rel}","templated":true}]}}