{"id":253,"date":"2022-09-23T18:26:49","date_gmt":"2022-09-23T18:26:49","guid":{"rendered":"https:\/\/columnayesperanzalucena.es\/?page_id=253"},"modified":"2022-10-26T17:46:05","modified_gmt":"2022-10-26T17:46:05","slug":"lacofradia","status":"publish","type":"page","link":"https:\/\/columnayesperanzalucena.es\/?page_id=253","title":{"rendered":"LA COFRADIA"},"content":{"rendered":"<p>[et_pb_section fb_built=\u00bb1&#8243; fullwidth=\u00bbon\u00bb next_background_color=\u00bb#ffffff\u00bb admin_label=\u00bbHeader Section\u00bb _builder_version=\u00bb4.16&#8243; background_color=\u00bb#000000&#8243; bottom_divider_style=\u00bbramp\u00bb bottom_divider_flip=\u00bbhorizontal\u00bb global_colors_info=\u00bb{}\u00bb][et_pb_fullwidth_header subhead=\u00bbLA COFRAD\u00cdA\u00bb text_orientation=\u00bbcenter\u00bb _builder_version=\u00bb4.18.0&#8243; title_font=\u00bbOswald|||on|||||\u00bb title_font_size=\u00bb20px\u00bb title_letter_spacing=\u00bb3px\u00bb title_line_height=\u00bb1.5em\u00bb content_font=\u00bbLora||||||||\u00bb content_font_size=\u00bb22px\u00bb content_line_height=\u00bb2em\u00bb subhead_font=\u00bbLora|700|||||||\u00bb subhead_font_size=\u00bb60px\u00bb subhead_line_height=\u00bb1.5em\u00bb background_color=\u00bbrgba(255,255,255,0)\u00bb background_image=\u00bbhttps:\/\/columnayesperanzalucena.es\/wp-content\/uploads\/2022\/09\/IMG_6610-1.jpg\u00bb parallax=\u00bbon\u00bb parallax_method=\u00bbon\u00bb custom_button_one=\u00bbon\u00bb button_one_text_size=\u00bb16px\u00bb button_one_text_color=\u00bb#ffffff\u00bb button_one_bg_color=\u00bb#d29f68&#8243; button_one_border_width=\u00bb15px\u00bb button_one_border_color=\u00bbrgba(210,159,104,0)\u00bb button_one_border_radius=\u00bb100px\u00bb button_one_letter_spacing=\u00bb3px\u00bb button_one_font=\u00bbOswald|||on|||||\u00bb button_one_use_icon=\u00bboff\u00bb custom_button_two=\u00bbon\u00bb button_two_text_size=\u00bb16px\u00bb button_two_text_color=\u00bb#ffffff\u00bb button_two_bg_color=\u00bbrgba(255,255,255,0.35)\u00bb button_two_border_width=\u00bb15px\u00bb button_two_border_color=\u00bbrgba(0,0,0,0)\u00bb button_two_border_radius=\u00bb100px\u00bb button_two_letter_spacing=\u00bb3px\u00bb button_two_font=\u00bbOswald|||on|||||\u00bb button_two_use_icon=\u00bboff\u00bb custom_padding=\u00bb90px||90px||true|false\u00bb animation_style=\u00bbzoom\u00bb animation_duration=\u00bb600ms\u00bb animation_intensity_zoom=\u00bb4%\u00bb subhead_font_size_tablet=\u00bb\u00bb subhead_font_size_phone=\u00bb50px\u00bb subhead_font_size_last_edited=\u00bbon|desktop\u00bb button_one_border_radius_hover=\u00bb100px\u00bb button_one_bg_color_hover=\u00bb#cc8d66&#8243; button_two_bg_color_hover=\u00bb#d29f68&#8243; global_colors_info=\u00bb{}\u00bb button_one_text_size__hover_enabled=\u00bboff\u00bb button_two_text_size__hover_enabled=\u00bboff\u00bb button_one_text_color__hover_enabled=\u00bboff\u00bb button_two_text_color__hover_enabled=\u00bboff\u00bb button_one_border_width__hover_enabled=\u00bboff\u00bb button_two_border_width__hover_enabled=\u00bboff\u00bb button_one_border_color__hover_enabled=\u00bboff\u00bb button_two_border_color__hover_enabled=\u00bboff\u00bb button_one_border_radius__hover_enabled=\u00bbon\u00bb button_one_border_radius__hover=\u00bb100px\u00bb button_two_border_radius__hover_enabled=\u00bboff\u00bb button_one_letter_spacing__hover_enabled=\u00bboff\u00bb button_two_letter_spacing__hover_enabled=\u00bboff\u00bb button_one_bg_color__hover_enabled=\u00bbon\u00bb button_one_bg_color__hover=\u00bb#cc8d66&#8243; button_two_bg_color__hover_enabled=\u00bbon\u00bb button_two_bg_color__hover=\u00bb#d29f68&#8243;][\/et_pb_fullwidth_header][\/et_pb_section][et_pb_section fb_built=\u00bb1&#8243; admin_label=\u00bbAbout Section\u00bb _builder_version=\u00bb4.16&#8243; custom_padding=\u00bb80px|0px|80px|0px|true|false\u00bb global_colors_info=\u00bb{}\u00bb][et_pb_row column_structure=\u00bb1_2,1_2&#8243; admin_label=\u00bbAbout Row\u00bb _builder_version=\u00bb4.16&#8243; global_colors_info=\u00bb{}\u00bb][et_pb_column type=\u00bb1_2&#8243; _builder_version=\u00bb4.16&#8243; custom_padding=\u00bb|||\u00bb global_colors_info=\u00bb{}\u00bb custom_padding__hover=\u00bb|||\u00bb][et_pb_text _builder_version=\u00bb4.16&#8243; text_font=\u00bbLora||||||||\u00bb text_font_size=\u00bb18px\u00bb text_line_height=\u00bb2em\u00bb link_font=\u00bb||||||||\u00bb ul_font=\u00bb||||||||\u00bb ol_font=\u00bb||||||||\u00bb quote_font=\u00bb||||||||\u00bb header_font=\u00bb||||||||\u00bb header_2_font=\u00bbLora|700|||||||\u00bb header_2_font_size=\u00bb50px\u00bb header_2_line_height=\u00bb1.5em\u00bb header_3_font=\u00bbLora|700|||||||\u00bb header_3_font_size=\u00bb42px\u00bb header_3_line_height=\u00bb1.5em\u00bb header_5_font=\u00bbOswald|||on|||||\u00bb header_5_text_color=\u00bbrgba(0,0,0,0.4)\u00bb header_5_font_size=\u00bb20px\u00bb header_5_letter_spacing=\u00bb3px\u00bb max_width=\u00bb600px\u00bb max_width_tablet=\u00bb\u00bb max_width_phone=\u00bb\u00bb max_width_last_edited=\u00bbon|phone\u00bb custom_margin=\u00bb||0px|||\u00bb custom_margin_tablet=\u00bb|70px||70px\u00bb custom_margin_phone=\u00bb|50px||50px\u00bb custom_margin_last_edited=\u00bboff|desktop\u00bb text_line_height_last_edited=\u00bboff|desktop\u00bb global_colors_info=\u00bb{}\u00bb]<\/p>\n<h5>hermano mayor<\/h5>\n<h3>D. Javier S\u00e1nchez\u00a0<\/h3>\n<h3>Cruz\u00a0<\/h3>\n<p>[\/et_pb_text][et_pb_image src=\u00bbhttps:\/\/columnayesperanzalucena.es\/wp-content\/uploads\/2022\/10\/thumbnail_970a36bb-fa3b-46fe-bdac-4f783fe2bf25.jpg\u00bb title_text=\u00bbthumbnail_970a36bb-fa3b-46fe-bdac-4f783fe2bf25&#8243; _builder_version=\u00bb4.18.0&#8243; _module_preset=\u00bbdefault\u00bb global_colors_info=\u00bb{}\u00bb][\/et_pb_image][\/et_pb_column][et_pb_column type=\u00bb1_2&#8243; _builder_version=\u00bb4.16&#8243; custom_padding=\u00bb|||\u00bb global_colors_info=\u00bb{}\u00bb custom_padding__hover=\u00bb|||\u00bb][et_pb_text _builder_version=\u00bb4.16&#8243; text_font=\u00bbLora||||||||\u00bb text_font_size=\u00bb18px\u00bb text_line_height=\u00bb2em\u00bb link_font=\u00bb||||||||\u00bb ul_font=\u00bb||||||||\u00bb ol_font=\u00bb||||||||\u00bb quote_font=\u00bb||||||||\u00bb header_font=\u00bb||||||||\u00bb header_2_font=\u00bbLora|700|||||||\u00bb header_2_font_size=\u00bb50px\u00bb header_2_line_height=\u00bb1.5em\u00bb header_5_font=\u00bbOswald|||on|||||\u00bb header_5_text_color=\u00bbrgba(0,0,0,0.4)\u00bb header_5_font_size=\u00bb20px\u00bb header_5_letter_spacing=\u00bb3px\u00bb max_width=\u00bb600px\u00bb max_width_tablet=\u00bb\u00bb max_width_phone=\u00bb\u00bb max_width_last_edited=\u00bbon|phone\u00bb custom_margin_tablet=\u00bb|70px||70px\u00bb custom_margin_phone=\u00bb|50px||50px\u00bb custom_margin_last_edited=\u00bboff|desktop\u00bb text_line_height_last_edited=\u00bboff|desktop\u00bb global_colors_info=\u00bb{}\u00bb]<\/p>\n<h5>nUESTROS TITULARES<\/h5>\n<p>La hermandad representa el pasaje evang\u00e9lico de cuando el Salvador es azotado por el say\u00f3n en presencia del centuri\u00f3n romano, ambos salidos de la gubia del artista hispalense D. Juan Manuel Mi\u00f1arro L\u00f3pez.<\/p>\n<p>La imag\u00e9n de Nuestro Se\u00f1or es obra de Pedro Rold\u00e1n Onieva de 1.675, siendo encarnado por Bernab\u00e9 Jim\u00e9nez de Illescas.<\/p>\n<p>Tras el Se\u00f1or va su madre Mar\u00eda Sant\u00edsima de la Paz y Esperanza obra del cordob\u00e9s\u00a0Miguel\u00a0\u00c1ngel Gonz\u00e1lez\u00a0Jurado<\/p>\n<p>[\/et_pb_text][\/et_pb_column][\/et_pb_row][et_pb_row column_structure=\u00bb1_4,1_4,1_4,1_4&#8243; admin_label=\u00bbNumber Counter Row\u00bb _builder_version=\u00bb4.16&#8243; global_colors_info=\u00bb{}\u00bb][et_pb_column type=\u00bb1_4&#8243; _builder_version=\u00bb4.16&#8243; custom_padding=\u00bb|||\u00bb global_colors_info=\u00bb{}\u00bb custom_padding__hover=\u00bb|||\u00bb][et_pb_number_counter title=\u00bbFECHA FUNDACI\u00d3N\u00bb number=\u00bb1.923&#8243; percent_sign=\u00bboff\u00bb _builder_version=\u00bb4.18.0&#8243; title_font=\u00bbOswald|||on|||||\u00bb title_text_color=\u00bb#d29f68&#8243; title_font_size=\u00bb16px\u00bb title_letter_spacing=\u00bb3px\u00bb title_line_height=\u00bb1.5em\u00bb number_font=\u00bbLora|700|||||||\u00bb number_text_color=\u00bbrgba(0,0,0,0.7)\u00bb number_font_size=\u00bb35px\u00bb number_line_height=\u00bb3em\u00bb text_orientation=\u00bbleft\u00bb global_colors_info=\u00bb{}\u00bb][\/et_pb_number_counter][\/et_pb_column][et_pb_column type=\u00bb1_4&#8243; _builder_version=\u00bb4.16&#8243; custom_padding=\u00bb|||\u00bb global_colors_info=\u00bb{}\u00bb custom_padding__hover=\u00bb|||\u00bb][et_pb_number_counter title=\u00bbn\u00ba hermanos\u00bb number=\u00bb650&#8243; percent_sign=\u00bboff\u00bb _builder_version=\u00bb4.18.0&#8243; title_font=\u00bbOswald|||on|||||\u00bb title_text_color=\u00bb#d29f68&#8243; title_font_size=\u00bb16px\u00bb title_letter_spacing=\u00bb3px\u00bb title_line_height=\u00bb1.5em\u00bb number_font=\u00bbLora|700|||||||\u00bb number_text_color=\u00bbrgba(0,0,0,0.7)\u00bb number_font_size=\u00bb35px\u00bb number_line_height=\u00bb3em\u00bb text_orientation=\u00bbleft\u00bb global_colors_info=\u00bb{}\u00bb][\/et_pb_number_counter][\/et_pb_column][et_pb_column type=\u00bb1_4&#8243; _builder_version=\u00bb4.16&#8243; custom_padding=\u00bb|||\u00bb global_colors_info=\u00bb{}\u00bb custom_padding__hover=\u00bb|||\u00bb][et_pb_number_counter title=\u00bbimagen cristo\u00bb number=\u00bb1675&#8243; percent_sign=\u00bboff\u00bb _builder_version=\u00bb4.18.0&#8243; title_font=\u00bbOswald|||on|||||\u00bb title_text_color=\u00bb#d29f68&#8243; title_font_size=\u00bb16px\u00bb title_letter_spacing=\u00bb3px\u00bb title_line_height=\u00bb1.5em\u00bb number_font=\u00bbLora|700|||||||\u00bb number_text_color=\u00bbrgba(0,0,0,0.7)\u00bb number_font_size=\u00bb35px\u00bb number_line_height=\u00bb3em\u00bb text_orientation=\u00bbleft\u00bb global_colors_info=\u00bb{}\u00bb][\/et_pb_number_counter][\/et_pb_column][et_pb_column type=\u00bb1_4&#8243; _builder_version=\u00bb4.16&#8243; custom_padding=\u00bb|||\u00bb global_colors_info=\u00bb{}\u00bb custom_padding__hover=\u00bb|||\u00bb][et_pb_number_counter title=\u00bbimagen virgen\u00bb number=\u00bb1954&#8243; percent_sign=\u00bboff\u00bb _builder_version=\u00bb4.18.0&#8243; title_font=\u00bbOswald|||on|||||\u00bb title_text_color=\u00bb#d29f68&#8243; title_font_size=\u00bb16px\u00bb title_letter_spacing=\u00bb3px\u00bb title_line_height=\u00bb1.5em\u00bb number_font=\u00bbLora|700|||||||\u00bb number_text_color=\u00bbrgba(0,0,0,0.7)\u00bb number_font_size=\u00bb35px\u00bb number_line_height=\u00bb3em\u00bb text_orientation=\u00bbleft\u00bb global_colors_info=\u00bb{}\u00bb][\/et_pb_number_counter][\/et_pb_column][\/et_pb_row][\/et_pb_section][et_pb_section fb_built=\u00bb1&#8243; admin_label=\u00bbVision Section\u00bb _builder_version=\u00bb4.18.0&#8243; use_background_color_gradient=\u00bbon\u00bb background_color_gradient_direction=\u00bb1deg\u00bb background_color_gradient_stops=\u00bb#ffffff 50%|#232220 100%\u00bb background_color_gradient_start=\u00bb#ffffff\u00bb background_color_gradient_start_position=\u00bb50%\u00bb background_color_gradient_end=\u00bb#232220&#8243; background_color_gradient_end_position=\u00bb50%\u00bb custom_padding=\u00bb0|0px|16px|0px|false|false\u00bb global_colors_info=\u00bb{}\u00bb][et_pb_row _builder_version=\u00bb4.18.0&#8243; background_color=\u00bb#af0034&#8243; custom_margin=\u00bb0px||||false|false\u00bb custom_padding=\u00bb5px|40px|5px|40px|true|false\u00bb animation_style=\u00bbzoom\u00bb animation_intensity_zoom=\u00bb5%\u00bb border_radii=\u00bbon|30px|30px|30px|30px\u00bb box_shadow_style=\u00bbpreset3&#8243; box_shadow_vertical=\u00bb110px\u00bb box_shadow_blur=\u00bb80px\u00bb box_shadow_spread=\u00bb-80px\u00bb box_shadow_color=\u00bbrgba(0,0,0,0.12)\u00bb global_colors_info=\u00bb{}\u00bb][et_pb_column type=\u00bb4_4&#8243; _builder_version=\u00bb4.16&#8243; custom_padding=\u00bb|||\u00bb global_colors_info=\u00bb{}\u00bb custom_padding__hover=\u00bb|||\u00bb][et_pb_text _builder_version=\u00bb4.18.0&#8243; text_font=\u00bbLora||||||||\u00bb text_font_size=\u00bb18px\u00bb text_line_height=\u00bb2em\u00bb link_font=\u00bb||||||||\u00bb ul_font=\u00bb||||||||\u00bb ol_font=\u00bb||||||||\u00bb quote_font=\u00bb||||||||\u00bb header_font=\u00bb||||||||\u00bb header_2_font=\u00bbLora|700|||||||\u00bb header_2_font_size=\u00bb50px\u00bb header_2_line_height=\u00bb1.5em\u00bb header_5_font=\u00bbOswald|||on|||||\u00bb header_5_text_color=\u00bbrgba(255,255,255,0.4)\u00bb header_5_font_size=\u00bb20px\u00bb header_5_letter_spacing=\u00bb3px\u00bb header_5_line_height=\u00bb1.7em\u00bb text_orientation=\u00bbcenter\u00bb background_layout=\u00bbdark\u00bb max_width=\u00bb750px\u00bb module_alignment=\u00bbcenter\u00bb custom_padding=\u00bb|||\u00bb text_line_height_last_edited=\u00bboff|desktop\u00bb header_2_font_size_tablet=\u00bb\u00bb header_2_font_size_phone=\u00bb36px\u00bb header_2_font_size_last_edited=\u00bbon|desktop\u00bb global_colors_info=\u00bb{}\u00bb]<\/p>\n<h2>TITULARES<\/h2>\n<p>[\/et_pb_text][\/et_pb_column][\/et_pb_row][et_pb_row column_structure=\u00bb1_2,1_2&#8243; _builder_version=\u00bb4.18.0&#8243; _module_preset=\u00bbdefault\u00bb global_colors_info=\u00bb{}\u00bb][et_pb_column type=\u00bb1_2&#8243; _builder_version=\u00bb4.18.0&#8243; _module_preset=\u00bbdefault\u00bb global_colors_info=\u00bb{}\u00bb][et_pb_image src=\u00bbhttps:\/\/columnayesperanzalucena.es\/wp-content\/uploads\/2022\/09\/Imagen4.jpg\u00bb title_text=\u00bbImagen4&#8243; url=\u00bb@ET-DC@eyJkeW5hbWljIjp0cnVlLCJjb250ZW50IjoicG9zdF9saW5rX3VybF9wYWdlIiwic2V0dGluZ3MiOnsicG9zdF9pZCI6IjM2OCJ9fQ==@\u00bb align=\u00bbcenter\u00bb _builder_version=\u00bb4.18.0&#8243; _dynamic_attributes=\u00bburl\u00bb _module_preset=\u00bbdefault\u00bb width=\u00bb44%\u00bb border_radii=\u00bbon|50px|50px|50px|50px\u00bb global_colors_info=\u00bb{}\u00bb][\/et_pb_image][\/et_pb_column][et_pb_column type=\u00bb1_2&#8243; _builder_version=\u00bb4.18.0&#8243; _module_preset=\u00bbdefault\u00bb global_colors_info=\u00bb{}\u00bb][et_pb_image src=\u00bbhttps:\/\/columnayesperanzalucena.es\/wp-content\/uploads\/2022\/09\/Imagen5.png\u00bb title_text=\u00bbImagen5&#8243; url=\u00bb@ET-DC@eyJkeW5hbWljIjp0cnVlLCJjb250ZW50IjoicG9zdF9saW5rX3VybF9wYWdlIiwic2V0dGluZ3MiOnsicG9zdF9pZCI6IjQwNiJ9fQ==@\u00bb _builder_version=\u00bb4.18.0&#8243; _dynamic_attributes=\u00bburl\u00bb _module_preset=\u00bbdefault\u00bb width=\u00bb72%\u00bb border_radii=\u00bbon|50px|50px|50px|50px\u00bb global_colors_info=\u00bb{}\u00bb][\/et_pb_image][\/et_pb_column][\/et_pb_row][et_pb_row column_structure=\u00bb1_2,1_2&#8243; _builder_version=\u00bb4.18.0&#8243; _module_preset=\u00bbdefault\u00bb width=\u00bb100%\u00bb custom_margin=\u00bb|376px||auto||\u00bb custom_padding=\u00bb|||0px||\u00bb global_colors_info=\u00bb{}\u00bb][et_pb_column type=\u00bb1_2&#8243; _builder_version=\u00bb4.18.0&#8243; _module_preset=\u00bbdefault\u00bb global_colors_info=\u00bb{}\u00bb][et_pb_text _builder_version=\u00bb4.18.0&#8243; _dynamic_attributes=\u00bblink_option_url\u00bb _module_preset=\u00bbdefault\u00bb text_font=\u00bbTimes New Roman|700|||||||\u00bb text_font_size=\u00bb31px\u00bb link_option_url=\u00bb@ET-DC@eyJkeW5hbWljIjp0cnVlLCJjb250ZW50IjoicG9zdF9saW5rX3VybF9wYWdlIiwic2V0dGluZ3MiOnsicG9zdF9pZCI6IjM2OCJ9fQ==@\u00bb global_colors_info=\u00bb{}\u00bb]<\/p>\n<p style=\"text-align: center;\"><em>Nuestro Padre Jes\u00fas\u00a0de la Columna<\/em><\/p>\n<p>[\/et_pb_text][\/et_pb_column][et_pb_column type=\u00bb1_2&#8243; _builder_version=\u00bb4.18.0&#8243; _module_preset=\u00bbdefault\u00bb global_colors_info=\u00bb{}\u00bb][et_pb_text _builder_version=\u00bb4.18.0&#8243; _dynamic_attributes=\u00bblink_option_url\u00bb _module_preset=\u00bbdefault\u00bb text_font=\u00bbTimes New Roman|700|||||||\u00bb text_font_size=\u00bb30px\u00bb width=\u00bb100%\u00bb custom_padding=\u00bb|0px||||\u00bb link_option_url=\u00bb@ET-DC@eyJkeW5hbWljIjp0cnVlLCJjb250ZW50IjoicG9zdF9saW5rX3VybF9wYWdlIiwic2V0dGluZ3MiOnsicG9zdF9pZCI6IjQwNiJ9fQ==@\u00bb global_colors_info=\u00bb{}\u00bb]<\/p>\n<p>Mar\u00eda Sant\u00edsima de la Paz y Esperanza<\/p>\n<p>[\/et_pb_text][\/et_pb_column][\/et_pb_row][\/et_pb_section][et_pb_section fb_built=\u00bb1&#8243; admin_label=\u00bbAccordion Section\u00bb _builder_version=\u00bb4.16&#8243; custom_padding=\u00bb80px|0px|80px|0px|true|false\u00bb global_colors_info=\u00bb{}\u00bb][et_pb_row column_structure=\u00bb1_2,1_2&#8243; admin_label=\u00bbAccordion Row\u00bb _builder_version=\u00bb4.16&#8243; width=\u00bb100%\u00bb max_width=\u00bb100%\u00bb custom_margin=\u00bb|||\u00bb use_custom_width=\u00bbon\u00bb width_unit=\u00bboff\u00bb custom_width_percent=\u00bb100%\u00bb global_colors_info=\u00bb{}\u00bb][et_pb_column type=\u00bb1_2&#8243; _builder_version=\u00bb4.16&#8243; custom_padding=\u00bb|||\u00bb custom_padding_tablet=\u00bb|10%||10%||true\u00bb custom_padding_phone=\u00bb|10%||10%||true\u00bb custom_padding_last_edited=\u00bbon|tablet\u00bb global_colors_info=\u00bb{}\u00bb padding_tablet=\u00bb|10%||10%||true\u00bb padding_last_edited=\u00bbon|tablet\u00bb custom_padding__hover=\u00bb|||\u00bb padding_phone=\u00bb|10%||10%||true\u00bb][et_pb_image src=\u00bbhttps:\/\/columnayesperanzalucena.es\/wp-content\/uploads\/2022\/09\/IMG_6612-1.jpg\u00bb title_text=\u00bbIMG_6612&#8243; align_tablet=\u00bbcenter\u00bb align_phone=\u00bbcenter\u00bb align_last_edited=\u00bbon|desktop\u00bb _builder_version=\u00bb4.18.0&#8243; border_radii=\u00bbon|8px|8px|8px|8px\u00bb box_shadow_style=\u00bbpreset2&#8243; box_shadow_horizontal=\u00bb-80px\u00bb box_shadow_vertical=\u00bb42px\u00bb box_shadow_blur=\u00bb80px\u00bb global_colors_info=\u00bb{}\u00bb][\/et_pb_image][\/et_pb_column][et_pb_column type=\u00bb1_2&#8243; _builder_version=\u00bb4.16&#8243; custom_padding=\u00bb|||\u00bb custom_padding_tablet=\u00bb60px|10%||10%||true\u00bb custom_padding_phone=\u00bb60px|10%||10%||true\u00bb custom_padding_last_edited=\u00bbon|tablet\u00bb global_colors_info=\u00bb{}\u00bb padding_tablet=\u00bb60px|10%||10%||true\u00bb padding_last_edited=\u00bbon|tablet\u00bb custom_padding__hover=\u00bb|||\u00bb padding_phone=\u00bb60px|10%||10%||true\u00bb][et_pb_text admin_label=\u00bbTitle\u00bb _builder_version=\u00bb4.18.0&#8243; text_font=\u00bbLora||||||||\u00bb text_font_size=\u00bb18px\u00bb text_line_height=\u00bb2em\u00bb link_font=\u00bb||||||||\u00bb ul_font=\u00bb||||||||\u00bb ol_font=\u00bb||||||||\u00bb quote_font=\u00bb||||||||\u00bb header_font=\u00bb||||||||\u00bb header_2_font=\u00bbLora|700|||||||\u00bb header_2_font_size=\u00bb50px\u00bb header_2_line_height=\u00bb1.5em\u00bb header_5_font=\u00bbOswald|||on|||||\u00bb header_5_text_color=\u00bbrgba(0,0,0,0.4)\u00bb header_5_font_size=\u00bb20px\u00bb header_5_letter_spacing=\u00bb3px\u00bb max_width=\u00bb600px\u00bb max_width_tablet=\u00bb\u00bb max_width_phone=\u00bb\u00bb max_width_last_edited=\u00bbon|phone\u00bb custom_margin_tablet=\u00bb|70px||70px\u00bb custom_margin_phone=\u00bb|50px||50px\u00bb custom_margin_last_edited=\u00bboff|desktop\u00bb text_line_height_last_edited=\u00bboff|desktop\u00bb global_colors_info=\u00bb{}\u00bb]<\/p>\n<h2>DATOS DE INTERES<\/h2>\n<p>[\/et_pb_text][et_pb_accordion open_toggle_text_color=\u00bb#d29f68&#8243; open_toggle_background_color=\u00bb#232220&#8243; _builder_version=\u00bb4.16&#8243; toggle_font=\u00bbOswald|||on|||||\u00bb toggle_font_size=\u00bb16px\u00bb toggle_letter_spacing=\u00bb3px\u00bb toggle_line_height=\u00bb1.5em\u00bb body_font=\u00bbLora||||||||\u00bb body_text_color=\u00bb#ffffff\u00bb body_font_size=\u00bb18px\u00bb body_line_height=\u00bb2em\u00bb max_width=\u00bb480px\u00bb max_width_tablet=\u00bb\u00bb max_width_phone=\u00bb\u00bb max_width_last_edited=\u00bbon|desktop\u00bb custom_margin=\u00bb|||\u00bb animation_style=\u00bbslide\u00bb animation_direction=\u00bbtop\u00bb animation_intensity_slide=\u00bb5%\u00bb border_radii=\u00bbon|8px|8px|8px|8px\u00bb border_width_all=\u00bb0px\u00bb global_colors_info=\u00bb{}\u00bb][et_pb_accordion_item title=\u00bbT\u00daNICA hermanos \u00bb open=\u00bbon\u00bb _builder_version=\u00bb4.16&#8243; global_colors_info=\u00bb{}\u00bb]<\/p>\n<p>T\u00fanica Blanca y antifaz burdeos con cruz de Santiago roja, capa con escudo de la cofrad\u00eda, botonera burdeos y faj\u00edn verde.\u00a0<\/p>\n<p>[\/et_pb_accordion_item][et_pb_accordion_item title=\u00bbestaci\u00f3n de penitencia\u00bb _builder_version=\u00bb4.16&#8243; global_colors_info=\u00bb{}\u00bb open=\u00bboff\u00bb]<\/p>\n<p>Jueves Santo<\/p>\n<p>[\/et_pb_accordion_item][et_pb_accordion_item title=\u00bbSede can\u00f3nica\u00bb _builder_version=\u00bb4.16&#8243; global_colors_info=\u00bb{}\u00bb open=\u00bboff\u00bb]<\/p>\n<p>Parroquia de Santiago situada en C\/ Santiago n\u00ba 17. Lucena (C\u00f3rdoba).<\/p>\n<p>[\/et_pb_accordion_item][et_pb_accordion_item title=\u00bbN\u00famero de hermanos\u00bb _builder_version=\u00bb4.16&#8243; global_colors_info=\u00bb{}\u00bb open=\u00bboff\u00bb]<\/p>\n<p>650<\/p>\n<p>[\/et_pb_accordion_item][et_pb_accordion_item title=\u00bbFecha fundaci\u00f3n\u00bb _builder_version=\u00bb4.16&#8243; global_colors_info=\u00bb{}\u00bb open=\u00bboff\u00bb]<\/p>\n<p>1.923<\/p>\n<p>[\/et_pb_accordion_item][\/et_pb_accordion][\/et_pb_column][\/et_pb_row][\/et_pb_section][et_pb_section fb_built=\u00bb1&#8243; next_background_color=\u00bb#681310&#8243; _builder_version=\u00bb4.18.0&#8243; use_background_color_gradient=\u00bbon\u00bb background_color_gradient_stops=\u00bb#ffffff 0%|rgba(255,255,255,0) 100%\u00bb background_color_gradient_overlays_image=\u00bbon\u00bb background_color_gradient_start=\u00bb#ffffff\u00bb background_color_gradient_end=\u00bbrgba(255,255,255,0)\u00bb background_image=\u00bbhttps:\/\/columnayesperanzalucena.es\/wp-content\/uploads\/2022\/09\/IMG_6589-1.jpg\u00bb custom_padding=\u00bb0|0px|400px|0px|false|false\u00bb bottom_divider_style=\u00bbramp\u00bb global_colors_info=\u00bb{}\u00bb][\/et_pb_section][et_pb_section fb_built=\u00bb1&#8243; admin_label=\u00bbServices Section\u00bb _builder_version=\u00bb4.18.0&#8243; background_color=\u00bb#681310&#8243; custom_padding=\u00bb80px|0px|80px|0px|true|false\u00bb global_colors_info=\u00bb{}\u00bb][et_pb_row admin_label=\u00bbTitle Row\u00bb _builder_version=\u00bb4.16&#8243; global_colors_info=\u00bb{}\u00bb][et_pb_column type=\u00bb4_4&#8243; _builder_version=\u00bb4.16&#8243; custom_padding=\u00bb|||\u00bb global_colors_info=\u00bb{}\u00bb custom_padding__hover=\u00bb|||\u00bb][et_pb_text _builder_version=\u00bb4.18.0&#8243; text_font=\u00bb||||||||\u00bb header_font=\u00bb||||||||\u00bb header_2_font=\u00bbLora|700|||||||\u00bb header_2_font_size=\u00bb50px\u00bb header_2_line_height=\u00bb1.5em\u00bb header_5_font=\u00bbOswald|||on|||||\u00bb header_5_text_color=\u00bbrgba(255,255,255,0.4)\u00bb header_5_font_size=\u00bb20px\u00bb header_5_letter_spacing=\u00bb3px\u00bb text_orientation=\u00bbcenter\u00bb background_layout=\u00bbdark\u00bb max_width=\u00bb600px\u00bb module_alignment=\u00bbcenter\u00bb text_line_height_last_edited=\u00bboff|desktop\u00bb global_colors_info=\u00bb{}\u00bb]<\/p>\n<h2>JUNTA DE GOBIERNO<\/h2>\n<p>[\/et_pb_text][\/et_pb_column][\/et_pb_row][et_pb_row column_structure=\u00bb1_3,1_3,1_3&#8243; admin_label=\u00bbServices Row\u00bb _builder_version=\u00bb4.16&#8243; global_colors_info=\u00bb{}\u00bb][et_pb_column type=\u00bb1_3&#8243; _builder_version=\u00bb4.16&#8243; custom_padding=\u00bb|||\u00bb global_colors_info=\u00bb{}\u00bb custom_padding__hover=\u00bb|||\u00bb][et_pb_blurb title=\u00bbVice-Hermano Mayor\u00bb admin_label=\u00bbService\u00bb _builder_version=\u00bb4.18.0&#8243; header_font=\u00bbOswald|||on|||||\u00bb header_text_color=\u00bb#d29f68&#8243; header_font_size=\u00bb16px\u00bb header_letter_spacing=\u00bb2px\u00bb header_line_height=\u00bb1.7em\u00bb body_font=\u00bbLora||||||||\u00bb body_font_size=\u00bb16px\u00bb body_line_height=\u00bb1.9em\u00bb background_layout=\u00bbdark\u00bb animation_style=\u00bbfade\u00bb animation=\u00bboff\u00bb border_radii_image=\u00bbon|8px|8px|8px|8px\u00bb box_shadow_style_image=\u00bbpreset3&#8243; box_shadow_vertical_image=\u00bb40px\u00bb box_shadow_blur_image=\u00bb60px\u00bb box_shadow_spread_image=\u00bb-35px\u00bb global_colors_info=\u00bb{}\u00bb]<\/p>\n<p>Jer\u00f3nimo Jim\u00e9nez Garc\u00eda<\/p>\n<p>[\/et_pb_blurb][\/et_pb_column][et_pb_column type=\u00bb1_3&#8243; _builder_version=\u00bb4.16&#8243; custom_padding=\u00bb|||\u00bb global_colors_info=\u00bb{}\u00bb custom_padding__hover=\u00bb|||\u00bb][et_pb_blurb title=\u00bbVocal adjunto a hermano mayor\u00bb admin_label=\u00bbService\u00bb _builder_version=\u00bb4.18.0&#8243; header_font=\u00bbOswald|||on|||||\u00bb header_text_color=\u00bb#d29f68&#8243; header_font_size=\u00bb16px\u00bb header_letter_spacing=\u00bb2px\u00bb header_line_height=\u00bb1.7em\u00bb body_font=\u00bbLora||||||||\u00bb body_font_size=\u00bb16px\u00bb body_line_height=\u00bb1.9em\u00bb background_layout=\u00bbdark\u00bb animation_style=\u00bbfade\u00bb animation_delay=\u00bb100ms\u00bb animation=\u00bboff\u00bb border_radii_image=\u00bbon|8px|8px|8px|8px\u00bb box_shadow_style_image=\u00bbpreset3&#8243; box_shadow_vertical_image=\u00bb40px\u00bb box_shadow_blur_image=\u00bb60px\u00bb box_shadow_spread_image=\u00bb-35px\u00bb global_colors_info=\u00bb{}\u00bb]<\/p>\n<p>Antonio Mangas Ruiz<\/p>\n<p>[\/et_pb_blurb][\/et_pb_column][et_pb_column type=\u00bb1_3&#8243; _builder_version=\u00bb4.16&#8243; custom_padding=\u00bb|||\u00bb global_colors_info=\u00bb{}\u00bb custom_padding__hover=\u00bb|||\u00bb][et_pb_blurb title=\u00bbVocal de actividades caritativas y sociales\u00bb admin_label=\u00bbService\u00bb _builder_version=\u00bb4.18.0&#8243; header_font=\u00bbOswald|||on|||||\u00bb header_text_color=\u00bb#d29f68&#8243; header_font_size=\u00bb16px\u00bb header_letter_spacing=\u00bb2px\u00bb header_line_height=\u00bb1.7em\u00bb body_font=\u00bbLora||||||||\u00bb body_font_size=\u00bb16px\u00bb body_line_height=\u00bb1.9em\u00bb background_layout=\u00bbdark\u00bb animation_style=\u00bbfade\u00bb animation_delay=\u00bb200ms\u00bb animation=\u00bboff\u00bb border_radii_image=\u00bbon|8px|8px|8px|8px\u00bb box_shadow_style_image=\u00bbpreset3&#8243; box_shadow_vertical_image=\u00bb40px\u00bb box_shadow_blur_image=\u00bb60px\u00bb box_shadow_spread_image=\u00bb-35px\u00bb global_colors_info=\u00bb{}\u00bb]<\/p>\n<p>Rafael Arroyo L\u00f3pez<\/p>\n<p>[\/et_pb_blurb][\/et_pb_column][\/et_pb_row][et_pb_row column_structure=\u00bb1_3,1_3,1_3&#8243; admin_label=\u00bbServices Row\u00bb _builder_version=\u00bb4.16&#8243; global_colors_info=\u00bb{}\u00bb][et_pb_column type=\u00bb1_3&#8243; _builder_version=\u00bb4.16&#8243; custom_padding=\u00bb|||\u00bb global_colors_info=\u00bb{}\u00bb custom_padding__hover=\u00bb|||\u00bb][et_pb_blurb title=\u00bbVocal de la casa de hermandad\u00bb admin_label=\u00bbService\u00bb _builder_version=\u00bb4.18.0&#8243; header_font=\u00bbOswald|||on|||||\u00bb header_text_color=\u00bb#d29f68&#8243; header_font_size=\u00bb16px\u00bb header_letter_spacing=\u00bb2px\u00bb header_line_height=\u00bb1.7em\u00bb body_font=\u00bbLora||||||||\u00bb body_font_size=\u00bb16px\u00bb body_line_height=\u00bb1.9em\u00bb background_layout=\u00bbdark\u00bb animation_style=\u00bbfade\u00bb animation=\u00bboff\u00bb border_radii_image=\u00bbon|8px|8px|8px|8px\u00bb box_shadow_style_image=\u00bbpreset3&#8243; box_shadow_vertical_image=\u00bb40px\u00bb box_shadow_blur_image=\u00bb60px\u00bb box_shadow_spread_image=\u00bb-35px\u00bb global_colors_info=\u00bb{}\u00bb]<\/p>\n<p>Rafael S\u00e1nchez Cruz<\/p>\n<p>[\/et_pb_blurb][\/et_pb_column][et_pb_column type=\u00bb1_3&#8243; _builder_version=\u00bb4.16&#8243; custom_padding=\u00bb|||\u00bb global_colors_info=\u00bb{}\u00bb custom_padding__hover=\u00bb|||\u00bb][et_pb_blurb title=\u00bbSECRETARIO\u00bb admin_label=\u00bbService\u00bb _builder_version=\u00bb4.18.0&#8243; header_font=\u00bbOswald|||on|||||\u00bb header_text_color=\u00bb#d29f68&#8243; header_font_size=\u00bb16px\u00bb header_letter_spacing=\u00bb2px\u00bb header_line_height=\u00bb1.7em\u00bb body_font=\u00bbLora||||||||\u00bb body_font_size=\u00bb16px\u00bb body_line_height=\u00bb1.9em\u00bb background_layout=\u00bbdark\u00bb custom_padding=\u00bb0px|||||\u00bb animation_style=\u00bbfade\u00bb animation_delay=\u00bb100ms\u00bb animation=\u00bboff\u00bb border_radii_image=\u00bbon|8px|8px|8px|8px\u00bb box_shadow_style_image=\u00bbpreset3&#8243; box_shadow_vertical_image=\u00bb40px\u00bb box_shadow_blur_image=\u00bb60px\u00bb box_shadow_spread_image=\u00bb-35px\u00bb global_colors_info=\u00bb{}\u00bb]<\/p>\n<p>Francisco Javier Pineda Pineda<\/p>\n<p>[\/et_pb_blurb][\/et_pb_column][et_pb_column type=\u00bb1_3&#8243; _builder_version=\u00bb4.16&#8243; custom_padding=\u00bb|||\u00bb global_colors_info=\u00bb{}\u00bb custom_padding__hover=\u00bb|||\u00bb][et_pb_blurb title=\u00bbvice-secretario\u00bb admin_label=\u00bbService\u00bb _builder_version=\u00bb4.18.0&#8243; header_font=\u00bbOswald|||on|||||\u00bb header_text_color=\u00bb#d29f68&#8243; header_font_size=\u00bb16px\u00bb header_letter_spacing=\u00bb2px\u00bb header_line_height=\u00bb1.7em\u00bb body_font=\u00bbLora||||||||\u00bb body_font_size=\u00bb16px\u00bb body_line_height=\u00bb1.9em\u00bb background_layout=\u00bbdark\u00bb animation_style=\u00bbfade\u00bb animation_delay=\u00bb200ms\u00bb animation=\u00bboff\u00bb border_radii_image=\u00bbon|8px|8px|8px|8px\u00bb box_shadow_style_image=\u00bbpreset3&#8243; box_shadow_vertical_image=\u00bb40px\u00bb box_shadow_blur_image=\u00bb60px\u00bb box_shadow_spread_image=\u00bb-35px\u00bb global_colors_info=\u00bb{}\u00bb]<\/p>\n<p>Rafael Mangas P\u00e9rez<\/p>\n<p>[\/et_pb_blurb][\/et_pb_column][\/et_pb_row][et_pb_row column_structure=\u00bb1_3,1_3,1_3&#8243; admin_label=\u00bbServices Row\u00bb _builder_version=\u00bb4.16&#8243; locked=\u00bboff\u00bb global_colors_info=\u00bb{}\u00bb][et_pb_column type=\u00bb1_3&#8243; _builder_version=\u00bb4.16&#8243; custom_padding=\u00bb|||\u00bb global_colors_info=\u00bb{}\u00bb custom_padding__hover=\u00bb|||\u00bb][et_pb_blurb title=\u00bbvocal de secretar\u00eda\u00bb admin_label=\u00bbService\u00bb _builder_version=\u00bb4.18.0&#8243; header_font=\u00bbOswald|||on|||||\u00bb header_text_color=\u00bb#d29f68&#8243; header_font_size=\u00bb16px\u00bb header_letter_spacing=\u00bb2px\u00bb header_line_height=\u00bb1.7em\u00bb body_font=\u00bbLora||||||||\u00bb body_font_size=\u00bb16px\u00bb body_line_height=\u00bb1.9em\u00bb background_layout=\u00bbdark\u00bb animation_style=\u00bbfade\u00bb animation=\u00bboff\u00bb border_radii_image=\u00bbon|8px|8px|8px|8px\u00bb box_shadow_style_image=\u00bbpreset3&#8243; box_shadow_vertical_image=\u00bb40px\u00bb box_shadow_blur_image=\u00bb60px\u00bb box_shadow_spread_image=\u00bb-35px\u00bb global_colors_info=\u00bb{}\u00bb]<\/p>\n<p>Rafael S\u00e1nchez Serrano<\/p>\n<p>[\/et_pb_blurb][\/et_pb_column][et_pb_column type=\u00bb1_3&#8243; _builder_version=\u00bb4.16&#8243; custom_padding=\u00bb|||\u00bb global_colors_info=\u00bb{}\u00bb custom_padding__hover=\u00bb|||\u00bb][et_pb_blurb title=\u00bbVocal de estaci\u00f3n de penitencia, atenci\u00f3n y formaci\u00f3n al hermano\u00bb admin_label=\u00bbService\u00bb _builder_version=\u00bb4.18.0&#8243; header_font=\u00bbOswald|||on|||||\u00bb header_text_color=\u00bb#d29f68&#8243; header_font_size=\u00bb16px\u00bb header_letter_spacing=\u00bb2px\u00bb header_line_height=\u00bb1.7em\u00bb body_font=\u00bbLora||||||||\u00bb body_font_size=\u00bb16px\u00bb body_line_height=\u00bb1.9em\u00bb background_layout=\u00bbdark\u00bb animation_style=\u00bbfade\u00bb animation_delay=\u00bb100ms\u00bb animation=\u00bboff\u00bb border_radii_image=\u00bbon|8px|8px|8px|8px\u00bb box_shadow_style_image=\u00bbpreset3&#8243; box_shadow_vertical_image=\u00bb40px\u00bb box_shadow_blur_image=\u00bb60px\u00bb box_shadow_spread_image=\u00bb-35px\u00bb global_colors_info=\u00bb{}\u00bb]<\/p>\n<p>Lourdes Mangas del Pino<\/p>\n<p>[\/et_pb_blurb][\/et_pb_column][et_pb_column type=\u00bb1_3&#8243; _builder_version=\u00bb4.16&#8243; custom_padding=\u00bb|||\u00bb global_colors_info=\u00bb{}\u00bb custom_padding__hover=\u00bb|||\u00bb][et_pb_blurb title=\u00bbVocal de publicaciones y comunicaci\u00f3n digital\u00bb admin_label=\u00bbService\u00bb _builder_version=\u00bb4.18.0&#8243; header_font=\u00bbOswald|||on|||||\u00bb header_text_color=\u00bb#d29f68&#8243; header_font_size=\u00bb16px\u00bb header_letter_spacing=\u00bb2px\u00bb header_line_height=\u00bb1.7em\u00bb body_font=\u00bbLora||||||||\u00bb body_font_size=\u00bb16px\u00bb body_line_height=\u00bb1.9em\u00bb background_layout=\u00bbdark\u00bb animation_style=\u00bbfade\u00bb animation_delay=\u00bb200ms\u00bb animation=\u00bboff\u00bb border_radii_image=\u00bbon|8px|8px|8px|8px\u00bb box_shadow_style_image=\u00bbpreset3&#8243; box_shadow_vertical_image=\u00bb40px\u00bb box_shadow_blur_image=\u00bb60px\u00bb box_shadow_spread_image=\u00bb-35px\u00bb global_colors_info=\u00bb{}\u00bb]<\/p>\n<p>Victor Bl\u00e1zquez Garc\u00eda<\/p>\n<p>[\/et_pb_blurb][\/et_pb_column][\/et_pb_row][et_pb_row column_structure=\u00bb1_3,1_3,1_3&#8243; admin_label=\u00bbServices Row\u00bb _builder_version=\u00bb4.16&#8243; locked=\u00bboff\u00bb global_colors_info=\u00bb{}\u00bb][et_pb_column type=\u00bb1_3&#8243; _builder_version=\u00bb4.16&#8243; custom_padding=\u00bb|||\u00bb global_colors_info=\u00bb{}\u00bb custom_padding__hover=\u00bb|||\u00bb][et_pb_blurb title=\u00bbTesorero\u00bb admin_label=\u00bbService\u00bb _builder_version=\u00bb4.18.0&#8243; header_font=\u00bbOswald|||on|||||\u00bb header_text_color=\u00bb#d29f68&#8243; header_font_size=\u00bb16px\u00bb header_letter_spacing=\u00bb2px\u00bb header_line_height=\u00bb1.7em\u00bb body_font=\u00bbLora||||||||\u00bb body_font_size=\u00bb16px\u00bb body_line_height=\u00bb1.9em\u00bb background_layout=\u00bbdark\u00bb animation_style=\u00bbfade\u00bb animation=\u00bboff\u00bb border_radii_image=\u00bbon|8px|8px|8px|8px\u00bb box_shadow_style_image=\u00bbpreset3&#8243; box_shadow_vertical_image=\u00bb40px\u00bb box_shadow_blur_image=\u00bb60px\u00bb box_shadow_spread_image=\u00bb-35px\u00bb global_colors_info=\u00bb{}\u00bb]<\/p>\n<p>Javier Carvajal Garc\u00eda<\/p>\n<p>[\/et_pb_blurb][\/et_pb_column][et_pb_column type=\u00bb1_3&#8243; _builder_version=\u00bb4.16&#8243; custom_padding=\u00bb|||\u00bb global_colors_info=\u00bb{}\u00bb custom_padding__hover=\u00bb|||\u00bb][et_pb_blurb title=\u00bbvice-tesorero\u00bb admin_label=\u00bbService\u00bb _builder_version=\u00bb4.18.0&#8243; header_font=\u00bbOswald|||on|||||\u00bb header_text_color=\u00bb#d29f68&#8243; header_font_size=\u00bb16px\u00bb header_letter_spacing=\u00bb2px\u00bb header_line_height=\u00bb1.7em\u00bb body_font=\u00bbLora||||||||\u00bb body_font_size=\u00bb16px\u00bb body_line_height=\u00bb1.9em\u00bb background_layout=\u00bbdark\u00bb animation_style=\u00bbfade\u00bb animation_delay=\u00bb100ms\u00bb animation=\u00bboff\u00bb border_radii_image=\u00bbon|8px|8px|8px|8px\u00bb box_shadow_style_image=\u00bbpreset3&#8243; box_shadow_vertical_image=\u00bb40px\u00bb box_shadow_blur_image=\u00bb60px\u00bb box_shadow_spread_image=\u00bb-35px\u00bb global_colors_info=\u00bb{}\u00bb]<\/p>\n<p>Pedro Pablo P\u00e9rez Contreras<\/p>\n<p>[\/et_pb_blurb][\/et_pb_column][et_pb_column type=\u00bb1_3&#8243; _builder_version=\u00bb4.16&#8243; custom_padding=\u00bb|||\u00bb global_colors_info=\u00bb{}\u00bb custom_padding__hover=\u00bb|||\u00bb][et_pb_blurb title=\u00bbVocales de Tesorer\u00eda\u00bb admin_label=\u00bbService\u00bb _builder_version=\u00bb4.18.0&#8243; header_font=\u00bbOswald|||on|||||\u00bb header_text_color=\u00bb#d29f68&#8243; header_font_size=\u00bb16px\u00bb header_letter_spacing=\u00bb2px\u00bb header_line_height=\u00bb1.7em\u00bb body_font=\u00bbLora||||||||\u00bb body_font_size=\u00bb16px\u00bb body_line_height=\u00bb1.9em\u00bb background_layout=\u00bbdark\u00bb animation_style=\u00bbfade\u00bb animation_delay=\u00bb200ms\u00bb animation=\u00bboff\u00bb border_radii_image=\u00bbon|8px|8px|8px|8px\u00bb box_shadow_style_image=\u00bbpreset3&#8243; box_shadow_vertical_image=\u00bb40px\u00bb box_shadow_blur_image=\u00bb60px\u00bb box_shadow_spread_image=\u00bb-35px\u00bb global_colors_info=\u00bb{}\u00bb]<\/p>\n<p>Juan Antonio Mora Morillo<\/p>\n<p>Manuel arranco Carmona\u00a0<\/p>\n<p>Antonio Jes\u00fas Gomez Carmona<\/p>\n<p>[\/et_pb_blurb][\/et_pb_column][\/et_pb_row][et_pb_row column_structure=\u00bb1_3,1_3,1_3&#8243; admin_label=\u00bbServices Row\u00bb _builder_version=\u00bb4.16&#8243; locked=\u00bboff\u00bb global_colors_info=\u00bb{}\u00bb][et_pb_column type=\u00bb1_3&#8243; _builder_version=\u00bb4.16&#8243; custom_padding=\u00bb|||\u00bb global_colors_info=\u00bb{}\u00bb custom_padding__hover=\u00bb|||\u00bb][et_pb_blurb title=\u00bbMayordomo\u00bb admin_label=\u00bbService\u00bb _builder_version=\u00bb4.18.0&#8243; header_font=\u00bbOswald|||on|||||\u00bb header_text_color=\u00bb#d29f68&#8243; header_font_size=\u00bb16px\u00bb header_letter_spacing=\u00bb2px\u00bb header_line_height=\u00bb1.7em\u00bb body_font=\u00bbLora||||||||\u00bb body_font_size=\u00bb16px\u00bb body_line_height=\u00bb1.9em\u00bb background_layout=\u00bbdark\u00bb animation_style=\u00bbfade\u00bb animation=\u00bboff\u00bb border_radii_image=\u00bbon|8px|8px|8px|8px\u00bb box_shadow_style_image=\u00bbpreset3&#8243; box_shadow_vertical_image=\u00bb40px\u00bb box_shadow_blur_image=\u00bb60px\u00bb box_shadow_spread_image=\u00bb-35px\u00bb global_colors_info=\u00bb{}\u00bb]<\/p>\n<p>Andr\u00e9s Parejo Jim\u00e9nez<\/p>\n<p>[\/et_pb_blurb][\/et_pb_column][et_pb_column type=\u00bb1_3&#8243; _builder_version=\u00bb4.16&#8243; custom_padding=\u00bb|||\u00bb global_colors_info=\u00bb{}\u00bb custom_padding__hover=\u00bb|||\u00bb][et_pb_blurb title=\u00bbVice-mayordomo\u00bb admin_label=\u00bbService\u00bb _builder_version=\u00bb4.18.0&#8243; header_font=\u00bbOswald|||on|||||\u00bb header_text_color=\u00bb#d29f68&#8243; header_font_size=\u00bb16px\u00bb header_letter_spacing=\u00bb2px\u00bb header_line_height=\u00bb1.7em\u00bb body_font=\u00bbLora||||||||\u00bb body_font_size=\u00bb16px\u00bb body_line_height=\u00bb1.9em\u00bb background_layout=\u00bbdark\u00bb animation_style=\u00bbfade\u00bb animation_delay=\u00bb100ms\u00bb animation=\u00bboff\u00bb border_radii_image=\u00bbon|8px|8px|8px|8px\u00bb box_shadow_style_image=\u00bbpreset3&#8243; box_shadow_vertical_image=\u00bb40px\u00bb box_shadow_blur_image=\u00bb60px\u00bb box_shadow_spread_image=\u00bb-35px\u00bb global_colors_info=\u00bb{}\u00bb]<\/p>\n<p>Jes\u00fas P\u00e9rez Bergillos<\/p>\n<p>[\/et_pb_blurb][\/et_pb_column][et_pb_column type=\u00bb1_3&#8243; _builder_version=\u00bb4.16&#8243; custom_padding=\u00bb|||\u00bb global_colors_info=\u00bb{}\u00bb custom_padding__hover=\u00bb|||\u00bb][et_pb_blurb title=\u00bbMayordomo del Paso de Ntro. Padre Jes\u00fas de la Columna\u00bb admin_label=\u00bbService\u00bb _builder_version=\u00bb4.18.0&#8243; header_font=\u00bbOswald|||on|||||\u00bb header_text_color=\u00bb#d29f68&#8243; header_font_size=\u00bb16px\u00bb header_letter_spacing=\u00bb2px\u00bb header_line_height=\u00bb1.7em\u00bb body_font=\u00bbLora||||||||\u00bb body_font_size=\u00bb16px\u00bb body_line_height=\u00bb1.9em\u00bb background_layout=\u00bbdark\u00bb animation_style=\u00bbfade\u00bb animation_delay=\u00bb200ms\u00bb animation=\u00bboff\u00bb border_radii_image=\u00bbon|8px|8px|8px|8px\u00bb box_shadow_style_image=\u00bbpreset3&#8243; box_shadow_vertical_image=\u00bb40px\u00bb box_shadow_blur_image=\u00bb60px\u00bb box_shadow_spread_image=\u00bb-35px\u00bb global_colors_info=\u00bb{}\u00bb]<\/p>\n<p>Jes\u00fas Mu\u00f1oz Aguilar<\/p>\n<p>[\/et_pb_blurb][\/et_pb_column][\/et_pb_row][et_pb_row column_structure=\u00bb1_3,1_3,1_3&#8243; admin_label=\u00bbServices Row\u00bb _builder_version=\u00bb4.16&#8243; locked=\u00bboff\u00bb global_colors_info=\u00bb{}\u00bb][et_pb_column type=\u00bb1_3&#8243; _builder_version=\u00bb4.16&#8243; custom_padding=\u00bb|||\u00bb global_colors_info=\u00bb{}\u00bb custom_padding__hover=\u00bb|||\u00bb][et_pb_blurb title=\u00bbMayordomo del Paso de Mar\u00eda Stma. de la Paz y Esperanza\u00bb admin_label=\u00bbService\u00bb _builder_version=\u00bb4.18.0&#8243; header_font=\u00bbOswald|||on|||||\u00bb header_text_color=\u00bb#d29f68&#8243; header_font_size=\u00bb16px\u00bb header_letter_spacing=\u00bb2px\u00bb header_line_height=\u00bb1.7em\u00bb body_font=\u00bbLora||||||||\u00bb body_font_size=\u00bb16px\u00bb body_line_height=\u00bb1.9em\u00bb background_layout=\u00bbdark\u00bb animation_style=\u00bbfade\u00bb animation=\u00bboff\u00bb border_radii_image=\u00bbon|8px|8px|8px|8px\u00bb box_shadow_style_image=\u00bbpreset3&#8243; box_shadow_vertical_image=\u00bb40px\u00bb box_shadow_blur_image=\u00bb60px\u00bb box_shadow_spread_image=\u00bb-35px\u00bb global_colors_info=\u00bb{}\u00bb]<\/p>\n<p>Miguel \u00c1ngel Romero Ruiz<\/p>\n<p>[\/et_pb_blurb][\/et_pb_column][et_pb_column type=\u00bb1_3&#8243; _builder_version=\u00bb4.16&#8243; custom_padding=\u00bb|||\u00bb global_colors_info=\u00bb{}\u00bb custom_padding__hover=\u00bb|||\u00bb][et_pb_blurb title=\u00bbvocal de culto, atenci\u00f3n espiritual y camarera\u00bb admin_label=\u00bbService\u00bb _builder_version=\u00bb4.18.0&#8243; header_font=\u00bbOswald|||on|||||\u00bb header_text_color=\u00bb#d29f68&#8243; header_font_size=\u00bb16px\u00bb header_letter_spacing=\u00bb2px\u00bb header_line_height=\u00bb1.7em\u00bb body_font=\u00bbLora||||||||\u00bb body_font_size=\u00bb16px\u00bb body_line_height=\u00bb1.9em\u00bb background_layout=\u00bbdark\u00bb animation_style=\u00bbfade\u00bb animation_delay=\u00bb100ms\u00bb animation=\u00bboff\u00bb border_radii_image=\u00bbon|8px|8px|8px|8px\u00bb box_shadow_style_image=\u00bbpreset3&#8243; box_shadow_vertical_image=\u00bb40px\u00bb box_shadow_blur_image=\u00bb60px\u00bb box_shadow_spread_image=\u00bb-35px\u00bb global_colors_info=\u00bb{}\u00bb]<\/p>\n<p>Roc\u00edo Nieto Maya<\/p>\n<p>[\/et_pb_blurb][\/et_pb_column][et_pb_column type=\u00bb1_3&#8243; _builder_version=\u00bb4.16&#8243; custom_padding=\u00bb|||\u00bb global_colors_info=\u00bb{}\u00bb custom_padding__hover=\u00bb|||\u00bb][et_pb_blurb title=\u00bbVocal de Evangelizaci\u00f3n\u00bb admin_label=\u00bbService\u00bb _builder_version=\u00bb4.18.0&#8243; header_font=\u00bbOswald|||on|||||\u00bb header_text_color=\u00bb#d29f68&#8243; header_font_size=\u00bb16px\u00bb header_letter_spacing=\u00bb2px\u00bb header_line_height=\u00bb1.7em\u00bb body_font=\u00bbLora||||||||\u00bb body_font_size=\u00bb16px\u00bb body_line_height=\u00bb1.9em\u00bb background_layout=\u00bbdark\u00bb animation_style=\u00bbfade\u00bb animation_delay=\u00bb200ms\u00bb animation=\u00bboff\u00bb border_radii_image=\u00bbon|8px|8px|8px|8px\u00bb box_shadow_style_image=\u00bbpreset3&#8243; box_shadow_vertical_image=\u00bb40px\u00bb box_shadow_blur_image=\u00bb60px\u00bb box_shadow_spread_image=\u00bb-35px\u00bb global_colors_info=\u00bb{}\u00bb]<\/p>\n<p>Jos\u00e9 Guarde\u00f1o Mu\u00f1oz<\/p>\n<p>[\/et_pb_blurb][\/et_pb_column][\/et_pb_row][et_pb_row column_structure=\u00bb1_3,1_3,1_3&#8243; admin_label=\u00bbServices Row\u00bb _builder_version=\u00bb4.16&#8243; locked=\u00bboff\u00bb global_colors_info=\u00bb{}\u00bb][et_pb_column type=\u00bb1_3&#8243; _builder_version=\u00bb4.16&#8243; custom_padding=\u00bb|||\u00bb global_colors_info=\u00bb{}\u00bb custom_padding__hover=\u00bb|||\u00bb][et_pb_blurb title=\u00bbVocales de mayordom\u00eda\u00bb admin_label=\u00bbService\u00bb _builder_version=\u00bb4.18.0&#8243; header_font=\u00bbOswald|||on|||||\u00bb header_text_color=\u00bb#d29f68&#8243; header_font_size=\u00bb16px\u00bb header_letter_spacing=\u00bb2px\u00bb header_line_height=\u00bb1.7em\u00bb body_font=\u00bbLora||||||||\u00bb body_font_size=\u00bb16px\u00bb body_line_height=\u00bb1.9em\u00bb background_layout=\u00bbdark\u00bb animation_style=\u00bbfade\u00bb animation=\u00bboff\u00bb border_radii_image=\u00bbon|8px|8px|8px|8px\u00bb box_shadow_style_image=\u00bbpreset3&#8243; box_shadow_vertical_image=\u00bb40px\u00bb box_shadow_blur_image=\u00bb60px\u00bb box_shadow_spread_image=\u00bb-35px\u00bb global_colors_info=\u00bb{}\u00bb]<\/p>\n<p>Jes\u00fas Cobos Ju\u00e1rez<\/p>\n<p>Francisco Rodr\u00edguez Carnerero<\/p>\n<p>Jos\u00e9 Antonio Moreno L\u00f3pez<\/p>\n<p>Laura Ar\u00e9valo Garc\u00eda\u00a0<\/p>\n<p>Federico Ranchal Rodr\u00edguez\u00a0<\/p>\n<p>Manuel Franco Espinar<\/p>\n<p>Miguel \u00c1ngel Garc\u00eda Pe\u00f1alver<\/p>\n<p>Rafael Beato Chac\u00f3n<\/p>\n<p>&nbsp;<\/p>\n<p>[\/et_pb_blurb][\/et_pb_column][et_pb_column type=\u00bb1_3&#8243; _builder_version=\u00bb4.16&#8243; custom_padding=\u00bb|||\u00bb global_colors_info=\u00bb{}\u00bb custom_padding__hover=\u00bb|||\u00bb][\/et_pb_column][et_pb_column type=\u00bb1_3&#8243; _builder_version=\u00bb4.16&#8243; custom_padding=\u00bb|||\u00bb global_colors_info=\u00bb{}\u00bb custom_padding__hover=\u00bb|||\u00bb][\/et_pb_column][\/et_pb_row][\/et_pb_section][et_pb_section fb_built=\u00bb1&#8243; specialty=\u00bbon\u00bb admin_label=\u00bbFeatured\u00bb _builder_version=\u00bb4.18.0&#8243; background_color=\u00bb#000000&#8243; use_background_color_gradient=\u00bbon\u00bb background_color_gradient_stops=\u00bb#ffffff 0%|rgba(255,255,255,0) 100%\u00bb background_color_gradient_overlays_image=\u00bbon\u00bb background_color_gradient_start=\u00bb#ffffff\u00bb background_color_gradient_end=\u00bbrgba(255,255,255,0)\u00bb background_image=\u00bbhttps:\/\/columnayesperanzalucena.es\/wp-content\/uploads\/2022\/09\/C-O-L-U-M-N-A-03.-scaled.jpg\u00bb custom_padding=\u00bb0|0px|82px|0px|false|false\u00bb bottom_divider_style=\u00bbramp\u00bb bottom_divider_color=\u00bb#000000&#8243; global_colors_info=\u00bb{}\u00bb locked=\u00bboff\u00bb theme_builder_area=\u00bbpost_content\u00bb][et_pb_column type=\u00bb1_2&#8243; specialty_columns=\u00bb2&#8243; _builder_version=\u00bb4.16&#8243; custom_padding=\u00bb|||\u00bb global_colors_info=\u00bb{}\u00bb custom_padding__hover=\u00bb|||\u00bb theme_builder_area=\u00bbpost_content\u00bb][\/et_pb_column][et_pb_column type=\u00bb1_2&#8243; _builder_version=\u00bb4.16&#8243; custom_padding=\u00bb|||\u00bb global_colors_info=\u00bb{}\u00bb custom_padding__hover=\u00bb|||\u00bb theme_builder_area=\u00bbpost_content\u00bb][et_pb_button button_url=\u00bb@ET-DC@eyJkeW5hbWljIjp0cnVlLCJjb250ZW50IjoicG9zdF9saW5rX3VybF9wYWdlIiwic2V0dGluZ3MiOnsicG9zdF9pZCI6IjQ4OCJ9fQ==@\u00bb button_text=\u00bbHAZTE HERMANO\u00bb button_alignment=\u00bbright\u00bb _builder_version=\u00bb4.18.0&#8243; _dynamic_attributes=\u00bbbutton_url\u00bb _module_preset=\u00bbdefault\u00bb custom_button=\u00bbon\u00bb button_text_size=\u00bb20px\u00bb button_text_color=\u00bb#FFFFFF\u00bb button_bg_color=\u00bb#681310&#8243; button_border_radius=\u00bb30px\u00bb button_font=\u00bb|700|||||||\u00bb button_use_icon=\u00bboff\u00bb global_colors_info=\u00bb{}\u00bb theme_builder_area=\u00bbpost_content\u00bb][\/et_pb_button][et_pb_button button_url=\u00bb@ET-DC@eyJkeW5hbWljIjp0cnVlLCJjb250ZW50IjoicG9zdF9saW5rX3VybF9wYWdlIiwic2V0dGluZ3MiOnsicG9zdF9pZCI6IjY5NCJ9fQ==@\u00bb button_text=\u00bbDONATIVO\u00bb button_alignment=\u00bbright\u00bb _builder_version=\u00bb4.18.0&#8243; _dynamic_attributes=\u00bbbutton_url\u00bb _module_preset=\u00bbdefault\u00bb custom_button=\u00bbon\u00bb button_text_size=\u00bb20px\u00bb button_text_color=\u00bb#FFFFFF\u00bb button_bg_color=\u00bb#681310&#8243; button_border_radius=\u00bb30px\u00bb button_font=\u00bb|700|||||||\u00bb button_use_icon=\u00bboff\u00bb global_colors_info=\u00bb{}\u00bb theme_builder_area=\u00bbpost_content\u00bb][\/et_pb_button][\/et_pb_column][\/et_pb_section]<\/p>\n","protected":false},"excerpt":{"rendered":"<p>hermano mayor D. Javier S\u00e1nchez\u00a0 Cruz\u00a0nUESTROS TITULARES La hermandad representa el pasaje evang\u00e9lico de cuando el Salvador es azotado por el say\u00f3n en presencia del centuri\u00f3n romano, ambos salidos de la gubia del artista hispalense D. Juan Manuel Mi\u00f1arro L\u00f3pez. La imag\u00e9n de Nuestro Se\u00f1or es obra de Pedro Rold\u00e1n Onieva de 1.675, siendo encarnado [&hellip;]<\/p>\n","protected":false},"author":1,"featured_media":0,"parent":0,"menu_order":0,"comment_status":"closed","ping_status":"closed","template":"","meta":{"_et_pb_use_builder":"on","_et_pb_old_content":"","_et_gb_content_width":"","footnotes":""},"class_list":["post-253","page","type-page","status-publish","hentry"],"jetpack_sharing_enabled":true,"_links":{"self":[{"href":"https:\/\/columnayesperanzalucena.es\/index.php?rest_route=\/wp\/v2\/pages\/253","targetHints":{"allow":["GET"]}}],"collection":[{"href":"https:\/\/columnayesperanzalucena.es\/index.php?rest_route=\/wp\/v2\/pages"}],"about":[{"href":"https:\/\/columnayesperanzalucena.es\/index.php?rest_route=\/wp\/v2\/types\/page"}],"author":[{"embeddable":true,"href":"https:\/\/columnayesperanzalucena.es\/index.php?rest_route=\/wp\/v2\/users\/1"}],"replies":[{"embeddable":true,"href":"https:\/\/columnayesperanzalucena.es\/index.php?rest_route=%2Fwp%2Fv2%2Fcomments&post=253"}],"version-history":[{"count":18,"href":"https:\/\/columnayesperanzalucena.es\/index.php?rest_route=\/wp\/v2\/pages\/253\/revisions"}],"predecessor-version":[{"id":804,"href":"https:\/\/columnayesperanzalucena.es\/index.php?rest_route=\/wp\/v2\/pages\/253\/revisions\/804"}],"wp:attachment":[{"href":"https:\/\/columnayesperanzalucena.es\/index.php?rest_route=%2Fwp%2Fv2%2Fmedia&parent=253"}],"curies":[{"name":"wp","href":"https:\/\/api.w.org\/{rel}","templated":true}]}}