{"id":133,"date":"2022-09-22T15:01:46","date_gmt":"2022-09-22T15:01:46","guid":{"rendered":"https:\/\/columnayesperanzalucena.es\/?page_id=133"},"modified":"2022-10-26T17:54:12","modified_gmt":"2022-10-26T17:54:12","slug":"inicio","status":"publish","type":"page","link":"https:\/\/columnayesperanzalucena.es\/","title":{"rendered":"INICIO"},"content":{"rendered":"<p>[et_pb_section fb_built=\u00bb1&#8243; fullwidth=\u00bbon\u00bb admin_label=\u00bbHeader Section\u00bb _builder_version=\u00bb4.18.0&#8243; background_color=\u00bb#000000&#8243; background_enable_image=\u00bboff\u00bb top_divider_style=\u00bbwave2&#8243; top_divider_color=\u00bb#681310&#8243; top_divider_height=\u00bb80px\u00bb top_divider_repeat=\u00bb1x\u00bb top_divider_flip=\u00bbhorizontal\u00bb bottom_divider_flip=\u00bbhorizontal\u00bb global_colors_info=\u00bb{}\u00bb][et_pb_fullwidth_header title=\u00bb   \u00bb subhead=\u00bbColumna y Esperanza\u00bb header_fullscreen=\u00bbon\u00bb button_one_text=\u00bbhazte hermano\u00bb button_one_url=\u00bb@ET-DC@eyJkeW5hbWljIjp0cnVlLCJjb250ZW50IjoicG9zdF9saW5rX3VybF9wYWdlIiwic2V0dGluZ3MiOnsicG9zdF9pZCI6IjQ4OCJ9fQ==@\u00bb content_max_width=\u00bb28%\u00bb _builder_version=\u00bb4.18.0&#8243; _dynamic_attributes=\u00bbbutton_one_url\u00bb title_font=\u00bbOswald|700||on|||||\u00bb title_font_size=\u00bb20px\u00bb title_letter_spacing=\u00bb3px\u00bb title_line_height=\u00bb1.5em\u00bb content_font=\u00bbTimes New Roman|700|||||||\u00bb content_text_align=\u00bbleft\u00bb content_text_color=\u00bb#FFFFFF\u00bb content_font_size=\u00bb40px\u00bb content_letter_spacing=\u00bb3px\u00bb content_line_height=\u00bb2em\u00bb subhead_font=\u00bbTimes New Roman|700|||||||\u00bb subhead_text_align=\u00bbcenter\u00bb subhead_text_color=\u00bb#FFFFFF\u00bb subhead_font_size=\u00bb70px\u00bb subhead_line_height=\u00bb1.1em\u00bb background_enable_color=\u00bboff\u00bb use_background_color_gradient=\u00bbon\u00bb background_color_gradient_stops=\u00bbrgba(0,0,0,0.9) 1%|rgba(179,179,179,0.34) 100%\u00bb background_color_gradient_overlays_image=\u00bbon\u00bb background_image=\u00bbhttps:\/\/columnayesperanzalucena.es\/wp-content\/uploads\/2022\/09\/C-O-L-U-M-N-A-19.-scaled.jpg\u00bb parallax=\u00bbon\u00bb parallax_method=\u00bbon\u00bb custom_button_one=\u00bbon\u00bb button_one_text_size=\u00bb18px\u00bb button_one_text_color=\u00bb#FFFFFF\u00bb button_one_bg_color=\u00bb#681310&#8243; button_one_border_color=\u00bbrgba(210,159,104,0)\u00bb button_one_border_radius=\u00bb100px\u00bb button_one_letter_spacing=\u00bb0px\u00bb button_one_font=\u00bb|700||on|||||\u00bb button_one_use_icon=\u00bboff\u00bb custom_button_two=\u00bbon\u00bb button_two_text_size=\u00bb18px\u00bb button_two_text_color=\u00bb#FFFFFF\u00bb button_two_bg_color=\u00bb#72ba1f\u00bb button_two_border_width=\u00bb2px\u00bb button_two_border_color=\u00bbrgba(216,216,216,0)\u00bb button_two_border_radius=\u00bb100px\u00bb button_two_letter_spacing=\u00bb2px\u00bb button_two_font=\u00bbOswald|700||on|||||\u00bb button_two_use_icon=\u00bboff\u00bb background_layout=\u00bblight\u00bb custom_padding=\u00bb30px||30px||true|false\u00bb animation_style=\u00bbzoom\u00bb animation_duration=\u00bb2000ms\u00bb animation_intensity_zoom=\u00bb4%\u00bb subhead_font_size_tablet=\u00bb30px\u00bb subhead_font_size_phone=\u00bb25px\u00bb subhead_font_size_last_edited=\u00bbon|desktop\u00bb content_text_shadow_style=\u00bbpreset1&#8243; subhead_text_shadow_style=\u00bbpreset1&#8243; border_style_all_image=\u00bbnone\u00bb box_shadow_style_button_one=\u00bbpreset1&#8243; box_shadow_style_button_two=\u00bbpreset1&#8243; button_one_border_radius_hover=\u00bb100px\u00bb button_one_bg_color_hover=\u00bb#cc8d66&#8243; button_two_bg_color_hover=\u00bb#d29f68&#8243; global_colors_info=\u00bb{}\u00bb button_one_text_size__hover_enabled=\u00bboff\u00bb button_two_text_size__hover_enabled=\u00bboff\u00bb button_one_text_color__hover_enabled=\u00bboff\u00bb button_two_text_color__hover_enabled=\u00bboff\u00bb button_one_border_width__hover_enabled=\u00bboff\u00bb button_two_border_width__hover_enabled=\u00bboff\u00bb button_one_border_color__hover_enabled=\u00bboff\u00bb button_two_border_color__hover_enabled=\u00bboff\u00bb button_one_border_radius__hover_enabled=\u00bbon\u00bb button_one_border_radius__hover=\u00bb100px\u00bb button_two_border_radius__hover_enabled=\u00bboff\u00bb button_one_letter_spacing__hover_enabled=\u00bboff\u00bb button_two_letter_spacing__hover_enabled=\u00bboff\u00bb button_one_bg_color__hover_enabled=\u00bbon|desktop\u00bb button_one_bg_color__hover=\u00bb#cc8d66&#8243; button_two_bg_color__hover_enabled=\u00bbon\u00bb button_two_bg_color__hover=\u00bb#d29f68&#8243; button_one_custom_margin__hover_enabled=\u00bbon|desktop\u00bb]<\/p>\n<p style=\"text-align: left;\">Lucena<\/p>\n<p>&nbsp;<\/p>\n<p>[\/et_pb_fullwidth_header][\/et_pb_section][et_pb_section fb_built=\u00bb1&#8243; _builder_version=\u00bb4.18.0&#8243; _module_preset=\u00bbdefault\u00bb global_colors_info=\u00bb{}\u00bb][et_pb_row column_structure=\u00bb2_3,1_3&#8243; _builder_version=\u00bb4.18.0&#8243; _module_preset=\u00bbdefault\u00bb global_colors_info=\u00bb{}\u00bb][et_pb_column type=\u00bb2_3&#8243; _builder_version=\u00bb4.18.0&#8243; _module_preset=\u00bbdefault\u00bb global_colors_info=\u00bb{}\u00bb][et_pb_post_slider posts_number=\u00bb3&#8243; include_categories=\u00bball\u00bb show_meta=\u00bboff\u00bb image_placement=\u00bbright\u00bb bg_overlay_color=\u00bb#000000&#8243; use_text_overlay=\u00bboff\u00bb show_image_video_mobile=\u00bbon\u00bb _builder_version=\u00bb4.18.0&#8243; _module_preset=\u00bbdefault\u00bb background_color=\u00bbRGBA(255,255,255,0)\u00bb global_colors_info=\u00bb{}\u00bb][\/et_pb_post_slider][\/et_pb_column][et_pb_column type=\u00bb1_3&#8243; _builder_version=\u00bb4.18.0&#8243; _module_preset=\u00bbdefault\u00bb global_colors_info=\u00bb{}\u00bb][et_pb_text _builder_version=\u00bb4.18.0&#8243; _module_preset=\u00bbd72c0383-6487-4f2c-ac5c-7d48a6376757&#8243; text_font=\u00bbTimes New Roman|700|||||||\u00bb text_text_color=\u00bb#0f0099&#8243; text_font_size=\u00bb27px\u00bb text_letter_spacing=\u00bb1px\u00bb header_font=\u00bbKrona One|||on|||||\u00bb header_text_color=\u00bb#2600bf\u00bb header_font_size=\u00bb96px\u00bb header_line_height=\u00bb1.2em\u00bb header_2_text_color=\u00bb#00138e\u00bb header_2_font_size=\u00bb37px\u00bb text_orientation=\u00bbcenter\u00bb custom_margin=\u00bb||||false|false\u00bb custom_margin_tablet=\u00bb||40px||false|false\u00bb custom_margin_phone=\u00bb||20px||false|false\u00bb custom_margin_last_edited=\u00bboff|desktop\u00bb custom_padding_tablet=\u00bb||20px||false|false\u00bb custom_padding_phone=\u00bb||0px||false|false\u00bb custom_padding_last_edited=\u00bboff|desktop\u00bb header_font_size_tablet=\u00bb50px\u00bb header_font_size_phone=\u00bb30px\u00bb header_font_size_last_edited=\u00bbon|phone\u00bb locked=\u00bboff\u00bb global_colors_info=\u00bb{}\u00bb]<\/p>\n<h2 style=\"text-align: left;\"><strong>|| AGENDA<\/strong><\/h2>\n<p>[\/et_pb_text][et_pb_code _builder_version=\u00bb4.18.0&#8243; _module_preset=\u00bbdefault\u00bb global_colors_info=\u00bb{}\u00bb]<div class=\"simcal-calendar simcal-default-calendar simcal-default-calendar-list simcal-default-calendar-light\" data-calendar-id=\"193\" data-timezone=\"UTC\" data-offset=\"0\" data-week-start=\"1\" data-calendar-start=\"1777680000\" data-calendar-end=\"1797638341\" data-events-first=\"1797552059\" data-events-last=\"1797638341\"><div class=\"simcal-calendar-list \"><dl class=\"simcal-events-list-container\" data-prev=\"1797552059\" data-next=\"1797638341\" data-heading-small=\"Dic 18, 2026\" data-heading-large=\"diciembre 18, 2026\">\t<dt class=\"simcal-day-label\" style=\"border-bottom: 1px solid #000000;\" ><span style=\"background-color: #000000; color: #ffffff;\"><span class=\"simcal-date-format\" data-date-format=\"F j, Y\">diciembre 18, 2026<\/span> <\/span><\/dt>\n<dd class=\"simcal-weekday-5 simcal-past simcal-day simcal-day-has-events simcal-day-has-1-events simcal-events-calendar-193\" data-events-count=\"1\">\n\t<ul class=\"simcal-events\">\n\t<li class=\"simcal-event simcal-event-recurring simcal-events-calendar-193\" style=\"\" itemscope itemtype=\"http:\/\/schema.org\/Event\" data-start=\"1797552059\">\n\t\t<div class=\"simcal-event-details\"><strong><span class=\"simcal-event-title\" itemprop=\"name\">D\u00eda de la Virgen de la Esperanza<\/span><\/strong>\r\n\r\n<span class=\"simcal-event-start simcal-event-start-date\" data-event-start=\"1797552059\" data-event-format=\"F j, Y\" itemprop=\"startDate\" content=\"2026-12-18T00:00:59+00:00\">diciembre 18, 2026<\/span>\r\n <span class=\"simcal-event-address simcal-event-start-location\" itemprop=\"location\" itemscope itemtype=\"http:\/\/schema.org\/Place\"><meta itemprop=\"name\" content=\"D\u00eda de la Virgen de la Esperanza\" \/><meta itemprop=\"address\" content=\"D\u00eda de la Virgen de la Esperanza\" \/><\/span>\r\n<div><\/div><\/div>\n\t<\/li>\n<\/ul>\n\n<\/dd>\n<\/dl><div class=\"simcal-ajax-loader simcal-spinner-top\" style=\"display: none;\"><i class=\"simcal-icon-spinner simcal-icon-spin\"><\/i><\/div><\/div><\/div>[\/et_pb_code][\/et_pb_column][\/et_pb_row][\/et_pb_section][et_pb_section fb_built=\u00bb1&#8243; custom_padding_last_edited=\u00bbon|phone\u00bb admin_label=\u00bbHeader\u00bb _builder_version=\u00bb4.18.0&#8243; _module_preset=\u00bbdefault\u00bb custom_padding=\u00bb28px||||false|false\u00bb custom_padding_tablet=\u00bb100px||||false|false\u00bb custom_padding_phone=\u00bb60px||||false|false\u00bb top_divider_color=\u00bb#af0034&#8243; top_divider_height=\u00bb80px\u00bb global_colors_info=\u00bb{}\u00bb][et_pb_row _builder_version=\u00bb4.18.0&#8243; _module_preset=\u00bbdefault\u00bb custom_padding=\u00bb||0px||false|false\u00bb global_colors_info=\u00bb{}\u00bb][et_pb_column type=\u00bb4_4&#8243; _builder_version=\u00bb4.18.0&#8243; _module_preset=\u00bbdefault\u00bb global_colors_info=\u00bb{}\u00bb][et_pb_text _builder_version=\u00bb4.18.0&#8243; _module_preset=\u00bbd72c0383-6487-4f2c-ac5c-7d48a6376757&#8243; text_font=\u00bbTimes New Roman|700|||||||\u00bb text_text_color=\u00bb#0f0099&#8243; text_font_size=\u00bb27px\u00bb text_letter_spacing=\u00bb1px\u00bb header_font=\u00bbKrona One|||on|||||\u00bb header_text_color=\u00bb#2600bf\u00bb header_font_size=\u00bb96px\u00bb header_line_height=\u00bb1.2em\u00bb header_2_text_color=\u00bb#00138e\u00bb header_2_font_size=\u00bb37px\u00bb text_orientation=\u00bbcenter\u00bb custom_margin=\u00bb||||false|false\u00bb custom_margin_tablet=\u00bb||40px||false|false\u00bb custom_margin_phone=\u00bb||20px||false|false\u00bb custom_margin_last_edited=\u00bboff|desktop\u00bb custom_padding_tablet=\u00bb||20px||false|false\u00bb custom_padding_phone=\u00bb||0px||false|false\u00bb custom_padding_last_edited=\u00bboff|desktop\u00bb header_font_size_tablet=\u00bb50px\u00bb header_font_size_phone=\u00bb30px\u00bb header_font_size_last_edited=\u00bbon|phone\u00bb global_colors_info=\u00bb{}\u00bb]<\/p>\n<h2 style=\"text-align: left;\"><strong>|| \u00daltimas Noticias<\/strong><\/h2>\n<p>[\/et_pb_text][\/et_pb_column][\/et_pb_row][et_pb_row _builder_version=\u00bb4.18.0&#8243; _module_preset=\u00bbdefault\u00bb global_colors_info=\u00bb{}\u00bb][et_pb_column type=\u00bb4_4&#8243; _builder_version=\u00bb4.17.6&#8243; _module_preset=\u00bbdefault\u00bb global_colors_info=\u00bb{}\u00bb][et_pb_blog fullwidth=\u00bboff\u00bb posts_number=\u00bb3&#8243; include_categories=\u00bball\u00bb excerpt_length=\u00bb70&#8243; show_more=\u00bbon\u00bb show_author=\u00bboff\u00bb show_categories=\u00bboff\u00bb show_excerpt=\u00bboff\u00bb masonry_tile_background_color=\u00bbRGBA(255,255,255,0)\u00bb _builder_version=\u00bb4.18.0&#8243; _module_preset=\u00bbdf48fd7c-b6d4-4887-8541-1e9f4fc58ea7&#8243; header_font=\u00bbAlike||||||||\u00bb header_text_color=\u00bb#000000&#8243; header_font_size=\u00bb20px\u00bb header_line_height=\u00bb1.4em\u00bb body_font=\u00bbInter||||||||\u00bb body_text_color=\u00bb#565559&#8243; body_line_height=\u00bb1.8em\u00bb meta_font=\u00bbInter|700||on|||||\u00bb meta_text_color=\u00bb#D9B882&#8243; read_more_font=\u00bbInter|700||on|||||\u00bb read_more_text_color=\u00bb#000000&#8243; pagination_font=\u00bbInter|700||on|||||\u00bb pagination_text_color=\u00bb#000000&#8243; header_font_size_tablet=\u00bb16px\u00bb header_font_size_phone=\u00bb15px\u00bb header_font_size_last_edited=\u00bbon|desktop\u00bb body_font_size_tablet=\u00bb15px\u00bb body_font_size_phone=\u00bb14px\u00bb body_font_size_last_edited=\u00bbon|phone\u00bb border_width_all=\u00bb0px\u00bb locked=\u00bboff\u00bb global_colors_info=\u00bb{}\u00bb][\/et_pb_blog][\/et_pb_column][\/et_pb_row][\/et_pb_section][et_pb_section fb_built=\u00bb1&#8243; prev_background_color=\u00bb#ffffff\u00bb next_background_color=\u00bb#ffffff\u00bb _builder_version=\u00bb4.18.0&#8243; _module_preset=\u00bbdefault\u00bb use_background_color_gradient=\u00bbon\u00bb background_color_gradient_stops=\u00bb#d6d6d6 0px|rgba(214,214,214,0.78) 100px\u00bb background_color_gradient_unit=\u00bbpx\u00bb background_color_gradient_overlays_image=\u00bbon\u00bb background_image=\u00bbhttps:\/\/columnayesperanzalucena.es\/wp-content\/uploads\/2022\/09\/IMG_6703.jpg\u00bb parallax=\u00bbon\u00bb custom_padding=\u00bb3px|||||\u00bb top_divider_style=\u00bbwave\u00bb top_divider_height=\u00bb40px\u00bb bottom_divider_style=\u00bbwave\u00bb bottom_divider_height=\u00bb40px\u00bb global_colors_info=\u00bb{}\u00bb][et_pb_row column_structure=\u00bb1_4,1_4,1_4,1_4&#8243; _builder_version=\u00bb4.18.0&#8243; _module_preset=\u00bbdefault\u00bb global_colors_info=\u00bb{}\u00bb][et_pb_column type=\u00bb1_4&#8243; _builder_version=\u00bb4.18.0&#8243; _module_preset=\u00bbdefault\u00bb global_colors_info=\u00bb{}\u00bb][et_pb_image src=\u00bbhttps:\/\/columnayesperanzalucena.es\/wp-content\/uploads\/2022\/09\/acceso-hermanos.png\u00bb title_text=\u00bbacceso-hermanos\u00bb url=\u00bb@ET-DC@eyJkeW5hbWljIjp0cnVlLCJjb250ZW50IjoicG9zdF9saW5rX3VybF9wYWdlIiwic2V0dGluZ3MiOnsicG9zdF9pZCI6IjQ4OCJ9fQ==@\u00bb align=\u00bbcenter\u00bb _builder_version=\u00bb4.18.0&#8243; _dynamic_attributes=\u00bburl\u00bb _module_preset=\u00bbdefault\u00bb global_colors_info=\u00bb{}\u00bb][\/et_pb_image][et_pb_text _builder_version=\u00bb4.18.0&#8243; _dynamic_attributes=\u00bblink_option_url\u00bb _module_preset=\u00bbdefault\u00bb text_font=\u00bbTimes New Roman|700|||||||\u00bb text_text_color=\u00bb#000000&#8243; text_font_size=\u00bb20px\u00bb text_orientation=\u00bbcenter\u00bb link_option_url=\u00bb@ET-DC@eyJkeW5hbWljIjp0cnVlLCJjb250ZW50IjoicG9zdF9saW5rX3VybF9wYWdlIiwic2V0dGluZ3MiOnsicG9zdF9pZCI6IjQ4OCJ9fQ==@\u00bb global_colors_info=\u00bb{}\u00bb]<\/p>\n<p style=\"text-align: center;\">HAZTE HERMANO<\/p>\n<p>[\/et_pb_text][\/et_pb_column][et_pb_column type=\u00bb1_4&#8243; _builder_version=\u00bb4.18.0&#8243; _module_preset=\u00bbdefault\u00bb global_colors_info=\u00bb{}\u00bb][et_pb_image src=\u00bbhttps:\/\/columnayesperanzalucena.es\/wp-content\/uploads\/2022\/09\/alta-hermanos.png\u00bb title_text=\u00bbalta-hermanos\u00bb url=\u00bb@ET-DC@eyJkeW5hbWljIjp0cnVlLCJjb250ZW50IjoicG9zdF9saW5rX3VybF9wYWdlIiwic2V0dGluZ3MiOnsicG9zdF9pZCI6IjYxNSJ9fQ==@\u00bb align=\u00bbcenter\u00bb _builder_version=\u00bb4.18.0&#8243; _dynamic_attributes=\u00bburl\u00bb _module_preset=\u00bbdefault\u00bb global_colors_info=\u00bb{}\u00bb][\/et_pb_image][et_pb_text _builder_version=\u00bb4.18.0&#8243; _dynamic_attributes=\u00bblink_option_url\u00bb _module_preset=\u00bbdefault\u00bb text_font=\u00bbTimes New Roman|700|||||||\u00bb text_text_color=\u00bb#000000&#8243; text_font_size=\u00bb20px\u00bb text_orientation=\u00bbcenter\u00bb link_option_url=\u00bb@ET-DC@eyJkeW5hbWljIjp0cnVlLCJjb250ZW50IjoicG9zdF9saW5rX3VybF9wYWdlIiwic2V0dGluZ3MiOnsicG9zdF9pZCI6IjYxNSJ9fQ==@\u00bb locked=\u00bboff\u00bb global_colors_info=\u00bb{}\u00bb]<\/p>\n<p style=\"text-align: center;\">ACTUALIZA TUS DATOS<\/p>\n<p>[\/et_pb_text][\/et_pb_column][et_pb_column type=\u00bb1_4&#8243; _builder_version=\u00bb4.18.0&#8243; _module_preset=\u00bbdefault\u00bb global_colors_info=\u00bb{}\u00bb][et_pb_image src=\u00bbhttps:\/\/columnayesperanzalucena.es\/wp-content\/uploads\/2022\/09\/donativos.png\u00bb title_text=\u00bbdonativos\u00bb url=\u00bb@ET-DC@eyJkeW5hbWljIjp0cnVlLCJjb250ZW50IjoicG9zdF9saW5rX3VybF9wYWdlIiwic2V0dGluZ3MiOnsicG9zdF9pZCI6IjY5NCJ9fQ==@\u00bb _builder_version=\u00bb4.18.0&#8243; _dynamic_attributes=\u00bburl\u00bb _module_preset=\u00bbdefault\u00bb global_colors_info=\u00bb{}\u00bb][\/et_pb_image][et_pb_text _builder_version=\u00bb4.18.0&#8243; _dynamic_attributes=\u00bblink_option_url\u00bb _module_preset=\u00bbdefault\u00bb text_font=\u00bbTimes New Roman|700|||||||\u00bb text_text_color=\u00bb#000000&#8243; text_font_size=\u00bb20px\u00bb text_orientation=\u00bbcenter\u00bb link_option_url=\u00bb@ET-DC@eyJkeW5hbWljIjp0cnVlLCJjb250ZW50IjoicG9zdF9saW5rX3VybF9wYWdlIiwic2V0dGluZ3MiOnsicG9zdF9pZCI6IjY5NCJ9fQ==@\u00bb locked=\u00bboff\u00bb global_colors_info=\u00bb{}\u00bb]<\/p>\n<p style=\"text-align: center;\">DONATIVO<\/p>\n<p>[\/et_pb_text][\/et_pb_column][et_pb_column type=\u00bb1_4&#8243; _builder_version=\u00bb4.18.0&#8243; _module_preset=\u00bbdefault\u00bb global_colors_info=\u00bb{}\u00bb][et_pb_image src=\u00bbhttps:\/\/columnayesperanzalucena.es\/wp-content\/uploads\/2022\/09\/contacto.png\u00bb title_text=\u00bbcontacto\u00bb url=\u00bb@ET-DC@eyJkeW5hbWljIjp0cnVlLCJjb250ZW50IjoicG9zdF9saW5rX3VybF9wYWdlIiwic2V0dGluZ3MiOnsicG9zdF9pZCI6IjI4NyJ9fQ==@\u00bb align=\u00bbcenter\u00bb _builder_version=\u00bb4.18.0&#8243; _dynamic_attributes=\u00bburl\u00bb _module_preset=\u00bbdefault\u00bb global_colors_info=\u00bb{}\u00bb][\/et_pb_image][et_pb_text _builder_version=\u00bb4.18.0&#8243; _dynamic_attributes=\u00bblink_option_url\u00bb _module_preset=\u00bbdefault\u00bb text_font=\u00bbTimes New Roman|700|||||||\u00bb text_text_color=\u00bb#000000&#8243; text_font_size=\u00bb20px\u00bb text_orientation=\u00bbcenter\u00bb link_option_url=\u00bb@ET-DC@eyJkeW5hbWljIjp0cnVlLCJjb250ZW50IjoicG9zdF9saW5rX3VybF9wYWdlIiwic2V0dGluZ3MiOnsicG9zdF9pZCI6IjI4NyJ9fQ==@\u00bb locked=\u00bboff\u00bb global_colors_info=\u00bb{}\u00bb]<\/p>\n<p style=\"text-align: center;\">CONTACTO<\/p>\n<p>[\/et_pb_text][\/et_pb_column][\/et_pb_row][\/et_pb_section][et_pb_section fb_built=\u00bb1&#8243; _builder_version=\u00bb4.18.0&#8243; _module_preset=\u00bbdefault\u00bb bottom_divider_style=\u00bbramp\u00bb bottom_divider_color=\u00bb#681314&#8243; bottom_divider_height=\u00bb77px\u00bb bottom_divider_flip=\u00bbhorizontal\u00bb hover_enabled=\u00bb0&#8243; global_colors_info=\u00bb{}\u00bb sticky_enabled=\u00bb0&#8243;][et_pb_row _builder_version=\u00bb4.18.0&#8243; _module_preset=\u00bbdefault\u00bb global_colors_info=\u00bb{}\u00bb][et_pb_column type=\u00bb4_4&#8243; _builder_version=\u00bb4.18.0&#8243; _module_preset=\u00bbdefault\u00bb global_colors_info=\u00bb{}\u00bb][et_pb_text _builder_version=\u00bb4.18.0&#8243; _module_preset=\u00bbdefault\u00bb text_font=\u00bbTimes New Roman|700|||||||\u00bb text_text_color=\u00bb#0f0099&#8243; text_font_size=\u00bb27px\u00bb text_letter_spacing=\u00bb1px\u00bb header_font=\u00bbKrona One|||on|||||\u00bb header_text_color=\u00bb#2600bf\u00bb header_font_size=\u00bb96px\u00bb header_line_height=\u00bb1.2em\u00bb header_2_text_color=\u00bb#00138e\u00bb header_2_font_size=\u00bb37px\u00bb text_orientation=\u00bbcenter\u00bb custom_margin=\u00bb||||false|false\u00bb header_font_size_tablet=\u00bb50px\u00bb header_font_size_phone=\u00bb30px\u00bb header_font_size_last_edited=\u00bbon|phone\u00bb global_colors_info=\u00bb{}\u00bb]<\/p>\n<h2 style=\"text-align: left;\"><strong>|| Redes Sociales<\/strong><\/h2>\n<p>[\/et_pb_text][\/et_pb_column][\/et_pb_row][et_pb_row column_structure=\u00bb1_2,1_2&#8243; _builder_version=\u00bb4.18.0&#8243; _module_preset=\u00bbdefault\u00bb global_colors_info=\u00bb{}\u00bb][et_pb_column type=\u00bb1_2&#8243; _builder_version=\u00bb4.18.0&#8243; _module_preset=\u00bbdefault\u00bb global_colors_info=\u00bb{}\u00bb][et_pb_code _builder_version=\u00bb4.18.0&#8243; _module_preset=\u00bbdefault\u00bb global_colors_info=\u00bb{}\u00bb]\n<div id=\"sb_instagram\"  class=\"sbi sbi_mob_col_1 sbi_tab_col_2 sbi_col_4 sbi_width_resp\" style=\"padding-bottom: 10px;\" data-feedid=\"*1\"  data-res=\"auto\" data-cols=\"4\" data-colsmobile=\"1\" data-colstablet=\"2\" data-num=\"12\" data-nummobile=\"6\" data-item-padding=\"5\" data-shortcode-atts=\"{&quot;feed&quot;:&quot;1&quot;}\"  data-postid=\"133\" data-locatornonce=\"6844070add\" data-sbi-flags=\"favorLocal,gdpr\">\n\t<div class=\"sb_instagram_header  sbi_medium\"   >\n\t<a class=\"sbi_header_link\" target=\"_blank\" rel=\"nofollow noopener\" href=\"https:\/\/www.instagram.com\/columna_esperanza\/\" title=\"@columna_esperanza\">\n\t\t<div class=\"sbi_header_text sbi_no_bio\">\n\t\t\t<div class=\"sbi_header_img\">\n\t\t\t\t\t\t\t\t\t<div class=\"sbi_header_img_hover\"  ><svg class=\"sbi_new_logo fa-instagram fa-w-14\" aria-hidden=\"true\" data-fa-processed=\"\" aria-label=\"Instagram\" data-prefix=\"fab\" data-icon=\"instagram\" role=\"img\" viewBox=\"0 0 448 512\">\n\t                <path fill=\"currentColor\" d=\"M224.1 141c-63.6 0-114.9 51.3-114.9 114.9s51.3 114.9 114.9 114.9S339 319.5 339 255.9 287.7 141 224.1 141zm0 189.6c-41.1 0-74.7-33.5-74.7-74.7s33.5-74.7 74.7-74.7 74.7 33.5 74.7 74.7-33.6 74.7-74.7 74.7zm146.4-194.3c0 14.9-12 26.8-26.8 26.8-14.9 0-26.8-12-26.8-26.8s12-26.8 26.8-26.8 26.8 12 26.8 26.8zm76.1 27.2c-1.7-35.9-9.9-67.7-36.2-93.9-26.2-26.2-58-34.4-93.9-36.2-37-2.1-147.9-2.1-184.9 0-35.8 1.7-67.6 9.9-93.9 36.1s-34.4 58-36.2 93.9c-2.1 37-2.1 147.9 0 184.9 1.7 35.9 9.9 67.7 36.2 93.9s58 34.4 93.9 36.2c37 2.1 147.9 2.1 184.9 0 35.9-1.7 67.7-9.9 93.9-36.2 26.2-26.2 34.4-58 36.2-93.9 2.1-37 2.1-147.8 0-184.8zM398.8 388c-7.8 19.6-22.9 34.7-42.6 42.6-29.5 11.7-99.5 9-132.1 9s-102.7 2.6-132.1-9c-19.6-7.8-34.7-22.9-42.6-42.6-11.7-29.5-9-99.5-9-132.1s-2.6-102.7 9-132.1c7.8-19.6 22.9-34.7 42.6-42.6 29.5-11.7 99.5-9 132.1-9s102.7-2.6 132.1 9c19.6 7.8 34.7 22.9 42.6 42.6 11.7 29.5 9 99.5 9 132.1s2.7 102.7-9 132.1z\"><\/path>\n\t            <\/svg><\/div>\n\t\t\t\t\t<img loading=\"lazy\" decoding=\"async\"  src=\"https:\/\/columnayesperanzalucena.es\/wp-content\/plugins\/instagram-feed\/img\/thumb-placeholder.png\" alt=\"columna_esperanza\" width=\"50\" height=\"50\">\n\t\t\t\t\t\t\t\t\t\t\t<\/div>\n\n\t\t\t<div class=\"sbi_feedtheme_header_text\">\n\t\t\t\t<h3>columna_esperanza<\/h3>\n\t\t\t\t\t\t\t<\/div>\n\t\t<\/div>\n\t<\/a>\n<\/div>\n\n    <div id=\"sbi_images\"  style=\"gap: 10px;\">\n\t\t<div class=\"sbi_item sbi_type_carousel sbi_new sbi_transition\" id=\"sbi_18089550841512407\" data-date=\"1732703120\">\n    <div class=\"sbi_photo_wrap\">\n        <a class=\"sbi_photo\" href=\"https:\/\/www.instagram.com\/p\/DC3xKnGoikS\/\" target=\"_blank\" rel=\"noopener nofollow\" data-full-res=\"https:\/\/scontent-man2-1.cdninstagram.com\/v\/t51.29350-15\/468159753_917095833707190_3913372986353568805_n.heic?stp=dst-jpg&#038;_nc_cat=101&#038;ccb=1-7&#038;_nc_sid=18de74&#038;_nc_ohc=CZtWV-DtvNwQ7kNvgFA_48l&#038;_nc_zt=23&#038;_nc_ht=scontent-man2-1.cdninstagram.com&#038;edm=ANo9K5cEAAAA&#038;_nc_gid=ADDRi-oCXsqjotPXHLhaOPU&#038;oh=00_AYDVLThYnIKRtIHwic8B80Zrji2SLKBbsvz2-Onl7gpZAw&#038;oe=67567E11\" data-img-src-set=\"{&quot;d&quot;:&quot;https:\\\/\\\/scontent-man2-1.cdninstagram.com\\\/v\\\/t51.29350-15\\\/468159753_917095833707190_3913372986353568805_n.heic?stp=dst-jpg&amp;_nc_cat=101&amp;ccb=1-7&amp;_nc_sid=18de74&amp;_nc_ohc=CZtWV-DtvNwQ7kNvgFA_48l&amp;_nc_zt=23&amp;_nc_ht=scontent-man2-1.cdninstagram.com&amp;edm=ANo9K5cEAAAA&amp;_nc_gid=ADDRi-oCXsqjotPXHLhaOPU&amp;oh=00_AYDVLThYnIKRtIHwic8B80Zrji2SLKBbsvz2-Onl7gpZAw&amp;oe=67567E11&quot;,&quot;150&quot;:&quot;https:\\\/\\\/scontent-man2-1.cdninstagram.com\\\/v\\\/t51.29350-15\\\/468159753_917095833707190_3913372986353568805_n.heic?stp=dst-jpg&amp;_nc_cat=101&amp;ccb=1-7&amp;_nc_sid=18de74&amp;_nc_ohc=CZtWV-DtvNwQ7kNvgFA_48l&amp;_nc_zt=23&amp;_nc_ht=scontent-man2-1.cdninstagram.com&amp;edm=ANo9K5cEAAAA&amp;_nc_gid=ADDRi-oCXsqjotPXHLhaOPU&amp;oh=00_AYDVLThYnIKRtIHwic8B80Zrji2SLKBbsvz2-Onl7gpZAw&amp;oe=67567E11&quot;,&quot;320&quot;:&quot;https:\\\/\\\/scontent-man2-1.cdninstagram.com\\\/v\\\/t51.29350-15\\\/468159753_917095833707190_3913372986353568805_n.heic?stp=dst-jpg&amp;_nc_cat=101&amp;ccb=1-7&amp;_nc_sid=18de74&amp;_nc_ohc=CZtWV-DtvNwQ7kNvgFA_48l&amp;_nc_zt=23&amp;_nc_ht=scontent-man2-1.cdninstagram.com&amp;edm=ANo9K5cEAAAA&amp;_nc_gid=ADDRi-oCXsqjotPXHLhaOPU&amp;oh=00_AYDVLThYnIKRtIHwic8B80Zrji2SLKBbsvz2-Onl7gpZAw&amp;oe=67567E11&quot;,&quot;640&quot;:&quot;https:\\\/\\\/scontent-man2-1.cdninstagram.com\\\/v\\\/t51.29350-15\\\/468159753_917095833707190_3913372986353568805_n.heic?stp=dst-jpg&amp;_nc_cat=101&amp;ccb=1-7&amp;_nc_sid=18de74&amp;_nc_ohc=CZtWV-DtvNwQ7kNvgFA_48l&amp;_nc_zt=23&amp;_nc_ht=scontent-man2-1.cdninstagram.com&amp;edm=ANo9K5cEAAAA&amp;_nc_gid=ADDRi-oCXsqjotPXHLhaOPU&amp;oh=00_AYDVLThYnIKRtIHwic8B80Zrji2SLKBbsvz2-Onl7gpZAw&amp;oe=67567E11&quot;}\">\n            <span class=\"sbi-screenreader\">M STMA PAZ Y ESPERANZA | La Iglesia Cat\u00f3lica cele<\/span>\n            <svg class=\"svg-inline--fa fa-clone fa-w-16 sbi_lightbox_carousel_icon\" aria-hidden=\"true\" aria-label=\"Clone\" data-fa-pro\u0192cessed=\"\" data-prefix=\"far\" data-icon=\"clone\" role=\"img\" xmlns=\"http:\/\/www.w3.org\/2000\/svg\" viewBox=\"0 0 512 512\">\n\t                <path fill=\"currentColor\" d=\"M464 0H144c-26.51 0-48 21.49-48 48v48H48c-26.51 0-48 21.49-48 48v320c0 26.51 21.49 48 48 48h320c26.51 0 48-21.49 48-48v-48h48c26.51 0 48-21.49 48-48V48c0-26.51-21.49-48-48-48zM362 464H54a6 6 0 0 1-6-6V150a6 6 0 0 1 6-6h42v224c0 26.51 21.49 48 48 48h224v42a6 6 0 0 1-6 6zm96-96H150a6 6 0 0 1-6-6V54a6 6 0 0 1 6-6h308a6 6 0 0 1 6 6v308a6 6 0 0 1-6 6z\"><\/path>\n\t            <\/svg>\t                    <img decoding=\"async\" src=\"https:\/\/columnayesperanzalucena.es\/wp-content\/plugins\/instagram-feed\/img\/placeholder.png\" alt=\"M STMA PAZ Y ESPERANZA | La Iglesia Cat\u00f3lica celebra, el pr\u00f3ximo 8 de diciembre, el dogma de la Pur\u00edsima Concepci\u00f3n de la Virgen Mar\u00eda. Por ello, nuestra Titular Mariana cambia su vestidura acomod\u00e1ndose a los colores inmaculistas.\n\nLa Virgen de la Paz y Esperanza lleva manto azul de raso y mantilla, sobrepuesta, de blonda beige; este mismo color es el que luce en la saya adornada, adem\u00e1s, con motivos florales. \n\nEn su cintura, luce un nuevo faj\u00edn a listas en tonos azules y plateados, donado por una devota.\n\nSobre su pecho, resalta el tocado de tul, cruzado al talle, de color tostado con bordados en mostacillas y perlas.\n\nCierra el conjunto la corona plateada, el coraz\u00f3n dorado en el centro de su pecho, rosarios plateados y dorados y un pa\u00f1uelo de encaje en su mano derecha.\n\nFotograf\u00edas: Paco Almagro.\n\n#ColumnadeEsperanza\n#ColumnaPazyEsperanza\">\n        <\/a>\n    <\/div>\n<\/div><div class=\"sbi_item sbi_type_image sbi_new sbi_transition\" id=\"sbi_18025852331249837\" data-date=\"1732611773\">\n    <div class=\"sbi_photo_wrap\">\n        <a class=\"sbi_photo\" href=\"https:\/\/www.instagram.com\/p\/DC1C71QIOH8\/\" target=\"_blank\" rel=\"noopener nofollow\" data-full-res=\"https:\/\/scontent-man2-1.cdninstagram.com\/v\/t51.29350-15\/468268764_767724002192656_270808786555254043_n.heic?stp=dst-jpg&#038;_nc_cat=111&#038;ccb=1-7&#038;_nc_sid=18de74&#038;_nc_ohc=tKGIIKi6TvEQ7kNvgFalvCw&#038;_nc_zt=23&#038;_nc_ht=scontent-man2-1.cdninstagram.com&#038;edm=ANo9K5cEAAAA&#038;_nc_gid=ADDRi-oCXsqjotPXHLhaOPU&#038;oh=00_AYCVG0chh1_-e3PR0tzPB6R5uOzhJhIPT0wDlUWiAAKULw&#038;oe=675690FD\" data-img-src-set=\"{&quot;d&quot;:&quot;https:\\\/\\\/scontent-man2-1.cdninstagram.com\\\/v\\\/t51.29350-15\\\/468268764_767724002192656_270808786555254043_n.heic?stp=dst-jpg&amp;_nc_cat=111&amp;ccb=1-7&amp;_nc_sid=18de74&amp;_nc_ohc=tKGIIKi6TvEQ7kNvgFalvCw&amp;_nc_zt=23&amp;_nc_ht=scontent-man2-1.cdninstagram.com&amp;edm=ANo9K5cEAAAA&amp;_nc_gid=ADDRi-oCXsqjotPXHLhaOPU&amp;oh=00_AYCVG0chh1_-e3PR0tzPB6R5uOzhJhIPT0wDlUWiAAKULw&amp;oe=675690FD&quot;,&quot;150&quot;:&quot;https:\\\/\\\/scontent-man2-1.cdninstagram.com\\\/v\\\/t51.29350-15\\\/468268764_767724002192656_270808786555254043_n.heic?stp=dst-jpg&amp;_nc_cat=111&amp;ccb=1-7&amp;_nc_sid=18de74&amp;_nc_ohc=tKGIIKi6TvEQ7kNvgFalvCw&amp;_nc_zt=23&amp;_nc_ht=scontent-man2-1.cdninstagram.com&amp;edm=ANo9K5cEAAAA&amp;_nc_gid=ADDRi-oCXsqjotPXHLhaOPU&amp;oh=00_AYCVG0chh1_-e3PR0tzPB6R5uOzhJhIPT0wDlUWiAAKULw&amp;oe=675690FD&quot;,&quot;320&quot;:&quot;https:\\\/\\\/scontent-man2-1.cdninstagram.com\\\/v\\\/t51.29350-15\\\/468268764_767724002192656_270808786555254043_n.heic?stp=dst-jpg&amp;_nc_cat=111&amp;ccb=1-7&amp;_nc_sid=18de74&amp;_nc_ohc=tKGIIKi6TvEQ7kNvgFalvCw&amp;_nc_zt=23&amp;_nc_ht=scontent-man2-1.cdninstagram.com&amp;edm=ANo9K5cEAAAA&amp;_nc_gid=ADDRi-oCXsqjotPXHLhaOPU&amp;oh=00_AYCVG0chh1_-e3PR0tzPB6R5uOzhJhIPT0wDlUWiAAKULw&amp;oe=675690FD&quot;,&quot;640&quot;:&quot;https:\\\/\\\/scontent-man2-1.cdninstagram.com\\\/v\\\/t51.29350-15\\\/468268764_767724002192656_270808786555254043_n.heic?stp=dst-jpg&amp;_nc_cat=111&amp;ccb=1-7&amp;_nc_sid=18de74&amp;_nc_ohc=tKGIIKi6TvEQ7kNvgFalvCw&amp;_nc_zt=23&amp;_nc_ht=scontent-man2-1.cdninstagram.com&amp;edm=ANo9K5cEAAAA&amp;_nc_gid=ADDRi-oCXsqjotPXHLhaOPU&amp;oh=00_AYCVG0chh1_-e3PR0tzPB6R5uOzhJhIPT0wDlUWiAAKULw&amp;oe=675690FD&quot;}\">\n            <span class=\"sbi-screenreader\">CULTOS EN HONOR A MAR\u00cdA STMA. DE LA PAZ Y ESPERAN<\/span>\n            \t                    <img decoding=\"async\" src=\"https:\/\/columnayesperanzalucena.es\/wp-content\/plugins\/instagram-feed\/img\/placeholder.png\" alt=\"CULTOS EN HONOR A MAR\u00cdA STMA. DE LA PAZ Y ESPERANZA | El s\u00e1bado, 14 de diciembre en la Parroquia de Santiago Ap\u00f3stol, celebraremos los cultos en honor a nuestra Titular mariana. \n\n-Solemne acto de Veneraci\u00f3n a Mar\u00eda Stma. de la Paz y Esperanza de 12.00h a 14.00h y de 16.00h hasta el comienzo de la eucarist\u00eda. \n\n-A las 19.00h rezo del Santo Rosario.\n\n-A las 19.30h eucarist\u00eda presidida por nuestro consiliario D. Antonio Tejero D\u00edaz.\n\nAcompa\u00f1emos a Mar\u00eda Stma de la Paz y Esperanza en la celebraci\u00f3n de su onom\u00e1stica. \n\n#ColumnadeEsperanza\n\n#ColumnaPazyEsperanza\">\n        <\/a>\n    <\/div>\n<\/div><div class=\"sbi_item sbi_type_image sbi_new sbi_transition\" id=\"sbi_18066936778733360\" data-date=\"1732308519\">\n    <div class=\"sbi_photo_wrap\">\n        <a class=\"sbi_photo\" href=\"https:\/\/www.instagram.com\/p\/DCsAhmlNROz\/\" target=\"_blank\" rel=\"noopener nofollow\" data-full-res=\"https:\/\/scontent-man2-1.cdninstagram.com\/v\/t51.29350-15\/468015031_952761566706472_327816124320738308_n.heic?stp=dst-jpg_tt6&#038;_nc_cat=108&#038;ccb=1-7&#038;_nc_sid=18de74&#038;_nc_ohc=tTGxYSUzqRUQ7kNvgEs5ZcF&#038;_nc_zt=23&#038;_nc_ht=scontent-man2-1.cdninstagram.com&#038;edm=ANo9K5cEAAAA&#038;_nc_gid=ADDRi-oCXsqjotPXHLhaOPU&#038;oh=00_AYDR4PvfJkMfPYTJh10exeL8iQRjIWYqlihn5vhDQvLuVw&#038;oe=67567678\" data-img-src-set=\"{&quot;d&quot;:&quot;https:\\\/\\\/scontent-man2-1.cdninstagram.com\\\/v\\\/t51.29350-15\\\/468015031_952761566706472_327816124320738308_n.heic?stp=dst-jpg_tt6&amp;_nc_cat=108&amp;ccb=1-7&amp;_nc_sid=18de74&amp;_nc_ohc=tTGxYSUzqRUQ7kNvgEs5ZcF&amp;_nc_zt=23&amp;_nc_ht=scontent-man2-1.cdninstagram.com&amp;edm=ANo9K5cEAAAA&amp;_nc_gid=ADDRi-oCXsqjotPXHLhaOPU&amp;oh=00_AYDR4PvfJkMfPYTJh10exeL8iQRjIWYqlihn5vhDQvLuVw&amp;oe=67567678&quot;,&quot;150&quot;:&quot;https:\\\/\\\/scontent-man2-1.cdninstagram.com\\\/v\\\/t51.29350-15\\\/468015031_952761566706472_327816124320738308_n.heic?stp=dst-jpg_tt6&amp;_nc_cat=108&amp;ccb=1-7&amp;_nc_sid=18de74&amp;_nc_ohc=tTGxYSUzqRUQ7kNvgEs5ZcF&amp;_nc_zt=23&amp;_nc_ht=scontent-man2-1.cdninstagram.com&amp;edm=ANo9K5cEAAAA&amp;_nc_gid=ADDRi-oCXsqjotPXHLhaOPU&amp;oh=00_AYDR4PvfJkMfPYTJh10exeL8iQRjIWYqlihn5vhDQvLuVw&amp;oe=67567678&quot;,&quot;320&quot;:&quot;https:\\\/\\\/scontent-man2-1.cdninstagram.com\\\/v\\\/t51.29350-15\\\/468015031_952761566706472_327816124320738308_n.heic?stp=dst-jpg_tt6&amp;_nc_cat=108&amp;ccb=1-7&amp;_nc_sid=18de74&amp;_nc_ohc=tTGxYSUzqRUQ7kNvgEs5ZcF&amp;_nc_zt=23&amp;_nc_ht=scontent-man2-1.cdninstagram.com&amp;edm=ANo9K5cEAAAA&amp;_nc_gid=ADDRi-oCXsqjotPXHLhaOPU&amp;oh=00_AYDR4PvfJkMfPYTJh10exeL8iQRjIWYqlihn5vhDQvLuVw&amp;oe=67567678&quot;,&quot;640&quot;:&quot;https:\\\/\\\/scontent-man2-1.cdninstagram.com\\\/v\\\/t51.29350-15\\\/468015031_952761566706472_327816124320738308_n.heic?stp=dst-jpg_tt6&amp;_nc_cat=108&amp;ccb=1-7&amp;_nc_sid=18de74&amp;_nc_ohc=tTGxYSUzqRUQ7kNvgEs5ZcF&amp;_nc_zt=23&amp;_nc_ht=scontent-man2-1.cdninstagram.com&amp;edm=ANo9K5cEAAAA&amp;_nc_gid=ADDRi-oCXsqjotPXHLhaOPU&amp;oh=00_AYDR4PvfJkMfPYTJh10exeL8iQRjIWYqlihn5vhDQvLuVw&amp;oe=67567678&quot;}\">\n            <span class=\"sbi-screenreader\">COMUNICADO OFICIAL | Concesi\u00f3n de manijer\u00edas de <\/span>\n            \t                    <img decoding=\"async\" src=\"https:\/\/columnayesperanzalucena.es\/wp-content\/plugins\/instagram-feed\/img\/placeholder.png\" alt=\"COMUNICADO OFICIAL | Concesi\u00f3n de manijer\u00edas de nuestros Sagrados Titulares, Mar\u00eda Stma. de la Paz y Esperanza y Ntro Padre Jes\u00fas de la Columna.\">\n        <\/a>\n    <\/div>\n<\/div><div class=\"sbi_item sbi_type_carousel sbi_new sbi_transition\" id=\"sbi_18031226465109852\" data-date=\"1731248585\">\n    <div class=\"sbi_photo_wrap\">\n        <a class=\"sbi_photo\" href=\"https:\/\/www.instagram.com\/p\/DCMa3ENoWUf\/\" target=\"_blank\" rel=\"noopener nofollow\" data-full-res=\"https:\/\/scontent-man2-1.cdninstagram.com\/v\/t51.29350-15\/466371268_833555428718203_6893783735676486878_n.heic?stp=dst-jpg&#038;_nc_cat=106&#038;ccb=1-7&#038;_nc_sid=18de74&#038;_nc_ohc=QDPpQ7yRlFYQ7kNvgGfJ43G&#038;_nc_zt=23&#038;_nc_ht=scontent-man2-1.cdninstagram.com&#038;edm=ANo9K5cEAAAA&#038;_nc_gid=ADDRi-oCXsqjotPXHLhaOPU&#038;oh=00_AYCsmQ9eICiBEJrzsxBMR_SwConSZLWwaDuklbXDw8wjfg&#038;oe=67568625\" data-img-src-set=\"{&quot;d&quot;:&quot;https:\\\/\\\/scontent-man2-1.cdninstagram.com\\\/v\\\/t51.29350-15\\\/466371268_833555428718203_6893783735676486878_n.heic?stp=dst-jpg&amp;_nc_cat=106&amp;ccb=1-7&amp;_nc_sid=18de74&amp;_nc_ohc=QDPpQ7yRlFYQ7kNvgGfJ43G&amp;_nc_zt=23&amp;_nc_ht=scontent-man2-1.cdninstagram.com&amp;edm=ANo9K5cEAAAA&amp;_nc_gid=ADDRi-oCXsqjotPXHLhaOPU&amp;oh=00_AYCsmQ9eICiBEJrzsxBMR_SwConSZLWwaDuklbXDw8wjfg&amp;oe=67568625&quot;,&quot;150&quot;:&quot;https:\\\/\\\/scontent-man2-1.cdninstagram.com\\\/v\\\/t51.29350-15\\\/466371268_833555428718203_6893783735676486878_n.heic?stp=dst-jpg&amp;_nc_cat=106&amp;ccb=1-7&amp;_nc_sid=18de74&amp;_nc_ohc=QDPpQ7yRlFYQ7kNvgGfJ43G&amp;_nc_zt=23&amp;_nc_ht=scontent-man2-1.cdninstagram.com&amp;edm=ANo9K5cEAAAA&amp;_nc_gid=ADDRi-oCXsqjotPXHLhaOPU&amp;oh=00_AYCsmQ9eICiBEJrzsxBMR_SwConSZLWwaDuklbXDw8wjfg&amp;oe=67568625&quot;,&quot;320&quot;:&quot;https:\\\/\\\/scontent-man2-1.cdninstagram.com\\\/v\\\/t51.29350-15\\\/466371268_833555428718203_6893783735676486878_n.heic?stp=dst-jpg&amp;_nc_cat=106&amp;ccb=1-7&amp;_nc_sid=18de74&amp;_nc_ohc=QDPpQ7yRlFYQ7kNvgGfJ43G&amp;_nc_zt=23&amp;_nc_ht=scontent-man2-1.cdninstagram.com&amp;edm=ANo9K5cEAAAA&amp;_nc_gid=ADDRi-oCXsqjotPXHLhaOPU&amp;oh=00_AYCsmQ9eICiBEJrzsxBMR_SwConSZLWwaDuklbXDw8wjfg&amp;oe=67568625&quot;,&quot;640&quot;:&quot;https:\\\/\\\/scontent-man2-1.cdninstagram.com\\\/v\\\/t51.29350-15\\\/466371268_833555428718203_6893783735676486878_n.heic?stp=dst-jpg&amp;_nc_cat=106&amp;ccb=1-7&amp;_nc_sid=18de74&amp;_nc_ohc=QDPpQ7yRlFYQ7kNvgGfJ43G&amp;_nc_zt=23&amp;_nc_ht=scontent-man2-1.cdninstagram.com&amp;edm=ANo9K5cEAAAA&amp;_nc_gid=ADDRi-oCXsqjotPXHLhaOPU&amp;oh=00_AYCsmQ9eICiBEJrzsxBMR_SwConSZLWwaDuklbXDw8wjfg&amp;oe=67568625&quot;}\">\n            <span class=\"sbi-screenreader\">CENA DE HERMANDAD | El pasado viernes, 8 de noviem<\/span>\n            <svg class=\"svg-inline--fa fa-clone fa-w-16 sbi_lightbox_carousel_icon\" aria-hidden=\"true\" aria-label=\"Clone\" data-fa-pro\u0192cessed=\"\" data-prefix=\"far\" data-icon=\"clone\" role=\"img\" xmlns=\"http:\/\/www.w3.org\/2000\/svg\" viewBox=\"0 0 512 512\">\n\t                <path fill=\"currentColor\" d=\"M464 0H144c-26.51 0-48 21.49-48 48v48H48c-26.51 0-48 21.49-48 48v320c0 26.51 21.49 48 48 48h320c26.51 0 48-21.49 48-48v-48h48c26.51 0 48-21.49 48-48V48c0-26.51-21.49-48-48-48zM362 464H54a6 6 0 0 1-6-6V150a6 6 0 0 1 6-6h42v224c0 26.51 21.49 48 48 48h224v42a6 6 0 0 1-6 6zm96-96H150a6 6 0 0 1-6-6V54a6 6 0 0 1 6-6h308a6 6 0 0 1 6 6v308a6 6 0 0 1-6 6z\"><\/path>\n\t            <\/svg>\t                    <img decoding=\"async\" src=\"https:\/\/columnayesperanzalucena.es\/wp-content\/plugins\/instagram-feed\/img\/placeholder.png\" alt=\"CENA DE HERMANDAD | El pasado viernes, 8 de noviembre, tuvo lugar la cena anual de nuestra cofrad\u00eda en los Jardines de AguaNevada. En este a\u00f1o, adem\u00e1s de contar con la presencia de hermanos, devotos y santeros, quisieron acompa\u00f1arnos las asociaciones y colectivos que, durante el Centenario Fundacional de la Hermandad, han sido reconocidas.\n\nAs\u00ed, pudimos hacer entrega de los siguientes donativos:\n-A la Asociaci\u00f3n de familiares de enfermos de Alzheimer y otras demencias \u201cNuestros \u00c1ngeles\u201d, por la venta de las fotograf\u00edas de la exposici\u00f3n \u201cCien A\u00f1os de Columna, Paz y Esperanza\u201d por importe de 2.310 \u20ac.\n-A la oeneg\u00e9 \u201cInfancia Solidaria\u201d por la recaudaci\u00f3n de la venta de ejemplares del libro \u201cEl Amarrado a la Columna de la Veracruz Lucentina\u201d por valor de 2.000 \u20ac.\n-Y, como el anterior, al Comedor Social \u201cVirgen de Araceli\u201d, por el mismo importe se\u00f1alado, 2.000 \u20ac.\n\nA consecuencia de este reconocimiento p\u00fablico por la labor encomiable que realizan, pudimos escuchar los testimonios de aquellos que participan o dirigen estas entidades, para comprobar otras realidades dif\u00edciles y complicadas.\n\nGracias a todos los que nos acompa\u00f1asteis en esta noche, poniendo de manifiesto la fraternidad y hermandad que emana de nuestra cofrad\u00eda.\n\n#ColumnadeEsperanza\">\n        <\/a>\n    <\/div>\n<\/div><div class=\"sbi_item sbi_type_carousel sbi_new sbi_transition\" id=\"sbi_18070781344615583\" data-date=\"1730286535\">\n    <div class=\"sbi_photo_wrap\">\n        <a class=\"sbi_photo\" href=\"https:\/\/www.instagram.com\/p\/DBvv5WEIf0_\/\" target=\"_blank\" rel=\"noopener nofollow\" data-full-res=\"https:\/\/scontent-man2-1.cdninstagram.com\/v\/t51.29350-15\/464855154_598203279199420_6260277520714108954_n.heic?stp=dst-jpg_tt6&#038;_nc_cat=101&#038;ccb=1-7&#038;_nc_sid=18de74&#038;_nc_ohc=_DVFrBiw-GUQ7kNvgGPJ79j&#038;_nc_zt=23&#038;_nc_ht=scontent-man2-1.cdninstagram.com&#038;edm=ANo9K5cEAAAA&#038;_nc_gid=ADDRi-oCXsqjotPXHLhaOPU&#038;oh=00_AYCIxbxWKI3G6os0Ux4XVjJZgxvM5l5kqpnyTMr1Y2yM2Q&#038;oe=675695E4\" data-img-src-set=\"{&quot;d&quot;:&quot;https:\\\/\\\/scontent-man2-1.cdninstagram.com\\\/v\\\/t51.29350-15\\\/464855154_598203279199420_6260277520714108954_n.heic?stp=dst-jpg_tt6&amp;_nc_cat=101&amp;ccb=1-7&amp;_nc_sid=18de74&amp;_nc_ohc=_DVFrBiw-GUQ7kNvgGPJ79j&amp;_nc_zt=23&amp;_nc_ht=scontent-man2-1.cdninstagram.com&amp;edm=ANo9K5cEAAAA&amp;_nc_gid=ADDRi-oCXsqjotPXHLhaOPU&amp;oh=00_AYCIxbxWKI3G6os0Ux4XVjJZgxvM5l5kqpnyTMr1Y2yM2Q&amp;oe=675695E4&quot;,&quot;150&quot;:&quot;https:\\\/\\\/scontent-man2-1.cdninstagram.com\\\/v\\\/t51.29350-15\\\/464855154_598203279199420_6260277520714108954_n.heic?stp=dst-jpg_tt6&amp;_nc_cat=101&amp;ccb=1-7&amp;_nc_sid=18de74&amp;_nc_ohc=_DVFrBiw-GUQ7kNvgGPJ79j&amp;_nc_zt=23&amp;_nc_ht=scontent-man2-1.cdninstagram.com&amp;edm=ANo9K5cEAAAA&amp;_nc_gid=ADDRi-oCXsqjotPXHLhaOPU&amp;oh=00_AYCIxbxWKI3G6os0Ux4XVjJZgxvM5l5kqpnyTMr1Y2yM2Q&amp;oe=675695E4&quot;,&quot;320&quot;:&quot;https:\\\/\\\/scontent-man2-1.cdninstagram.com\\\/v\\\/t51.29350-15\\\/464855154_598203279199420_6260277520714108954_n.heic?stp=dst-jpg_tt6&amp;_nc_cat=101&amp;ccb=1-7&amp;_nc_sid=18de74&amp;_nc_ohc=_DVFrBiw-GUQ7kNvgGPJ79j&amp;_nc_zt=23&amp;_nc_ht=scontent-man2-1.cdninstagram.com&amp;edm=ANo9K5cEAAAA&amp;_nc_gid=ADDRi-oCXsqjotPXHLhaOPU&amp;oh=00_AYCIxbxWKI3G6os0Ux4XVjJZgxvM5l5kqpnyTMr1Y2yM2Q&amp;oe=675695E4&quot;,&quot;640&quot;:&quot;https:\\\/\\\/scontent-man2-1.cdninstagram.com\\\/v\\\/t51.29350-15\\\/464855154_598203279199420_6260277520714108954_n.heic?stp=dst-jpg_tt6&amp;_nc_cat=101&amp;ccb=1-7&amp;_nc_sid=18de74&amp;_nc_ohc=_DVFrBiw-GUQ7kNvgGPJ79j&amp;_nc_zt=23&amp;_nc_ht=scontent-man2-1.cdninstagram.com&amp;edm=ANo9K5cEAAAA&amp;_nc_gid=ADDRi-oCXsqjotPXHLhaOPU&amp;oh=00_AYCIxbxWKI3G6os0Ux4XVjJZgxvM5l5kqpnyTMr1Y2yM2Q&amp;oe=675695E4&quot;}\">\n            <span class=\"sbi-screenreader\"><\/span>\n            <svg class=\"svg-inline--fa fa-clone fa-w-16 sbi_lightbox_carousel_icon\" aria-hidden=\"true\" aria-label=\"Clone\" data-fa-pro\u0192cessed=\"\" data-prefix=\"far\" data-icon=\"clone\" role=\"img\" xmlns=\"http:\/\/www.w3.org\/2000\/svg\" viewBox=\"0 0 512 512\">\n\t                <path fill=\"currentColor\" d=\"M464 0H144c-26.51 0-48 21.49-48 48v48H48c-26.51 0-48 21.49-48 48v320c0 26.51 21.49 48 48 48h320c26.51 0 48-21.49 48-48v-48h48c26.51 0 48-21.49 48-48V48c0-26.51-21.49-48-48-48zM362 464H54a6 6 0 0 1-6-6V150a6 6 0 0 1 6-6h42v224c0 26.51 21.49 48 48 48h224v42a6 6 0 0 1-6 6zm96-96H150a6 6 0 0 1-6-6V54a6 6 0 0 1 6-6h308a6 6 0 0 1 6 6v308a6 6 0 0 1-6 6z\"><\/path>\n\t            <\/svg>\t                    <img decoding=\"async\" src=\"https:\/\/columnayesperanzalucena.es\/wp-content\/plugins\/instagram-feed\/img\/placeholder.png\" alt=\"Desde la Cofrad\u00eda y Hermandad de Ntro. Padre Jes\u00fas de la Columna y Mar\u00eda Stma. de la Paz y Esperanza, elevamos una oraci\u00f3n a nuestros Sagrados Titulares por todos los damnificados por las terribles tormentas y dram\u00e1ticas inclemencias meteorol\u00f3gicas, que han ocasionado tr\u00e1gicas consecuencias, principalmente, en la zona este y sur de Espa\u00f1a, en lugares como Albacete y la Comunidad Valenciana. \n\nQue Jes\u00fas de la Columna y la Virgen de la Paz y Esperanza otorguen consuelo y a las familias de los fallecidos y luz y protecci\u00f3n para una pronta recuperaci\u00f3n a todos los afectados.\n\n#columnadeesperaza\">\n        <\/a>\n    <\/div>\n<\/div><div class=\"sbi_item sbi_type_carousel sbi_new sbi_transition\" id=\"sbi_18026669825157774\" data-date=\"1729676067\">\n    <div class=\"sbi_photo_wrap\">\n        <a class=\"sbi_photo\" href=\"https:\/\/www.instagram.com\/p\/DBdjhZJow98\/\" target=\"_blank\" rel=\"noopener nofollow\" data-full-res=\"https:\/\/scontent-man2-1.cdninstagram.com\/v\/t51.29350-15\/464283875_8537410276339121_6013657010934348063_n.heic?stp=dst-jpg&#038;_nc_cat=111&#038;ccb=1-7&#038;_nc_sid=18de74&#038;_nc_ohc=GIRTm7oAHOQQ7kNvgHRaut0&#038;_nc_zt=23&#038;_nc_ht=scontent-man2-1.cdninstagram.com&#038;edm=ANo9K5cEAAAA&#038;_nc_gid=ADDRi-oCXsqjotPXHLhaOPU&#038;oh=00_AYBnZ6AE2EihVnjhZ26C43pykXfWpH-KbtAojWNvhmEMwQ&#038;oe=675689B7\" data-img-src-set=\"{&quot;d&quot;:&quot;https:\\\/\\\/scontent-man2-1.cdninstagram.com\\\/v\\\/t51.29350-15\\\/464283875_8537410276339121_6013657010934348063_n.heic?stp=dst-jpg&amp;_nc_cat=111&amp;ccb=1-7&amp;_nc_sid=18de74&amp;_nc_ohc=GIRTm7oAHOQQ7kNvgHRaut0&amp;_nc_zt=23&amp;_nc_ht=scontent-man2-1.cdninstagram.com&amp;edm=ANo9K5cEAAAA&amp;_nc_gid=ADDRi-oCXsqjotPXHLhaOPU&amp;oh=00_AYBnZ6AE2EihVnjhZ26C43pykXfWpH-KbtAojWNvhmEMwQ&amp;oe=675689B7&quot;,&quot;150&quot;:&quot;https:\\\/\\\/scontent-man2-1.cdninstagram.com\\\/v\\\/t51.29350-15\\\/464283875_8537410276339121_6013657010934348063_n.heic?stp=dst-jpg&amp;_nc_cat=111&amp;ccb=1-7&amp;_nc_sid=18de74&amp;_nc_ohc=GIRTm7oAHOQQ7kNvgHRaut0&amp;_nc_zt=23&amp;_nc_ht=scontent-man2-1.cdninstagram.com&amp;edm=ANo9K5cEAAAA&amp;_nc_gid=ADDRi-oCXsqjotPXHLhaOPU&amp;oh=00_AYBnZ6AE2EihVnjhZ26C43pykXfWpH-KbtAojWNvhmEMwQ&amp;oe=675689B7&quot;,&quot;320&quot;:&quot;https:\\\/\\\/scontent-man2-1.cdninstagram.com\\\/v\\\/t51.29350-15\\\/464283875_8537410276339121_6013657010934348063_n.heic?stp=dst-jpg&amp;_nc_cat=111&amp;ccb=1-7&amp;_nc_sid=18de74&amp;_nc_ohc=GIRTm7oAHOQQ7kNvgHRaut0&amp;_nc_zt=23&amp;_nc_ht=scontent-man2-1.cdninstagram.com&amp;edm=ANo9K5cEAAAA&amp;_nc_gid=ADDRi-oCXsqjotPXHLhaOPU&amp;oh=00_AYBnZ6AE2EihVnjhZ26C43pykXfWpH-KbtAojWNvhmEMwQ&amp;oe=675689B7&quot;,&quot;640&quot;:&quot;https:\\\/\\\/scontent-man2-1.cdninstagram.com\\\/v\\\/t51.29350-15\\\/464283875_8537410276339121_6013657010934348063_n.heic?stp=dst-jpg&amp;_nc_cat=111&amp;ccb=1-7&amp;_nc_sid=18de74&amp;_nc_ohc=GIRTm7oAHOQQ7kNvgHRaut0&amp;_nc_zt=23&amp;_nc_ht=scontent-man2-1.cdninstagram.com&amp;edm=ANo9K5cEAAAA&amp;_nc_gid=ADDRi-oCXsqjotPXHLhaOPU&amp;oh=00_AYBnZ6AE2EihVnjhZ26C43pykXfWpH-KbtAojWNvhmEMwQ&amp;oe=675689B7&quot;}\">\n            <span class=\"sbi-screenreader\">MAR\u00cdA STMA. DE LA PAZ Y ESPERANZA | Nuestra Titul<\/span>\n            <svg class=\"svg-inline--fa fa-clone fa-w-16 sbi_lightbox_carousel_icon\" aria-hidden=\"true\" aria-label=\"Clone\" data-fa-pro\u0192cessed=\"\" data-prefix=\"far\" data-icon=\"clone\" role=\"img\" xmlns=\"http:\/\/www.w3.org\/2000\/svg\" viewBox=\"0 0 512 512\">\n\t                <path fill=\"currentColor\" d=\"M464 0H144c-26.51 0-48 21.49-48 48v48H48c-26.51 0-48 21.49-48 48v320c0 26.51 21.49 48 48 48h320c26.51 0 48-21.49 48-48v-48h48c26.51 0 48-21.49 48-48V48c0-26.51-21.49-48-48-48zM362 464H54a6 6 0 0 1-6-6V150a6 6 0 0 1 6-6h42v224c0 26.51 21.49 48 48 48h224v42a6 6 0 0 1-6 6zm96-96H150a6 6 0 0 1-6-6V54a6 6 0 0 1 6-6h308a6 6 0 0 1 6 6v308a6 6 0 0 1-6 6z\"><\/path>\n\t            <\/svg>\t                    <img decoding=\"async\" src=\"https:\/\/columnayesperanzalucena.es\/wp-content\/plugins\/instagram-feed\/img\/placeholder.png\" alt=\"MAR\u00cdA STMA. DE LA PAZ Y ESPERANZA | Nuestra Titular mariana se presenta, en la capilla de la Parroquia de Santiago, ataviada para la festividad de todos los santos y conmemoraci\u00f3n de los fieles difuntos.\n\nLuce saya y manto negro con remate dorado y faj\u00edn de cord\u00f3n, tambi\u00e9n dorado, recuperados del antiguo techo de palio.\nEl tocado, al estilo aguas, enmarca su bell\u00edsimo y doloroso rostro. Sobre su sien, reposa la diadema plateada a juego con el pu\u00f1al que atraviesa el pecher\u00edn.\n\nLa sobriedad sigue acompa\u00f1ando a la bendita imagen de nuestra Madre en la escasez de adornos que complementan el conjunto: colgante en su vientre, cedido para la ocasi\u00f3n por una devota; en su mano derecha, pa\u00f1uelos de encaje negro y de encaje blanco -en el que encontramos, prendido, el lazo rosa conmemorando el d\u00eda de lucha contra el c\u00e1ncer de mama-; y dos rosarios negros en su mano y antebrazo derecho.\n\nQue la sobriedad y templanza que desprende Mar\u00eda Stma. de la Paz y Esperanza nos acompa\u00f1en en estos d\u00edas de duelo y recuerdos.\n\nFotograf\u00edas: Paco Almagro\n\n#ColumnaPazyEsperanza\n#festividaddetodoslossantos\n#commemoraci\u00f3nfielesdifuntos\">\n        <\/a>\n    <\/div>\n<\/div><div class=\"sbi_item sbi_type_image sbi_new sbi_transition\" id=\"sbi_18017969405617814\" data-date=\"1727512178\">\n    <div class=\"sbi_photo_wrap\">\n        <a class=\"sbi_photo\" href=\"https:\/\/www.instagram.com\/p\/DAdEOrOoslC\/\" target=\"_blank\" rel=\"noopener nofollow\" data-full-res=\"https:\/\/scontent-man2-1.cdninstagram.com\/v\/t51.29350-15\/461436434_1241521953843860_2963595742484995821_n.heic?stp=dst-jpg_tt6&#038;_nc_cat=110&#038;ccb=1-7&#038;_nc_sid=18de74&#038;_nc_ohc=uYEnUW0Xg4UQ7kNvgGx08IX&#038;_nc_zt=23&#038;_nc_ht=scontent-man2-1.cdninstagram.com&#038;edm=ANo9K5cEAAAA&#038;_nc_gid=ADDRi-oCXsqjotPXHLhaOPU&#038;oh=00_AYClefB5Ry8rrucOhNnnIE-wPGcHgbal4hNz4YiF4b-_kA&#038;oe=67569775\" data-img-src-set=\"{&quot;d&quot;:&quot;https:\\\/\\\/scontent-man2-1.cdninstagram.com\\\/v\\\/t51.29350-15\\\/461436434_1241521953843860_2963595742484995821_n.heic?stp=dst-jpg_tt6&amp;_nc_cat=110&amp;ccb=1-7&amp;_nc_sid=18de74&amp;_nc_ohc=uYEnUW0Xg4UQ7kNvgGx08IX&amp;_nc_zt=23&amp;_nc_ht=scontent-man2-1.cdninstagram.com&amp;edm=ANo9K5cEAAAA&amp;_nc_gid=ADDRi-oCXsqjotPXHLhaOPU&amp;oh=00_AYClefB5Ry8rrucOhNnnIE-wPGcHgbal4hNz4YiF4b-_kA&amp;oe=67569775&quot;,&quot;150&quot;:&quot;https:\\\/\\\/scontent-man2-1.cdninstagram.com\\\/v\\\/t51.29350-15\\\/461436434_1241521953843860_2963595742484995821_n.heic?stp=dst-jpg_tt6&amp;_nc_cat=110&amp;ccb=1-7&amp;_nc_sid=18de74&amp;_nc_ohc=uYEnUW0Xg4UQ7kNvgGx08IX&amp;_nc_zt=23&amp;_nc_ht=scontent-man2-1.cdninstagram.com&amp;edm=ANo9K5cEAAAA&amp;_nc_gid=ADDRi-oCXsqjotPXHLhaOPU&amp;oh=00_AYClefB5Ry8rrucOhNnnIE-wPGcHgbal4hNz4YiF4b-_kA&amp;oe=67569775&quot;,&quot;320&quot;:&quot;https:\\\/\\\/scontent-man2-1.cdninstagram.com\\\/v\\\/t51.29350-15\\\/461436434_1241521953843860_2963595742484995821_n.heic?stp=dst-jpg_tt6&amp;_nc_cat=110&amp;ccb=1-7&amp;_nc_sid=18de74&amp;_nc_ohc=uYEnUW0Xg4UQ7kNvgGx08IX&amp;_nc_zt=23&amp;_nc_ht=scontent-man2-1.cdninstagram.com&amp;edm=ANo9K5cEAAAA&amp;_nc_gid=ADDRi-oCXsqjotPXHLhaOPU&amp;oh=00_AYClefB5Ry8rrucOhNnnIE-wPGcHgbal4hNz4YiF4b-_kA&amp;oe=67569775&quot;,&quot;640&quot;:&quot;https:\\\/\\\/scontent-man2-1.cdninstagram.com\\\/v\\\/t51.29350-15\\\/461436434_1241521953843860_2963595742484995821_n.heic?stp=dst-jpg_tt6&amp;_nc_cat=110&amp;ccb=1-7&amp;_nc_sid=18de74&amp;_nc_ohc=uYEnUW0Xg4UQ7kNvgGx08IX&amp;_nc_zt=23&amp;_nc_ht=scontent-man2-1.cdninstagram.com&amp;edm=ANo9K5cEAAAA&amp;_nc_gid=ADDRi-oCXsqjotPXHLhaOPU&amp;oh=00_AYClefB5Ry8rrucOhNnnIE-wPGcHgbal4hNz4YiF4b-_kA&amp;oe=67569775&quot;}\">\n            <span class=\"sbi-screenreader\">OFRENDA FLORAL | En la tarde de ayer, viernes 27 d<\/span>\n            \t                    <img decoding=\"async\" src=\"https:\/\/columnayesperanzalucena.es\/wp-content\/plugins\/instagram-feed\/img\/placeholder.png\" alt=\"OFRENDA FLORAL | En la tarde de ayer, viernes 27 de septiembre, una representaci\u00f3n de nuestra cofrad\u00eda acudi\u00f3 a la iglesia parroquial de Sto. Domingo para hacer entrega de la ofrenda floral a la Cofrad\u00eda del Stmo. Cristo de la Sangre en la culminaci\u00f3n de su Centenario Fundacional. \n\n#ColumnadeEsperanza \n#ColumnaPazyEsperanza\">\n        <\/a>\n    <\/div>\n<\/div><div class=\"sbi_item sbi_type_video sbi_new sbi_transition\" id=\"sbi_17906818319986261\" data-date=\"1719075526\">\n    <div class=\"sbi_photo_wrap\">\n        <a class=\"sbi_photo\" href=\"https:\/\/www.instagram.com\/reel\/C8hofeIoL6_\/\" target=\"_blank\" rel=\"noopener nofollow\" data-full-res=\"https:\/\/scontent-man2-1.cdninstagram.com\/v\/t51.29350-15\/448879779_955982242935932_7736216284563838773_n.jpg?_nc_cat=100&#038;ccb=1-7&#038;_nc_sid=18de74&#038;_nc_ohc=tm2JQw25BhYQ7kNvgGUxVlN&#038;_nc_zt=23&#038;_nc_ht=scontent-man2-1.cdninstagram.com&#038;edm=ANo9K5cEAAAA&#038;_nc_gid=ADDRi-oCXsqjotPXHLhaOPU&#038;oh=00_AYAZhmejr8WjYwqTWjhbJVPtSR1pE0ewZef8FQ5zxJqyOw&#038;oe=67569557\" data-img-src-set=\"{&quot;d&quot;:&quot;https:\\\/\\\/scontent-man2-1.cdninstagram.com\\\/v\\\/t51.29350-15\\\/448879779_955982242935932_7736216284563838773_n.jpg?_nc_cat=100&amp;ccb=1-7&amp;_nc_sid=18de74&amp;_nc_ohc=tm2JQw25BhYQ7kNvgGUxVlN&amp;_nc_zt=23&amp;_nc_ht=scontent-man2-1.cdninstagram.com&amp;edm=ANo9K5cEAAAA&amp;_nc_gid=ADDRi-oCXsqjotPXHLhaOPU&amp;oh=00_AYAZhmejr8WjYwqTWjhbJVPtSR1pE0ewZef8FQ5zxJqyOw&amp;oe=67569557&quot;,&quot;150&quot;:&quot;https:\\\/\\\/scontent-man2-1.cdninstagram.com\\\/v\\\/t51.29350-15\\\/448879779_955982242935932_7736216284563838773_n.jpg?_nc_cat=100&amp;ccb=1-7&amp;_nc_sid=18de74&amp;_nc_ohc=tm2JQw25BhYQ7kNvgGUxVlN&amp;_nc_zt=23&amp;_nc_ht=scontent-man2-1.cdninstagram.com&amp;edm=ANo9K5cEAAAA&amp;_nc_gid=ADDRi-oCXsqjotPXHLhaOPU&amp;oh=00_AYAZhmejr8WjYwqTWjhbJVPtSR1pE0ewZef8FQ5zxJqyOw&amp;oe=67569557&quot;,&quot;320&quot;:&quot;https:\\\/\\\/scontent-man2-1.cdninstagram.com\\\/v\\\/t51.29350-15\\\/448879779_955982242935932_7736216284563838773_n.jpg?_nc_cat=100&amp;ccb=1-7&amp;_nc_sid=18de74&amp;_nc_ohc=tm2JQw25BhYQ7kNvgGUxVlN&amp;_nc_zt=23&amp;_nc_ht=scontent-man2-1.cdninstagram.com&amp;edm=ANo9K5cEAAAA&amp;_nc_gid=ADDRi-oCXsqjotPXHLhaOPU&amp;oh=00_AYAZhmejr8WjYwqTWjhbJVPtSR1pE0ewZef8FQ5zxJqyOw&amp;oe=67569557&quot;,&quot;640&quot;:&quot;https:\\\/\\\/scontent-man2-1.cdninstagram.com\\\/v\\\/t51.29350-15\\\/448879779_955982242935932_7736216284563838773_n.jpg?_nc_cat=100&amp;ccb=1-7&amp;_nc_sid=18de74&amp;_nc_ohc=tm2JQw25BhYQ7kNvgGUxVlN&amp;_nc_zt=23&amp;_nc_ht=scontent-man2-1.cdninstagram.com&amp;edm=ANo9K5cEAAAA&amp;_nc_gid=ADDRi-oCXsqjotPXHLhaOPU&amp;oh=00_AYAZhmejr8WjYwqTWjhbJVPtSR1pE0ewZef8FQ5zxJqyOw&amp;oe=67569557&quot;}\">\n            <span class=\"sbi-screenreader\">FIESTA DE SAN JUAN | Tras todo el trabajo y esfuer<\/span>\n            \t        <svg style=\"color: rgba(255,255,255,1)\" class=\"svg-inline--fa fa-play fa-w-14 sbi_playbtn\" aria-label=\"Play\" aria-hidden=\"true\" data-fa-processed=\"\" data-prefix=\"fa\" data-icon=\"play\" role=\"presentation\" xmlns=\"http:\/\/www.w3.org\/2000\/svg\" viewBox=\"0 0 448 512\"><path fill=\"currentColor\" d=\"M424.4 214.7L72.4 6.6C43.8-10.3 0 6.1 0 47.9V464c0 37.5 40.7 60.1 72.4 41.3l352-208c31.4-18.5 31.5-64.1 0-82.6z\"><\/path><\/svg>            <img decoding=\"async\" src=\"https:\/\/columnayesperanzalucena.es\/wp-content\/plugins\/instagram-feed\/img\/placeholder.png\" alt=\"FIESTA DE SAN JUAN | Tras todo el trabajo y esfuerzo para hacer de ayer, una noche inolvidable, no queremos dejar m\u00e1s tiempo sin agradecer a todos los que hicieron posible lo vivido. \n\nGracias a todas las empresas colaboradoras con las que, a\u00f1o tras a\u00f1o, podemos contar para realizar nuestros proyectos. Gracias a Manolo P\u00e1rraga, Carlos Bl\u00e1zquez y al grupo Magallanes, ellos pusieron la diversi\u00f3n y la m\u00fasica para que todos disfrut\u00e1rais. Gracias a los Jardines Aguanevada por ofrecernos su espacio. Gracias a nuestra Junta Juvenil y personas ajenas a la junta de gobierno por prestarse a ayudar en cocina, barra o repartiendo comida y bebida. Pero, sobre todo, gracias a todos los que quis\u00edsteis acompa\u00f1arnos: vuestro compromiso y ganas de acudir a esta fiesta nos hace mejorar en cada edici\u00f3n.\n\nYa estamos pensando en el a\u00f1o 2025, mientras, os dejamos con un resumen de la noche de ayer.\n\n\u00a1\u00a1GRACIAS A TODOS!!\n\n#ColumnadeEsperanza\">\n        <\/a>\n    <\/div>\n<\/div><div class=\"sbi_item sbi_type_carousel sbi_new sbi_transition\" id=\"sbi_18433214560036511\" data-date=\"1718183566\">\n    <div class=\"sbi_photo_wrap\">\n        <a class=\"sbi_photo\" href=\"https:\/\/www.instagram.com\/p\/C8HDUF-MxBT\/\" target=\"_blank\" rel=\"noopener nofollow\" data-full-res=\"https:\/\/scontent-man2-1.cdninstagram.com\/v\/t51.29350-15\/448174603_416312141382963_8255764407955435121_n.jpg?_nc_cat=104&#038;ccb=1-7&#038;_nc_sid=18de74&#038;_nc_ohc=COUiWW5M05AQ7kNvgHC4vB_&#038;_nc_zt=23&#038;_nc_ht=scontent-man2-1.cdninstagram.com&#038;edm=ANo9K5cEAAAA&#038;_nc_gid=ADDRi-oCXsqjotPXHLhaOPU&#038;oh=00_AYD8jPxdJVzt83eYLwIR8qDVFOw8KNSks3rFprczVOu6gA&#038;oe=67567EDD\" data-img-src-set=\"{&quot;d&quot;:&quot;https:\\\/\\\/scontent-man2-1.cdninstagram.com\\\/v\\\/t51.29350-15\\\/448174603_416312141382963_8255764407955435121_n.jpg?_nc_cat=104&amp;ccb=1-7&amp;_nc_sid=18de74&amp;_nc_ohc=COUiWW5M05AQ7kNvgHC4vB_&amp;_nc_zt=23&amp;_nc_ht=scontent-man2-1.cdninstagram.com&amp;edm=ANo9K5cEAAAA&amp;_nc_gid=ADDRi-oCXsqjotPXHLhaOPU&amp;oh=00_AYD8jPxdJVzt83eYLwIR8qDVFOw8KNSks3rFprczVOu6gA&amp;oe=67567EDD&quot;,&quot;150&quot;:&quot;https:\\\/\\\/scontent-man2-1.cdninstagram.com\\\/v\\\/t51.29350-15\\\/448174603_416312141382963_8255764407955435121_n.jpg?_nc_cat=104&amp;ccb=1-7&amp;_nc_sid=18de74&amp;_nc_ohc=COUiWW5M05AQ7kNvgHC4vB_&amp;_nc_zt=23&amp;_nc_ht=scontent-man2-1.cdninstagram.com&amp;edm=ANo9K5cEAAAA&amp;_nc_gid=ADDRi-oCXsqjotPXHLhaOPU&amp;oh=00_AYD8jPxdJVzt83eYLwIR8qDVFOw8KNSks3rFprczVOu6gA&amp;oe=67567EDD&quot;,&quot;320&quot;:&quot;https:\\\/\\\/scontent-man2-1.cdninstagram.com\\\/v\\\/t51.29350-15\\\/448174603_416312141382963_8255764407955435121_n.jpg?_nc_cat=104&amp;ccb=1-7&amp;_nc_sid=18de74&amp;_nc_ohc=COUiWW5M05AQ7kNvgHC4vB_&amp;_nc_zt=23&amp;_nc_ht=scontent-man2-1.cdninstagram.com&amp;edm=ANo9K5cEAAAA&amp;_nc_gid=ADDRi-oCXsqjotPXHLhaOPU&amp;oh=00_AYD8jPxdJVzt83eYLwIR8qDVFOw8KNSks3rFprczVOu6gA&amp;oe=67567EDD&quot;,&quot;640&quot;:&quot;https:\\\/\\\/scontent-man2-1.cdninstagram.com\\\/v\\\/t51.29350-15\\\/448174603_416312141382963_8255764407955435121_n.jpg?_nc_cat=104&amp;ccb=1-7&amp;_nc_sid=18de74&amp;_nc_ohc=COUiWW5M05AQ7kNvgHC4vB_&amp;_nc_zt=23&amp;_nc_ht=scontent-man2-1.cdninstagram.com&amp;edm=ANo9K5cEAAAA&amp;_nc_gid=ADDRi-oCXsqjotPXHLhaOPU&amp;oh=00_AYD8jPxdJVzt83eYLwIR8qDVFOw8KNSks3rFprczVOu6gA&amp;oe=67567EDD&quot;}\">\n            <span class=\"sbi-screenreader\">MAR\u00cdA STMA. DE LA PAZ Y ESPERANZA | Para la \u00e9poc<\/span>\n            <svg class=\"svg-inline--fa fa-clone fa-w-16 sbi_lightbox_carousel_icon\" aria-hidden=\"true\" aria-label=\"Clone\" data-fa-pro\u0192cessed=\"\" data-prefix=\"far\" data-icon=\"clone\" role=\"img\" xmlns=\"http:\/\/www.w3.org\/2000\/svg\" viewBox=\"0 0 512 512\">\n\t                <path fill=\"currentColor\" d=\"M464 0H144c-26.51 0-48 21.49-48 48v48H48c-26.51 0-48 21.49-48 48v320c0 26.51 21.49 48 48 48h320c26.51 0 48-21.49 48-48v-48h48c26.51 0 48-21.49 48-48V48c0-26.51-21.49-48-48-48zM362 464H54a6 6 0 0 1-6-6V150a6 6 0 0 1 6-6h42v224c0 26.51 21.49 48 48 48h224v42a6 6 0 0 1-6 6zm96-96H150a6 6 0 0 1-6-6V54a6 6 0 0 1 6-6h308a6 6 0 0 1 6 6v308a6 6 0 0 1-6 6z\"><\/path>\n\t            <\/svg>\t                    <img decoding=\"async\" src=\"https:\/\/columnayesperanzalucena.es\/wp-content\/plugins\/instagram-feed\/img\/placeholder.png\" alt=\"MAR\u00cdA STMA. DE LA PAZ Y ESPERANZA | Para la \u00e9poca estival, la Virgen de la Paz y Esperanza se presenta, ante sus fieles y devotos, con manto color rosa columnero con bordados en hilo plateado y dorado -estrenado para la misa de campa\u00f1a del pasado mes de septiembre y que fue confeccionado en el taller de bordados Servitas y realizado por Teresa Botella-. Adem\u00e1s, luce saya color malva con fest\u00f3n de encaje dorado en la parte baja y, para ce\u00f1irla a su cintura, faj\u00edn crema bordado en forma de lazo.\n\nLleva tocado beige bordado con hilo plateado a tablas y, sobre su sien, descansa la corona plateada. Como \u00fanica joya, luce el nombre de Esperanza sobre su pecho.\n\nTermina el conjunto con pu\u00f1os beige, pa\u00f1uelo a tono en su mano derecha y rosario en su mano izquierda.\n\nFotograf\u00edas: Paco Almagro.\n\n#ColumnadeEsperanza\">\n        <\/a>\n    <\/div>\n<\/div><div class=\"sbi_item sbi_type_carousel sbi_new sbi_transition\" id=\"sbi_18001969196549690\" data-date=\"1717172198\">\n    <div class=\"sbi_photo_wrap\">\n        <a class=\"sbi_photo\" href=\"https:\/\/www.instagram.com\/p\/C7o6SMNoC0j\/\" target=\"_blank\" rel=\"noopener nofollow\" data-full-res=\"https:\/\/scontent-man2-1.cdninstagram.com\/v\/t51.29350-15\/446844622_1640420913461667_7712975251558778327_n.heic?stp=dst-jpg&#038;_nc_cat=104&#038;ccb=1-7&#038;_nc_sid=18de74&#038;_nc_ohc=IpjDuHyGE6cQ7kNvgEagYS7&#038;_nc_zt=23&#038;_nc_ht=scontent-man2-1.cdninstagram.com&#038;edm=ANo9K5cEAAAA&#038;_nc_gid=ADDRi-oCXsqjotPXHLhaOPU&#038;oh=00_AYAiXxxUDxwY83RZWgImrEA5vBuQbNZQgEbH81T5FL_BKQ&#038;oe=67566F39\" data-img-src-set=\"{&quot;d&quot;:&quot;https:\\\/\\\/scontent-man2-1.cdninstagram.com\\\/v\\\/t51.29350-15\\\/446844622_1640420913461667_7712975251558778327_n.heic?stp=dst-jpg&amp;_nc_cat=104&amp;ccb=1-7&amp;_nc_sid=18de74&amp;_nc_ohc=IpjDuHyGE6cQ7kNvgEagYS7&amp;_nc_zt=23&amp;_nc_ht=scontent-man2-1.cdninstagram.com&amp;edm=ANo9K5cEAAAA&amp;_nc_gid=ADDRi-oCXsqjotPXHLhaOPU&amp;oh=00_AYAiXxxUDxwY83RZWgImrEA5vBuQbNZQgEbH81T5FL_BKQ&amp;oe=67566F39&quot;,&quot;150&quot;:&quot;https:\\\/\\\/scontent-man2-1.cdninstagram.com\\\/v\\\/t51.29350-15\\\/446844622_1640420913461667_7712975251558778327_n.heic?stp=dst-jpg&amp;_nc_cat=104&amp;ccb=1-7&amp;_nc_sid=18de74&amp;_nc_ohc=IpjDuHyGE6cQ7kNvgEagYS7&amp;_nc_zt=23&amp;_nc_ht=scontent-man2-1.cdninstagram.com&amp;edm=ANo9K5cEAAAA&amp;_nc_gid=ADDRi-oCXsqjotPXHLhaOPU&amp;oh=00_AYAiXxxUDxwY83RZWgImrEA5vBuQbNZQgEbH81T5FL_BKQ&amp;oe=67566F39&quot;,&quot;320&quot;:&quot;https:\\\/\\\/scontent-man2-1.cdninstagram.com\\\/v\\\/t51.29350-15\\\/446844622_1640420913461667_7712975251558778327_n.heic?stp=dst-jpg&amp;_nc_cat=104&amp;ccb=1-7&amp;_nc_sid=18de74&amp;_nc_ohc=IpjDuHyGE6cQ7kNvgEagYS7&amp;_nc_zt=23&amp;_nc_ht=scontent-man2-1.cdninstagram.com&amp;edm=ANo9K5cEAAAA&amp;_nc_gid=ADDRi-oCXsqjotPXHLhaOPU&amp;oh=00_AYAiXxxUDxwY83RZWgImrEA5vBuQbNZQgEbH81T5FL_BKQ&amp;oe=67566F39&quot;,&quot;640&quot;:&quot;https:\\\/\\\/scontent-man2-1.cdninstagram.com\\\/v\\\/t51.29350-15\\\/446844622_1640420913461667_7712975251558778327_n.heic?stp=dst-jpg&amp;_nc_cat=104&amp;ccb=1-7&amp;_nc_sid=18de74&amp;_nc_ohc=IpjDuHyGE6cQ7kNvgEagYS7&amp;_nc_zt=23&amp;_nc_ht=scontent-man2-1.cdninstagram.com&amp;edm=ANo9K5cEAAAA&amp;_nc_gid=ADDRi-oCXsqjotPXHLhaOPU&amp;oh=00_AYAiXxxUDxwY83RZWgImrEA5vBuQbNZQgEbH81T5FL_BKQ&amp;oe=67566F39&quot;}\">\n            <span class=\"sbi-screenreader\">PRESENTACI\u00d3N LIBRO | En la noche del jueves, 30 d<\/span>\n            <svg class=\"svg-inline--fa fa-clone fa-w-16 sbi_lightbox_carousel_icon\" aria-hidden=\"true\" aria-label=\"Clone\" data-fa-pro\u0192cessed=\"\" data-prefix=\"far\" data-icon=\"clone\" role=\"img\" xmlns=\"http:\/\/www.w3.org\/2000\/svg\" viewBox=\"0 0 512 512\">\n\t                <path fill=\"currentColor\" d=\"M464 0H144c-26.51 0-48 21.49-48 48v48H48c-26.51 0-48 21.49-48 48v320c0 26.51 21.49 48 48 48h320c26.51 0 48-21.49 48-48v-48h48c26.51 0 48-21.49 48-48V48c0-26.51-21.49-48-48-48zM362 464H54a6 6 0 0 1-6-6V150a6 6 0 0 1 6-6h42v224c0 26.51 21.49 48 48 48h224v42a6 6 0 0 1-6 6zm96-96H150a6 6 0 0 1-6-6V54a6 6 0 0 1 6-6h308a6 6 0 0 1 6 6v308a6 6 0 0 1-6 6z\"><\/path>\n\t            <\/svg>\t                    <img decoding=\"async\" src=\"https:\/\/columnayesperanzalucena.es\/wp-content\/plugins\/instagram-feed\/img\/placeholder.png\" alt=\"PRESENTACI\u00d3N LIBRO | En la noche del jueves, 30 de mayo, tuvo lugar la presentaci\u00f3n del libro &quot;El Amarrado a la COLUMNA de la Veracruz lucentina&quot;, obra del hermano y cronista Luisfernando Palma Robles. \n\nEl acto, al que acudieron hermanos, devotos y diversas autoridades, estuvo introducido por el hermano secretario que, a su conclusi\u00f3n cedi\u00f3 la palabra a Jer\u00f3nimo Jim\u00e9nez Garc\u00eda. Este detall\u00f3, pormenorizadamente, el curr\u00edculo del autor de la obra para, seguidamente, analizar el contenido del libro. \n\nTras el presidente de la Comisi\u00f3n del Centenario Fundacional, continu\u00f3 Luisfernando Palma Robles que, a trav\u00e9s de una magn\u00edfica disertaci\u00f3n titulada &quot;El Cristo de la Columna de Lucena: entre el salterio de Sttutgart y la Sagrada Familia de Barcelona&quot; hizo una comparaci\u00f3n art\u00edstica entre la obra culmen de Rold\u00e1n y otras imagenes pict\u00f3ricas y escult\u00f3ricas afincadas, en su mayor\u00eda, en la geograf\u00eda andaluza. \n\nA la conclusi\u00f3n de la charla, nuestro hermano mayor, Javier S\u00e1nchez Cruz, indic\u00f3 que la recaudaci\u00f3n \u00edntegra del libro ser\u00e1 destinada al &quot;Comedor Social Virgen de Araceli&quot; y a la oeneg\u00e9 &quot;Infancia Solidaria&quot;. \n\nFinaliz\u00f3 el acto el consiliario de la hermandad, Antonio Tejero D\u00edaz, dando por concluidos, con esta presentaci\u00f3n, el Centenario Fundacional de la cofradia y dejando un mensaje a las generaciones venideras, pues de ellas depender\u00e1 que la hermandad contin\u00fae escribiendo nuevos cap\u00edtulos en su historia.\n\nEl libro, que ha sido editado gracias a la colaboracion de la Diputaci\u00f3n de C\u00f3rdoba y el Ilustre Colegio de Abogados de Lucena, podr\u00e1 adquirirse en los siguientes puntos de venta:\n-Vestumark -San Pedro 71\n-Panader\u00eda Jer\u00f3nimo Jim\u00e9nez -Juan Palma Garc\u00eda 2.\n-La Casa del Papel - Plaza de Espa\u00f1a 6\n-Asesores Grupo NG - Calle Montenegro 1\n-Parroquia de Santiago.\n\n#ColumnadeEsperanza.\">\n        <\/a>\n    <\/div>\n<\/div><div class=\"sbi_item sbi_type_image sbi_new sbi_transition\" id=\"sbi_18027840125491878\" data-date=\"1717138175\">\n    <div class=\"sbi_photo_wrap\">\n        <a class=\"sbi_photo\" href=\"https:\/\/www.instagram.com\/p\/C7n5Y7ko2TP\/\" target=\"_blank\" rel=\"noopener nofollow\" data-full-res=\"https:\/\/scontent-man2-1.cdninstagram.com\/v\/t51.29350-15\/447088257_1506539140245466_3779056463618165267_n.heic?stp=dst-jpg&#038;_nc_cat=110&#038;ccb=1-7&#038;_nc_sid=18de74&#038;_nc_ohc=Gkwx7yktZ1QQ7kNvgHjYCms&#038;_nc_zt=23&#038;_nc_ht=scontent-man2-1.cdninstagram.com&#038;edm=ANo9K5cEAAAA&#038;_nc_gid=ADDRi-oCXsqjotPXHLhaOPU&#038;oh=00_AYA29-fmtGKdTSLn3VuMmnyy1T6WH6ktJedoxGlOQyK3rg&#038;oe=67567D93\" data-img-src-set=\"{&quot;d&quot;:&quot;https:\\\/\\\/scontent-man2-1.cdninstagram.com\\\/v\\\/t51.29350-15\\\/447088257_1506539140245466_3779056463618165267_n.heic?stp=dst-jpg&amp;_nc_cat=110&amp;ccb=1-7&amp;_nc_sid=18de74&amp;_nc_ohc=Gkwx7yktZ1QQ7kNvgHjYCms&amp;_nc_zt=23&amp;_nc_ht=scontent-man2-1.cdninstagram.com&amp;edm=ANo9K5cEAAAA&amp;_nc_gid=ADDRi-oCXsqjotPXHLhaOPU&amp;oh=00_AYA29-fmtGKdTSLn3VuMmnyy1T6WH6ktJedoxGlOQyK3rg&amp;oe=67567D93&quot;,&quot;150&quot;:&quot;https:\\\/\\\/scontent-man2-1.cdninstagram.com\\\/v\\\/t51.29350-15\\\/447088257_1506539140245466_3779056463618165267_n.heic?stp=dst-jpg&amp;_nc_cat=110&amp;ccb=1-7&amp;_nc_sid=18de74&amp;_nc_ohc=Gkwx7yktZ1QQ7kNvgHjYCms&amp;_nc_zt=23&amp;_nc_ht=scontent-man2-1.cdninstagram.com&amp;edm=ANo9K5cEAAAA&amp;_nc_gid=ADDRi-oCXsqjotPXHLhaOPU&amp;oh=00_AYA29-fmtGKdTSLn3VuMmnyy1T6WH6ktJedoxGlOQyK3rg&amp;oe=67567D93&quot;,&quot;320&quot;:&quot;https:\\\/\\\/scontent-man2-1.cdninstagram.com\\\/v\\\/t51.29350-15\\\/447088257_1506539140245466_3779056463618165267_n.heic?stp=dst-jpg&amp;_nc_cat=110&amp;ccb=1-7&amp;_nc_sid=18de74&amp;_nc_ohc=Gkwx7yktZ1QQ7kNvgHjYCms&amp;_nc_zt=23&amp;_nc_ht=scontent-man2-1.cdninstagram.com&amp;edm=ANo9K5cEAAAA&amp;_nc_gid=ADDRi-oCXsqjotPXHLhaOPU&amp;oh=00_AYA29-fmtGKdTSLn3VuMmnyy1T6WH6ktJedoxGlOQyK3rg&amp;oe=67567D93&quot;,&quot;640&quot;:&quot;https:\\\/\\\/scontent-man2-1.cdninstagram.com\\\/v\\\/t51.29350-15\\\/447088257_1506539140245466_3779056463618165267_n.heic?stp=dst-jpg&amp;_nc_cat=110&amp;ccb=1-7&amp;_nc_sid=18de74&amp;_nc_ohc=Gkwx7yktZ1QQ7kNvgHjYCms&amp;_nc_zt=23&amp;_nc_ht=scontent-man2-1.cdninstagram.com&amp;edm=ANo9K5cEAAAA&amp;_nc_gid=ADDRi-oCXsqjotPXHLhaOPU&amp;oh=00_AYA29-fmtGKdTSLn3VuMmnyy1T6WH6ktJedoxGlOQyK3rg&amp;oe=67567D93&quot;}\">\n            <span class=\"sbi-screenreader\">FIESTA DE SAN JUAN | \u00a1\u00a1Volvemos con la celebraci<\/span>\n            \t                    <img decoding=\"async\" src=\"https:\/\/columnayesperanzalucena.es\/wp-content\/plugins\/instagram-feed\/img\/placeholder.png\" alt=\"FIESTA DE SAN JUAN | \u00a1\u00a1Volvemos con la celebraci\u00f3n que abre el verano!! El viernes 21 de junio, a las 21:00 horas, tendr\u00e1 lugar la VIII Fiesta de San Juan en los Jardines de Aguaneda. \u00a1No te quedes sin tu entrada y disfruta de una noche \u00fanica junto a tus amigos!\n\n#ColumnadeEsperanza\">\n        <\/a>\n    <\/div>\n<\/div><div class=\"sbi_item sbi_type_image sbi_new sbi_transition\" id=\"sbi_18048441637664934\" data-date=\"1716480866\">\n    <div class=\"sbi_photo_wrap\">\n        <a class=\"sbi_photo\" href=\"https:\/\/www.instagram.com\/p\/C7UTq_aooqc\/\" target=\"_blank\" rel=\"noopener nofollow\" data-full-res=\"https:\/\/scontent-man2-1.cdninstagram.com\/v\/t51.29350-15\/445407740_1502475474032717_1190928299659172410_n.heic?stp=dst-jpg_tt6&#038;_nc_cat=110&#038;ccb=1-7&#038;_nc_sid=18de74&#038;_nc_ohc=DajwugfyKbUQ7kNvgEkORDT&#038;_nc_zt=23&#038;_nc_ht=scontent-man2-1.cdninstagram.com&#038;edm=ANo9K5cEAAAA&#038;_nc_gid=ADDRi-oCXsqjotPXHLhaOPU&#038;oh=00_AYDj1g7_YaeRPRvdUhtWS4048DjrimP2k-pvsGkNbYkOzA&#038;oe=6756657A\" data-img-src-set=\"{&quot;d&quot;:&quot;https:\\\/\\\/scontent-man2-1.cdninstagram.com\\\/v\\\/t51.29350-15\\\/445407740_1502475474032717_1190928299659172410_n.heic?stp=dst-jpg_tt6&amp;_nc_cat=110&amp;ccb=1-7&amp;_nc_sid=18de74&amp;_nc_ohc=DajwugfyKbUQ7kNvgEkORDT&amp;_nc_zt=23&amp;_nc_ht=scontent-man2-1.cdninstagram.com&amp;edm=ANo9K5cEAAAA&amp;_nc_gid=ADDRi-oCXsqjotPXHLhaOPU&amp;oh=00_AYDj1g7_YaeRPRvdUhtWS4048DjrimP2k-pvsGkNbYkOzA&amp;oe=6756657A&quot;,&quot;150&quot;:&quot;https:\\\/\\\/scontent-man2-1.cdninstagram.com\\\/v\\\/t51.29350-15\\\/445407740_1502475474032717_1190928299659172410_n.heic?stp=dst-jpg_tt6&amp;_nc_cat=110&amp;ccb=1-7&amp;_nc_sid=18de74&amp;_nc_ohc=DajwugfyKbUQ7kNvgEkORDT&amp;_nc_zt=23&amp;_nc_ht=scontent-man2-1.cdninstagram.com&amp;edm=ANo9K5cEAAAA&amp;_nc_gid=ADDRi-oCXsqjotPXHLhaOPU&amp;oh=00_AYDj1g7_YaeRPRvdUhtWS4048DjrimP2k-pvsGkNbYkOzA&amp;oe=6756657A&quot;,&quot;320&quot;:&quot;https:\\\/\\\/scontent-man2-1.cdninstagram.com\\\/v\\\/t51.29350-15\\\/445407740_1502475474032717_1190928299659172410_n.heic?stp=dst-jpg_tt6&amp;_nc_cat=110&amp;ccb=1-7&amp;_nc_sid=18de74&amp;_nc_ohc=DajwugfyKbUQ7kNvgEkORDT&amp;_nc_zt=23&amp;_nc_ht=scontent-man2-1.cdninstagram.com&amp;edm=ANo9K5cEAAAA&amp;_nc_gid=ADDRi-oCXsqjotPXHLhaOPU&amp;oh=00_AYDj1g7_YaeRPRvdUhtWS4048DjrimP2k-pvsGkNbYkOzA&amp;oe=6756657A&quot;,&quot;640&quot;:&quot;https:\\\/\\\/scontent-man2-1.cdninstagram.com\\\/v\\\/t51.29350-15\\\/445407740_1502475474032717_1190928299659172410_n.heic?stp=dst-jpg_tt6&amp;_nc_cat=110&amp;ccb=1-7&amp;_nc_sid=18de74&amp;_nc_ohc=DajwugfyKbUQ7kNvgEkORDT&amp;_nc_zt=23&amp;_nc_ht=scontent-man2-1.cdninstagram.com&amp;edm=ANo9K5cEAAAA&amp;_nc_gid=ADDRi-oCXsqjotPXHLhaOPU&amp;oh=00_AYDj1g7_YaeRPRvdUhtWS4048DjrimP2k-pvsGkNbYkOzA&amp;oe=6756657A&quot;}\">\n            <span class=\"sbi-screenreader\">PRESENTACI\u00d3N DE LIBRO Y CONFERENCIA | El 30 de ma<\/span>\n            \t                    <img decoding=\"async\" src=\"https:\/\/columnayesperanzalucena.es\/wp-content\/plugins\/instagram-feed\/img\/placeholder.png\" alt=\"PRESENTACI\u00d3N DE LIBRO Y CONFERENCIA | El 30 de mayo, jueves, a las 21.15 horas y en el templo parroquial de Santiago tendr\u00e1 lugar la presentaci\u00f3n del libro &quot;El Amarrado a la COLUMNA de la Veracruz lucentina&quot;.\n\nTres siglos y medio de devoci\u00f3n y cien a\u00f1os de COFRAD\u00cdA, obra de nuestro hermano Luisfernando Palma Robles, cronista oficial y acad\u00e9mico. Se trata de una edici\u00f3n conmemorativa del Centenario Fundacional de la Cofrad\u00eda de Nuestro Padre Jes\u00fas de la Columna y Mar\u00eda Sant\u00edsima de la Paz y Esperanza. \n\nLos donativos que se reciban por la difusi\u00f3n de este libro se destinar\u00e1n a partes iguales al Comedor Social &quot;Virgen de Araceli&quot; y a &quot;Infancia Solidaria&quot;. \n\nLa presentaci\u00f3n de esta obra hist\u00f3rica se complementar\u00e1 con la disertaci\u00f3n a cargo de su autor titulada \u201cEl Cristo de la Cofrad\u00eda de la Columna de Lucena: entre el Salterio de Stuttgart y la Sagrada Familia de Barcelona\u201d.\n\n#ColumnadeEsperanza\n#100a\u00f1osdeColumnaPazyEsperanza\n#CentenarioFundacional\">\n        <\/a>\n    <\/div>\n<\/div>    <\/div>\n\n\t<div id=\"sbi_load\" >\n\n\t\t\t<a class=\"sbi_load_btn\" href=\"javascript:void(0);\">\n\t\t\t<span class=\"sbi_btn_text\">Cargar m\u00e1s<\/span>\n\t\t\t<span class=\"sbi_loader sbi_hidden\" style=\"background-color: rgb(255, 255, 255);\" aria-hidden=\"true\"><\/span>\n\t\t<\/a>\n\t\n\t\t\t<span class=\"sbi_follow_btn sbi_custom\">\n        <a href=\"https:\/\/www.instagram.com\/columna_esperanza\/\" style=\"background: rgb(64,139,209);\" target=\"_blank\" rel=\"nofollow noopener\">\n            <svg class=\"svg-inline--fa fa-instagram fa-w-14\" aria-hidden=\"true\" data-fa-processed=\"\" aria-label=\"Instagram\" data-prefix=\"fab\" data-icon=\"instagram\" role=\"img\" viewBox=\"0 0 448 512\">\n\t                <path fill=\"currentColor\" d=\"M224.1 141c-63.6 0-114.9 51.3-114.9 114.9s51.3 114.9 114.9 114.9S339 319.5 339 255.9 287.7 141 224.1 141zm0 189.6c-41.1 0-74.7-33.5-74.7-74.7s33.5-74.7 74.7-74.7 74.7 33.5 74.7 74.7-33.6 74.7-74.7 74.7zm146.4-194.3c0 14.9-12 26.8-26.8 26.8-14.9 0-26.8-12-26.8-26.8s12-26.8 26.8-26.8 26.8 12 26.8 26.8zm76.1 27.2c-1.7-35.9-9.9-67.7-36.2-93.9-26.2-26.2-58-34.4-93.9-36.2-37-2.1-147.9-2.1-184.9 0-35.8 1.7-67.6 9.9-93.9 36.1s-34.4 58-36.2 93.9c-2.1 37-2.1 147.9 0 184.9 1.7 35.9 9.9 67.7 36.2 93.9s58 34.4 93.9 36.2c37 2.1 147.9 2.1 184.9 0 35.9-1.7 67.7-9.9 93.9-36.2 26.2-26.2 34.4-58 36.2-93.9 2.1-37 2.1-147.8 0-184.8zM398.8 388c-7.8 19.6-22.9 34.7-42.6 42.6-29.5 11.7-99.5 9-132.1 9s-102.7 2.6-132.1-9c-19.6-7.8-34.7-22.9-42.6-42.6-11.7-29.5-9-99.5-9-132.1s-2.6-102.7 9-132.1c7.8-19.6 22.9-34.7 42.6-42.6 29.5-11.7 99.5-9 132.1-9s102.7-2.6 132.1 9c19.6 7.8 34.7 22.9 42.6 42.6 11.7 29.5 9 99.5 9 132.1s2.7 102.7-9 132.1z\"><\/path>\n\t            <\/svg>            <span>Seguir en Instagram<\/span>\n        <\/a>\n    <\/span>\n\t\n<\/div>\n\n\t    <span class=\"sbi_resized_image_data\" data-feed-id=\"*1\" data-resized=\"{&quot;18048441637664934&quot;:{&quot;id&quot;:&quot;445407740_1502475474032717_1190928299659172410_n.heic&quot;,&quot;ratio&quot;:&quot;1.00&quot;,&quot;sizes&quot;:{&quot;full&quot;:640,&quot;low&quot;:320,&quot;thumb&quot;:150},&quot;extension&quot;:&quot;.jpg&quot;},&quot;18001969196549690&quot;:{&quot;id&quot;:&quot;446844622_1640420913461667_7712975251558778327_n.heic&quot;,&quot;ratio&quot;:&quot;1.00&quot;,&quot;sizes&quot;:{&quot;full&quot;:640,&quot;low&quot;:320,&quot;thumb&quot;:150},&quot;extension&quot;:&quot;.jpg&quot;},&quot;18027840125491878&quot;:{&quot;id&quot;:&quot;447088257_1506539140245466_3779056463618165267_n.heic&quot;,&quot;ratio&quot;:&quot;0.80&quot;,&quot;sizes&quot;:{&quot;full&quot;:640,&quot;low&quot;:320,&quot;thumb&quot;:150},&quot;extension&quot;:&quot;.jpg&quot;},&quot;18433214560036511&quot;:{&quot;id&quot;:&quot;448174603_416312141382963_8255764407955435121_n&quot;,&quot;ratio&quot;:&quot;0.79&quot;,&quot;sizes&quot;:{&quot;full&quot;:640,&quot;low&quot;:320,&quot;thumb&quot;:150},&quot;extension&quot;:&quot;.jpg&quot;},&quot;17906818319986261&quot;:{&quot;id&quot;:&quot;448879779_955982242935932_7736216284563838773_n&quot;,&quot;ratio&quot;:&quot;0.56&quot;,&quot;sizes&quot;:{&quot;full&quot;:640,&quot;low&quot;:320,&quot;thumb&quot;:150},&quot;extension&quot;:&quot;.jpg&quot;},&quot;18017969405617814&quot;:{&quot;id&quot;:&quot;461436434_1241521953843860_2963595742484995821_n.heic&quot;,&quot;ratio&quot;:&quot;0.80&quot;,&quot;sizes&quot;:{&quot;full&quot;:640,&quot;low&quot;:320,&quot;thumb&quot;:150},&quot;extension&quot;:&quot;.webp&quot;},&quot;18026669825157774&quot;:{&quot;id&quot;:&quot;464283875_8537410276339121_6013657010934348063_n.heic&quot;,&quot;ratio&quot;:&quot;1.00&quot;,&quot;sizes&quot;:{&quot;full&quot;:640,&quot;low&quot;:320,&quot;thumb&quot;:150},&quot;extension&quot;:&quot;.webp&quot;},&quot;18070781344615583&quot;:{&quot;id&quot;:&quot;464855154_598203279199420_6260277520714108954_n.heic&quot;,&quot;ratio&quot;:&quot;0.80&quot;,&quot;sizes&quot;:{&quot;full&quot;:640,&quot;low&quot;:320,&quot;thumb&quot;:150},&quot;extension&quot;:&quot;.webp&quot;},&quot;18031226465109852&quot;:{&quot;id&quot;:&quot;466371268_833555428718203_6893783735676486878_n.heic&quot;,&quot;ratio&quot;:&quot;1.33&quot;,&quot;sizes&quot;:{&quot;full&quot;:640,&quot;low&quot;:320,&quot;thumb&quot;:150},&quot;extension&quot;:&quot;.webp&quot;},&quot;18066936778733360&quot;:{&quot;id&quot;:&quot;468015031_952761566706472_327816124320738308_n.heic&quot;,&quot;ratio&quot;:&quot;0.80&quot;,&quot;sizes&quot;:{&quot;full&quot;:640,&quot;low&quot;:320,&quot;thumb&quot;:150},&quot;extension&quot;:&quot;.webp&quot;},&quot;18025852331249837&quot;:{&quot;id&quot;:&quot;468268764_767724002192656_270808786555254043_n.heic&quot;,&quot;ratio&quot;:&quot;0.80&quot;,&quot;sizes&quot;:{&quot;full&quot;:640,&quot;low&quot;:320,&quot;thumb&quot;:150},&quot;extension&quot;:&quot;.webp&quot;},&quot;18089550841512407&quot;:{&quot;id&quot;:&quot;468159753_917095833707190_3913372986353568805_n.heic&quot;,&quot;ratio&quot;:&quot;0.80&quot;,&quot;sizes&quot;:{&quot;full&quot;:640,&quot;low&quot;:320,&quot;thumb&quot;:150},&quot;extension&quot;:&quot;.webp&quot;}}\">\n\t<\/span>\n\t<\/div>\n\n[\/et_pb_code][\/et_pb_column][et_pb_column type=\u00bb1_2&#8243; _builder_version=\u00bb4.18.0&#8243; _module_preset=\u00bbdefault\u00bb global_colors_info=\u00bb{}\u00bb][et_pb_code _builder_version=\u00bb4.18.0&#8243; _module_preset=\u00bbdefault\u00bb global_colors_info=\u00bb{}\u00bb]<div class=\"cff-wrapper\">\t<div id=\"cff-visual-header-1634878340090329\" class=\"cff-visual-header cff-has-name\">\n\t\t\t\t\t\t<div class=\"cff-header-inner-wrap\">\n\t\t\t\t\t\t<div class=\"cff-header-text\" >\n\n\t\t\t\t            <a href=\"https:\/\/facebook.com\/1634878340090329\" target=\"_blank\" rel=\"nofollow noopener\" title=\"\" class=\"cff-header-name\"><h3 style=\"font-size:inheritpx;\"><\/h3><\/a>\n\t\t\t\t        \t\t\t\t\t\t<\/div>\n\t\t<\/div>\n\t<\/div>\n<div class=\"cff-wrapper-ctn \" ><div id=\"cff\"  class=\"cff cff-list-container cff-masonry masonry-2-tablet cff-masonry-js cff-default-styles  cff-mob-cols-1\"   style=\"width:100%;\"   data-char=\"60\"  data-nummobile=\"2\" data-pag-num=\"3\"  data-cff-flags=\"gdpr\" ><div class=\"cff-error-msg\">\n\t<div>\n\t\t<i class=\"fa fa-lock\" aria-hidden=\"true\" style=\"margin-right: 5px;\"><\/i><b>Este mensaje solo es visible para los administradores.<\/b><br\/>\n\t\tProblema al mostrar las entradas de Facebook. Copia de seguridad de la cach\u00e9 en uso.\t\t\t\t\t<br\/><a href=\"javascript:void(0);\" id=\"cff-show-error\" onclick=\"cffShowError()\">Haz clic para mostrar el error<\/a>\n\t\t\t<script type=\"text\/javascript\">function cffShowError() { document.getElementById(\"cff-error-reason\").style.display = \"block\"; document.getElementById(\"cff-show-error\").style.display = \"none\"; }<\/script>\n\t\t\t<\/div>\n\t\t\t<div id=\"cff-error-reason\">\n\t\t\t\t\t\t\t\t\t<b>Error:<\/b> Error validating access token: Sessions for the user are not allowed because the user is not a confirmed user.\t\t\t\t\t\t\t\t\t\t\t\t\t<b>Tipo:<\/b> OAuthException\t\t\t\t\t\t\t\t\t\t\t\t\t\t\t\t\t\t\t\t\t\t\t\t\t\t\t\t\n\t\t\t<\/div>\n\t\t\t\t\n<\/div>\n<div class=\"cff-posts-wrap\">\n<div class=\"cff-likebox cff-bottom\" >\n\t\t<iframe title=\"Likebox Iframe\" src=\"\" class=\"fb_iframe_widget\" data-likebox-id=\"1634878340090329\" data-likebox-width=\"300\" data-likebox-header=\"1\" data-hide-cover=\"\" data-hide-cta=\"\" data-likebox-faces=\"\" data-height=\"70\" data-locale=\"es_ES\" scrolling=\"no\" allowTransparency=\"true\" allow=\"encrypted-media\" ><\/iframe>\n<\/div>\n<\/div><input class=\"cff-pag-url\" type=\"hidden\" data-locatornonce=\"6082418e76\" data-cff-shortcode=\"{&quot;feed&quot;: &quot;1&quot;}\" data-post-id=\"133\" data-feed-id=\"1634878340090329\"><\/div><\/div><div class=\"cff-clear\"><\/div><\/div>[\/et_pb_code][\/et_pb_column][\/et_pb_row][\/et_pb_section][et_pb_section fb_built=\u00bb1&#8243; specialty=\u00bbon\u00bb admin_label=\u00bbFeatured\u00bb _builder_version=\u00bb4.18.0&#8243; background_color=\u00bb#000000&#8243; use_background_color_gradient=\u00bbon\u00bb background_color_gradient_stops=\u00bb#ffffff 0%|rgba(255,255,255,0) 100%\u00bb background_color_gradient_overlays_image=\u00bbon\u00bb background_color_gradient_start=\u00bb#ffffff\u00bb background_color_gradient_end=\u00bbrgba(255,255,255,0)\u00bb background_image=\u00bbhttps:\/\/columnayesperanzalucena.es\/wp-content\/uploads\/2022\/09\/C-O-L-U-M-N-A-03.-scaled.jpg\u00bb custom_padding=\u00bb0|0px|82px|0px|false|false\u00bb bottom_divider_style=\u00bbramp\u00bb bottom_divider_color=\u00bb#000000&#8243; locked=\u00bboff\u00bb global_colors_info=\u00bb{}\u00bb][et_pb_column type=\u00bb1_2&#8243; specialty_columns=\u00bb2&#8243; _builder_version=\u00bb4.16&#8243; custom_padding=\u00bb|||\u00bb global_colors_info=\u00bb{}\u00bb custom_padding__hover=\u00bb|||\u00bb][\/et_pb_column][et_pb_column type=\u00bb1_2&#8243; _builder_version=\u00bb4.16&#8243; custom_padding=\u00bb|||\u00bb global_colors_info=\u00bb{}\u00bb custom_padding__hover=\u00bb|||\u00bb][et_pb_button button_url=\u00bb@ET-DC@eyJkeW5hbWljIjp0cnVlLCJjb250ZW50IjoicG9zdF9saW5rX3VybF9wYWdlIiwic2V0dGluZ3MiOnsicG9zdF9pZCI6IjQ4OCJ9fQ==@\u00bb button_text=\u00bbHAZTE HERMANO\u00bb button_alignment=\u00bbright\u00bb _builder_version=\u00bb4.18.0&#8243; _dynamic_attributes=\u00bbbutton_url\u00bb _module_preset=\u00bbdefault\u00bb custom_button=\u00bbon\u00bb button_text_size=\u00bb20px\u00bb button_text_color=\u00bb#FFFFFF\u00bb button_bg_color=\u00bb#681310&#8243; button_border_radius=\u00bb30px\u00bb button_font=\u00bb|700|||||||\u00bb button_use_icon=\u00bboff\u00bb global_colors_info=\u00bb{}\u00bb][\/et_pb_button][et_pb_button button_url=\u00bb@ET-DC@eyJkeW5hbWljIjp0cnVlLCJjb250ZW50IjoicG9zdF9saW5rX3VybF9wYWdlIiwic2V0dGluZ3MiOnsicG9zdF9pZCI6IjY5NCJ9fQ==@\u00bb button_text=\u00bbDONATIVO\u00bb button_alignment=\u00bbright\u00bb _builder_version=\u00bb4.18.0&#8243; _dynamic_attributes=\u00bbbutton_url\u00bb _module_preset=\u00bbdefault\u00bb custom_button=\u00bbon\u00bb button_text_size=\u00bb20px\u00bb button_text_color=\u00bb#FFFFFF\u00bb button_bg_color=\u00bb#681310&#8243; button_border_radius=\u00bb30px\u00bb button_font=\u00bb|700|||||||\u00bb button_use_icon=\u00bboff\u00bb global_colors_info=\u00bb{}\u00bb][\/et_pb_button][\/et_pb_column][\/et_pb_section]<\/p>\n","protected":false},"excerpt":{"rendered":"<p>Lucena &nbsp;|| AGENDA<div class=\"simcal-calendar simcal-default-calendar simcal-default-calendar-list simcal-default-calendar-light simcal-default-calendar-light\" data-calendar-id=\"193\" data-timezone=\"UTC\" data-offset=\"0\" data-week-start=\"1\" data-calendar-start=\"1777680000\" data-calendar-end=\"1797638341\" data-events-first=\"1797552059\" data-events-last=\"1797638341\"><div class=\"simcal-calendar-list \"><dl class=\"simcal-events-list-container\" data-prev=\"1797552059\" data-next=\"1797638341\" data-heading-small=\"Dic 18, 2026\" data-heading-large=\"diciembre 18, 2026\">\t<dt class=\"simcal-day-label\" style=\"border-bottom: 1px solid #000000;\" ><span style=\"background-color: #000000; color: #ffffff;\"><span class=\"simcal-date-format\" data-date-format=\"F j, Y\">diciembre 18, 2026<\/span> <\/span><\/dt>\n<dd class=\"simcal-weekday-5 simcal-past simcal-day simcal-day-has-events simcal-day-has-1-events simcal-events-calendar-193\" data-events-count=\"1\">\n\t<ul class=\"simcal-events\">\n\t<li class=\"simcal-event simcal-event-recurring simcal-events-calendar-193\" style=\"\" itemscope itemtype=\"http:\/\/schema.org\/Event\" data-start=\"1797552059\">\n\t\t<div class=\"simcal-event-details\"><strong><span class=\"simcal-event-title\" itemprop=\"name\">D\u00eda de la Virgen de la Esperanza<\/span><\/strong>\r\n\r\n<span class=\"simcal-event-start simcal-event-start-date\" data-event-start=\"1797552059\" data-event-format=\"F j, Y\" itemprop=\"startDate\" content=\"2026-12-18T00:00:59+00:00\">diciembre 18, 2026<\/span>\r\n <span class=\"simcal-event-address simcal-event-start-location\" itemprop=\"location\" itemscope itemtype=\"http:\/\/schema.org\/Place\"><meta itemprop=\"name\" content=\"D\u00eda de la Virgen de la Esperanza\" \/><meta itemprop=\"address\" content=\"D\u00eda de la Virgen de la Esperanza\" \/><\/span>\r\n<div><\/div><\/div>\n\t<\/li>\n<\/ul>\n\n<\/dd>\n<\/dl><div class=\"simcal-ajax-loader simcal-spinner-top\" style=\"display: none;\"><i class=\"simcal-icon-spinner simcal-icon-spin\"><\/i><\/div><\/div><\/div>|| \u00daltimas NoticiasHAZTE HERMANOACTUALIZA TUS DATOSDONATIVOCONTACTO|| Redes Sociales\n<div id=\"sb_instagram\"  class=\"sbi sbi_mob_col_1 sbi_tab_col_2 sbi_col_4 sbi_width_resp\" style=\"padding-bottom: 10px;\" data-feedid=\"*1\"  data-res=\"auto\" data-cols=\"4\" data-colsmobile=\"1\" data-colstablet=\"2\" data-num=\"12\" data-nummobile=\"6\" data-item-padding=\"5\" data-shortcode-atts=\"{&quot;feed&quot;:&quot;1&quot;}\"  data-postid=\"133\" data-locatornonce=\"6844070add\" data-sbi-flags=\"favorLocal,gdpr\">\n\t<div class=\"sb_instagram_header  sbi_medium\"   >\n\t<a class=\"sbi_header_link\" target=\"_blank\" rel=\"nofollow noopener\" href=\"https:\/\/www.instagram.com\/columna_esperanza\/\" title=\"@columna_esperanza\">\n\t\t<div class=\"sbi_header_text sbi_no_bio\">\n\t\t\t<div class=\"sbi_header_img\">\n\t\t\t\t\t\t\t\t\t<div class=\"sbi_header_img_hover\"  ><svg class=\"sbi_new_logo fa-instagram fa-w-14\" aria-hidden=\"true\" data-fa-processed=\"\" aria-label=\"Instagram\" data-prefix=\"fab\" data-icon=\"instagram\" role=\"img\" viewBox=\"0 0 448 512\">\n\t                <path fill=\"currentColor\" d=\"M224.1 141c-63.6 0-114.9 51.3-114.9 114.9s51.3 114.9 114.9 114.9S339 319.5 339 255.9 287.7 141 224.1 141zm0 189.6c-41.1 0-74.7-33.5-74.7-74.7s33.5-74.7 74.7-74.7 74.7 33.5 74.7 74.7-33.6 74.7-74.7 74.7zm146.4-194.3c0 14.9-12 26.8-26.8 26.8-14.9 0-26.8-12-26.8-26.8s12-26.8 26.8-26.8 26.8 12 26.8 26.8zm76.1 27.2c-1.7-35.9-9.9-67.7-36.2-93.9-26.2-26.2-58-34.4-93.9-36.2-37-2.1-147.9-2.1-184.9 0-35.8 1.7-67.6 9.9-93.9 36.1s-34.4 58-36.2 93.9c-2.1 37-2.1 147.9 0 184.9 1.7 35.9 9.9 67.7 36.2 93.9s58 34.4 93.9 36.2c37 2.1 147.9 2.1 184.9 0 35.9-1.7 67.7-9.9 93.9-36.2 26.2-26.2 34.4-58 36.2-93.9 2.1-37 2.1-147.8 0-184.8zM398.8 388c-7.8 19.6-22.9 34.7-42.6 42.6-29.5 11.7-99.5 9-132.1 9s-102.7 2.6-132.1-9c-19.6-7.8-34.7-22.9-42.6-42.6-11.7-29.5-9-99.5-9-132.1s-2.6-102.7 9-132.1c7.8-19.6 22.9-34.7 42.6-42.6 29.5-11.7 99.5-9 132.1-9s102.7-2.6 132.1 9c19.6 7.8 34.7 22.9 42.6 42.6 11.7 29.5 9 99.5 9 132.1s2.7 102.7-9 132.1z\"><\/path>\n\t            <\/svg><\/div>\n\t\t\t\t\t<img loading=\"lazy\" decoding=\"async\"  src=\"https:\/\/columnayesperanzalucena.es\/wp-content\/plugins\/instagram-feed\/img\/thumb-placeholder.png\" alt=\"columna_esperanza\" width=\"50\" height=\"50\">\n\t\t\t\t\t\t\t\t\t\t\t<\/div>\n\n\t\t\t<div class=\"sbi_feedtheme_header_text\">\n\t\t\t\t<h3>columna_esperanza<\/h3>\n\t\t\t\t\t\t\t<\/div>\n\t\t<\/div>\n\t<\/a>\n<\/div>\n\n    <div id=\"sbi_images\"  style=\"gap: 10px;\">\n\t\t<div class=\"sbi_item sbi_type_carousel sbi_new sbi_transition\" id=\"sbi_18089550841512407\" data-date=\"1732703120\">\n    <div class=\"sbi_photo_wrap\">\n        <a class=\"sbi_photo\" href=\"https:\/\/www.instagram.com\/p\/DC3xKnGoikS\/\" target=\"_blank\" rel=\"noopener nofollow\" data-full-res=\"https:\/\/scontent-man2-1.cdninstagram.com\/v\/t51.29350-15\/468159753_917095833707190_3913372986353568805_n.heic?stp=dst-jpg&#038;_nc_cat=101&#038;ccb=1-7&#038;_nc_sid=18de74&#038;_nc_ohc=CZtWV-DtvNwQ7kNvgFA_48l&#038;_nc_zt=23&#038;_nc_ht=scontent-man2-1.cdninstagram.com&#038;edm=ANo9K5cEAAAA&#038;_nc_gid=ADDRi-oCXsqjotPXHLhaOPU&#038;oh=00_AYDVLThYnIKRtIHwic8B80Zrji2SLKBbsvz2-Onl7gpZAw&#038;oe=67567E11\" data-img-src-set=\"{&quot;d&quot;:&quot;https:\\\/\\\/scontent-man2-1.cdninstagram.com\\\/v\\\/t51.29350-15\\\/468159753_917095833707190_3913372986353568805_n.heic?stp=dst-jpg&amp;_nc_cat=101&amp;ccb=1-7&amp;_nc_sid=18de74&amp;_nc_ohc=CZtWV-DtvNwQ7kNvgFA_48l&amp;_nc_zt=23&amp;_nc_ht=scontent-man2-1.cdninstagram.com&amp;edm=ANo9K5cEAAAA&amp;_nc_gid=ADDRi-oCXsqjotPXHLhaOPU&amp;oh=00_AYDVLThYnIKRtIHwic8B80Zrji2SLKBbsvz2-Onl7gpZAw&amp;oe=67567E11&quot;,&quot;150&quot;:&quot;https:\\\/\\\/scontent-man2-1.cdninstagram.com\\\/v\\\/t51.29350-15\\\/468159753_917095833707190_3913372986353568805_n.heic?stp=dst-jpg&amp;_nc_cat=101&amp;ccb=1-7&amp;_nc_sid=18de74&amp;_nc_ohc=CZtWV-DtvNwQ7kNvgFA_48l&amp;_nc_zt=23&amp;_nc_ht=scontent-man2-1.cdninstagram.com&amp;edm=ANo9K5cEAAAA&amp;_nc_gid=ADDRi-oCXsqjotPXHLhaOPU&amp;oh=00_AYDVLThYnIKRtIHwic8B80Zrji2SLKBbsvz2-Onl7gpZAw&amp;oe=67567E11&quot;,&quot;320&quot;:&quot;https:\\\/\\\/scontent-man2-1.cdninstagram.com\\\/v\\\/t51.29350-15\\\/468159753_917095833707190_3913372986353568805_n.heic?stp=dst-jpg&amp;_nc_cat=101&amp;ccb=1-7&amp;_nc_sid=18de74&amp;_nc_ohc=CZtWV-DtvNwQ7kNvgFA_48l&amp;_nc_zt=23&amp;_nc_ht=scontent-man2-1.cdninstagram.com&amp;edm=ANo9K5cEAAAA&amp;_nc_gid=ADDRi-oCXsqjotPXHLhaOPU&amp;oh=00_AYDVLThYnIKRtIHwic8B80Zrji2SLKBbsvz2-Onl7gpZAw&amp;oe=67567E11&quot;,&quot;640&quot;:&quot;https:\\\/\\\/scontent-man2-1.cdninstagram.com\\\/v\\\/t51.29350-15\\\/468159753_917095833707190_3913372986353568805_n.heic?stp=dst-jpg&amp;_nc_cat=101&amp;ccb=1-7&amp;_nc_sid=18de74&amp;_nc_ohc=CZtWV-DtvNwQ7kNvgFA_48l&amp;_nc_zt=23&amp;_nc_ht=scontent-man2-1.cdninstagram.com&amp;edm=ANo9K5cEAAAA&amp;_nc_gid=ADDRi-oCXsqjotPXHLhaOPU&amp;oh=00_AYDVLThYnIKRtIHwic8B80Zrji2SLKBbsvz2-Onl7gpZAw&amp;oe=67567E11&quot;}\">\n            <span class=\"sbi-screenreader\">M STMA PAZ Y ESPERANZA | La Iglesia Cat\u00f3lica cele<\/span>\n            <svg class=\"svg-inline--fa fa-clone fa-w-16 sbi_lightbox_carousel_icon\" aria-hidden=\"true\" aria-label=\"Clone\" data-fa-pro\u0192cessed=\"\" data-prefix=\"far\" data-icon=\"clone\" role=\"img\" xmlns=\"http:\/\/www.w3.org\/2000\/svg\" viewBox=\"0 0 512 512\">\n\t                <path fill=\"currentColor\" d=\"M464 0H144c-26.51 0-48 21.49-48 48v48H48c-26.51 0-48 21.49-48 48v320c0 26.51 21.49 48 48 48h320c26.51 0 48-21.49 48-48v-48h48c26.51 0 48-21.49 48-48V48c0-26.51-21.49-48-48-48zM362 464H54a6 6 0 0 1-6-6V150a6 6 0 0 1 6-6h42v224c0 26.51 21.49 48 48 48h224v42a6 6 0 0 1-6 6zm96-96H150a6 6 0 0 1-6-6V54a6 6 0 0 1 6-6h308a6 6 0 0 1 6 6v308a6 6 0 0 1-6 6z\"><\/path>\n\t            <\/svg>\t                    <img decoding=\"async\" src=\"https:\/\/columnayesperanzalucena.es\/wp-content\/plugins\/instagram-feed\/img\/placeholder.png\" alt=\"M STMA PAZ Y ESPERANZA | La Iglesia Cat\u00f3lica celebra, el pr\u00f3ximo 8 de diciembre, el dogma de la Pur\u00edsima Concepci\u00f3n de la Virgen Mar\u00eda. Por ello, nuestra Titular Mariana cambia su vestidura acomod\u00e1ndose a los colores inmaculistas.\n\nLa Virgen de la Paz y Esperanza lleva manto azul de raso y mantilla, sobrepuesta, de blonda beige; este mismo color es el que luce en la saya adornada, adem\u00e1s, con motivos florales. \n\nEn su cintura, luce un nuevo faj\u00edn a listas en tonos azules y plateados, donado por una devota.\n\nSobre su pecho, resalta el tocado de tul, cruzado al talle, de color tostado con bordados en mostacillas y perlas.\n\nCierra el conjunto la corona plateada, el coraz\u00f3n dorado en el centro de su pecho, rosarios plateados y dorados y un pa\u00f1uelo de encaje en su mano derecha.\n\nFotograf\u00edas: Paco Almagro.\n\n#ColumnadeEsperanza\n#ColumnaPazyEsperanza\">\n        <\/a>\n    <\/div>\n<\/div><div class=\"sbi_item sbi_type_image sbi_new sbi_transition\" id=\"sbi_18025852331249837\" data-date=\"1732611773\">\n    <div class=\"sbi_photo_wrap\">\n        <a class=\"sbi_photo\" href=\"https:\/\/www.instagram.com\/p\/DC1C71QIOH8\/\" target=\"_blank\" rel=\"noopener nofollow\" data-full-res=\"https:\/\/scontent-man2-1.cdninstagram.com\/v\/t51.29350-15\/468268764_767724002192656_270808786555254043_n.heic?stp=dst-jpg&#038;_nc_cat=111&#038;ccb=1-7&#038;_nc_sid=18de74&#038;_nc_ohc=tKGIIKi6TvEQ7kNvgFalvCw&#038;_nc_zt=23&#038;_nc_ht=scontent-man2-1.cdninstagram.com&#038;edm=ANo9K5cEAAAA&#038;_nc_gid=ADDRi-oCXsqjotPXHLhaOPU&#038;oh=00_AYCVG0chh1_-e3PR0tzPB6R5uOzhJhIPT0wDlUWiAAKULw&#038;oe=675690FD\" data-img-src-set=\"{&quot;d&quot;:&quot;https:\\\/\\\/scontent-man2-1.cdninstagram.com\\\/v\\\/t51.29350-15\\\/468268764_767724002192656_270808786555254043_n.heic?stp=dst-jpg&amp;_nc_cat=111&amp;ccb=1-7&amp;_nc_sid=18de74&amp;_nc_ohc=tKGIIKi6TvEQ7kNvgFalvCw&amp;_nc_zt=23&amp;_nc_ht=scontent-man2-1.cdninstagram.com&amp;edm=ANo9K5cEAAAA&amp;_nc_gid=ADDRi-oCXsqjotPXHLhaOPU&amp;oh=00_AYCVG0chh1_-e3PR0tzPB6R5uOzhJhIPT0wDlUWiAAKULw&amp;oe=675690FD&quot;,&quot;150&quot;:&quot;https:\\\/\\\/scontent-man2-1.cdninstagram.com\\\/v\\\/t51.29350-15\\\/468268764_767724002192656_270808786555254043_n.heic?stp=dst-jpg&amp;_nc_cat=111&amp;ccb=1-7&amp;_nc_sid=18de74&amp;_nc_ohc=tKGIIKi6TvEQ7kNvgFalvCw&amp;_nc_zt=23&amp;_nc_ht=scontent-man2-1.cdninstagram.com&amp;edm=ANo9K5cEAAAA&amp;_nc_gid=ADDRi-oCXsqjotPXHLhaOPU&amp;oh=00_AYCVG0chh1_-e3PR0tzPB6R5uOzhJhIPT0wDlUWiAAKULw&amp;oe=675690FD&quot;,&quot;320&quot;:&quot;https:\\\/\\\/scontent-man2-1.cdninstagram.com\\\/v\\\/t51.29350-15\\\/468268764_767724002192656_270808786555254043_n.heic?stp=dst-jpg&amp;_nc_cat=111&amp;ccb=1-7&amp;_nc_sid=18de74&amp;_nc_ohc=tKGIIKi6TvEQ7kNvgFalvCw&amp;_nc_zt=23&amp;_nc_ht=scontent-man2-1.cdninstagram.com&amp;edm=ANo9K5cEAAAA&amp;_nc_gid=ADDRi-oCXsqjotPXHLhaOPU&amp;oh=00_AYCVG0chh1_-e3PR0tzPB6R5uOzhJhIPT0wDlUWiAAKULw&amp;oe=675690FD&quot;,&quot;640&quot;:&quot;https:\\\/\\\/scontent-man2-1.cdninstagram.com\\\/v\\\/t51.29350-15\\\/468268764_767724002192656_270808786555254043_n.heic?stp=dst-jpg&amp;_nc_cat=111&amp;ccb=1-7&amp;_nc_sid=18de74&amp;_nc_ohc=tKGIIKi6TvEQ7kNvgFalvCw&amp;_nc_zt=23&amp;_nc_ht=scontent-man2-1.cdninstagram.com&amp;edm=ANo9K5cEAAAA&amp;_nc_gid=ADDRi-oCXsqjotPXHLhaOPU&amp;oh=00_AYCVG0chh1_-e3PR0tzPB6R5uOzhJhIPT0wDlUWiAAKULw&amp;oe=675690FD&quot;}\">\n            <span class=\"sbi-screenreader\">CULTOS EN HONOR A MAR\u00cdA STMA. DE LA PAZ Y ESPERAN<\/span>\n            \t                    <img decoding=\"async\" src=\"https:\/\/columnayesperanzalucena.es\/wp-content\/plugins\/instagram-feed\/img\/placeholder.png\" alt=\"CULTOS EN HONOR A MAR\u00cdA STMA. DE LA PAZ Y ESPERANZA | El s\u00e1bado, 14 de diciembre en la Parroquia de Santiago Ap\u00f3stol, celebraremos los cultos en honor a nuestra Titular mariana. \n\n-Solemne acto de Veneraci\u00f3n a Mar\u00eda Stma. de la Paz y Esperanza de 12.00h a 14.00h y de 16.00h hasta el comienzo de la eucarist\u00eda. \n\n-A las 19.00h rezo del Santo Rosario.\n\n-A las 19.30h eucarist\u00eda presidida por nuestro consiliario D. Antonio Tejero D\u00edaz.\n\nAcompa\u00f1emos a Mar\u00eda Stma de la Paz y Esperanza en la celebraci\u00f3n de su onom\u00e1stica. \n\n#ColumnadeEsperanza\n\n#ColumnaPazyEsperanza\">\n        <\/a>\n    <\/div>\n<\/div><div class=\"sbi_item sbi_type_image sbi_new sbi_transition\" id=\"sbi_18066936778733360\" data-date=\"1732308519\">\n    <div class=\"sbi_photo_wrap\">\n        <a class=\"sbi_photo\" href=\"https:\/\/www.instagram.com\/p\/DCsAhmlNROz\/\" target=\"_blank\" rel=\"noopener nofollow\" data-full-res=\"https:\/\/scontent-man2-1.cdninstagram.com\/v\/t51.29350-15\/468015031_952761566706472_327816124320738308_n.heic?stp=dst-jpg_tt6&#038;_nc_cat=108&#038;ccb=1-7&#038;_nc_sid=18de74&#038;_nc_ohc=tTGxYSUzqRUQ7kNvgEs5ZcF&#038;_nc_zt=23&#038;_nc_ht=scontent-man2-1.cdninstagram.com&#038;edm=ANo9K5cEAAAA&#038;_nc_gid=ADDRi-oCXsqjotPXHLhaOPU&#038;oh=00_AYDR4PvfJkMfPYTJh10exeL8iQRjIWYqlihn5vhDQvLuVw&#038;oe=67567678\" data-img-src-set=\"{&quot;d&quot;:&quot;https:\\\/\\\/scontent-man2-1.cdninstagram.com\\\/v\\\/t51.29350-15\\\/468015031_952761566706472_327816124320738308_n.heic?stp=dst-jpg_tt6&amp;_nc_cat=108&amp;ccb=1-7&amp;_nc_sid=18de74&amp;_nc_ohc=tTGxYSUzqRUQ7kNvgEs5ZcF&amp;_nc_zt=23&amp;_nc_ht=scontent-man2-1.cdninstagram.com&amp;edm=ANo9K5cEAAAA&amp;_nc_gid=ADDRi-oCXsqjotPXHLhaOPU&amp;oh=00_AYDR4PvfJkMfPYTJh10exeL8iQRjIWYqlihn5vhDQvLuVw&amp;oe=67567678&quot;,&quot;150&quot;:&quot;https:\\\/\\\/scontent-man2-1.cdninstagram.com\\\/v\\\/t51.29350-15\\\/468015031_952761566706472_327816124320738308_n.heic?stp=dst-jpg_tt6&amp;_nc_cat=108&amp;ccb=1-7&amp;_nc_sid=18de74&amp;_nc_ohc=tTGxYSUzqRUQ7kNvgEs5ZcF&amp;_nc_zt=23&amp;_nc_ht=scontent-man2-1.cdninstagram.com&amp;edm=ANo9K5cEAAAA&amp;_nc_gid=ADDRi-oCXsqjotPXHLhaOPU&amp;oh=00_AYDR4PvfJkMfPYTJh10exeL8iQRjIWYqlihn5vhDQvLuVw&amp;oe=67567678&quot;,&quot;320&quot;:&quot;https:\\\/\\\/scontent-man2-1.cdninstagram.com\\\/v\\\/t51.29350-15\\\/468015031_952761566706472_327816124320738308_n.heic?stp=dst-jpg_tt6&amp;_nc_cat=108&amp;ccb=1-7&amp;_nc_sid=18de74&amp;_nc_ohc=tTGxYSUzqRUQ7kNvgEs5ZcF&amp;_nc_zt=23&amp;_nc_ht=scontent-man2-1.cdninstagram.com&amp;edm=ANo9K5cEAAAA&amp;_nc_gid=ADDRi-oCXsqjotPXHLhaOPU&amp;oh=00_AYDR4PvfJkMfPYTJh10exeL8iQRjIWYqlihn5vhDQvLuVw&amp;oe=67567678&quot;,&quot;640&quot;:&quot;https:\\\/\\\/scontent-man2-1.cdninstagram.com\\\/v\\\/t51.29350-15\\\/468015031_952761566706472_327816124320738308_n.heic?stp=dst-jpg_tt6&amp;_nc_cat=108&amp;ccb=1-7&amp;_nc_sid=18de74&amp;_nc_ohc=tTGxYSUzqRUQ7kNvgEs5ZcF&amp;_nc_zt=23&amp;_nc_ht=scontent-man2-1.cdninstagram.com&amp;edm=ANo9K5cEAAAA&amp;_nc_gid=ADDRi-oCXsqjotPXHLhaOPU&amp;oh=00_AYDR4PvfJkMfPYTJh10exeL8iQRjIWYqlihn5vhDQvLuVw&amp;oe=67567678&quot;}\">\n            <span class=\"sbi-screenreader\">COMUNICADO OFICIAL | Concesi\u00f3n de manijer\u00edas de <\/span>\n            \t                    <img decoding=\"async\" src=\"https:\/\/columnayesperanzalucena.es\/wp-content\/plugins\/instagram-feed\/img\/placeholder.png\" alt=\"COMUNICADO OFICIAL | Concesi\u00f3n de manijer\u00edas de nuestros Sagrados Titulares, Mar\u00eda Stma. de la Paz y Esperanza y Ntro Padre Jes\u00fas de la Columna.\">\n        <\/a>\n    <\/div>\n<\/div><div class=\"sbi_item sbi_type_carousel sbi_new sbi_transition\" id=\"sbi_18031226465109852\" data-date=\"1731248585\">\n    <div class=\"sbi_photo_wrap\">\n        <a class=\"sbi_photo\" href=\"https:\/\/www.instagram.com\/p\/DCMa3ENoWUf\/\" target=\"_blank\" rel=\"noopener nofollow\" data-full-res=\"https:\/\/scontent-man2-1.cdninstagram.com\/v\/t51.29350-15\/466371268_833555428718203_6893783735676486878_n.heic?stp=dst-jpg&#038;_nc_cat=106&#038;ccb=1-7&#038;_nc_sid=18de74&#038;_nc_ohc=QDPpQ7yRlFYQ7kNvgGfJ43G&#038;_nc_zt=23&#038;_nc_ht=scontent-man2-1.cdninstagram.com&#038;edm=ANo9K5cEAAAA&#038;_nc_gid=ADDRi-oCXsqjotPXHLhaOPU&#038;oh=00_AYCsmQ9eICiBEJrzsxBMR_SwConSZLWwaDuklbXDw8wjfg&#038;oe=67568625\" data-img-src-set=\"{&quot;d&quot;:&quot;https:\\\/\\\/scontent-man2-1.cdninstagram.com\\\/v\\\/t51.29350-15\\\/466371268_833555428718203_6893783735676486878_n.heic?stp=dst-jpg&amp;_nc_cat=106&amp;ccb=1-7&amp;_nc_sid=18de74&amp;_nc_ohc=QDPpQ7yRlFYQ7kNvgGfJ43G&amp;_nc_zt=23&amp;_nc_ht=scontent-man2-1.cdninstagram.com&amp;edm=ANo9K5cEAAAA&amp;_nc_gid=ADDRi-oCXsqjotPXHLhaOPU&amp;oh=00_AYCsmQ9eICiBEJrzsxBMR_SwConSZLWwaDuklbXDw8wjfg&amp;oe=67568625&quot;,&quot;150&quot;:&quot;https:\\\/\\\/scontent-man2-1.cdninstagram.com\\\/v\\\/t51.29350-15\\\/466371268_833555428718203_6893783735676486878_n.heic?stp=dst-jpg&amp;_nc_cat=106&amp;ccb=1-7&amp;_nc_sid=18de74&amp;_nc_ohc=QDPpQ7yRlFYQ7kNvgGfJ43G&amp;_nc_zt=23&amp;_nc_ht=scontent-man2-1.cdninstagram.com&amp;edm=ANo9K5cEAAAA&amp;_nc_gid=ADDRi-oCXsqjotPXHLhaOPU&amp;oh=00_AYCsmQ9eICiBEJrzsxBMR_SwConSZLWwaDuklbXDw8wjfg&amp;oe=67568625&quot;,&quot;320&quot;:&quot;https:\\\/\\\/scontent-man2-1.cdninstagram.com\\\/v\\\/t51.29350-15\\\/466371268_833555428718203_6893783735676486878_n.heic?stp=dst-jpg&amp;_nc_cat=106&amp;ccb=1-7&amp;_nc_sid=18de74&amp;_nc_ohc=QDPpQ7yRlFYQ7kNvgGfJ43G&amp;_nc_zt=23&amp;_nc_ht=scontent-man2-1.cdninstagram.com&amp;edm=ANo9K5cEAAAA&amp;_nc_gid=ADDRi-oCXsqjotPXHLhaOPU&amp;oh=00_AYCsmQ9eICiBEJrzsxBMR_SwConSZLWwaDuklbXDw8wjfg&amp;oe=67568625&quot;,&quot;640&quot;:&quot;https:\\\/\\\/scontent-man2-1.cdninstagram.com\\\/v\\\/t51.29350-15\\\/466371268_833555428718203_6893783735676486878_n.heic?stp=dst-jpg&amp;_nc_cat=106&amp;ccb=1-7&amp;_nc_sid=18de74&amp;_nc_ohc=QDPpQ7yRlFYQ7kNvgGfJ43G&amp;_nc_zt=23&amp;_nc_ht=scontent-man2-1.cdninstagram.com&amp;edm=ANo9K5cEAAAA&amp;_nc_gid=ADDRi-oCXsqjotPXHLhaOPU&amp;oh=00_AYCsmQ9eICiBEJrzsxBMR_SwConSZLWwaDuklbXDw8wjfg&amp;oe=67568625&quot;}\">\n            <span class=\"sbi-screenreader\">CENA DE HERMANDAD | El pasado viernes, 8 de noviem<\/span>\n            <svg class=\"svg-inline--fa fa-clone fa-w-16 sbi_lightbox_carousel_icon\" aria-hidden=\"true\" aria-label=\"Clone\" data-fa-pro\u0192cessed=\"\" data-prefix=\"far\" data-icon=\"clone\" role=\"img\" xmlns=\"http:\/\/www.w3.org\/2000\/svg\" viewBox=\"0 0 512 512\">\n\t                <path fill=\"currentColor\" d=\"M464 0H144c-26.51 0-48 21.49-48 48v48H48c-26.51 0-48 21.49-48 48v320c0 26.51 21.49 48 48 48h320c26.51 0 48-21.49 48-48v-48h48c26.51 0 48-21.49 48-48V48c0-26.51-21.49-48-48-48zM362 464H54a6 6 0 0 1-6-6V150a6 6 0 0 1 6-6h42v224c0 26.51 21.49 48 48 48h224v42a6 6 0 0 1-6 6zm96-96H150a6 6 0 0 1-6-6V54a6 6 0 0 1 6-6h308a6 6 0 0 1 6 6v308a6 6 0 0 1-6 6z\"><\/path>\n\t            <\/svg>\t                    <img decoding=\"async\" src=\"https:\/\/columnayesperanzalucena.es\/wp-content\/plugins\/instagram-feed\/img\/placeholder.png\" alt=\"CENA DE HERMANDAD | El pasado viernes, 8 de noviembre, tuvo lugar la cena anual de nuestra cofrad\u00eda en los Jardines de AguaNevada. En este a\u00f1o, adem\u00e1s de contar con la presencia de hermanos, devotos y santeros, quisieron acompa\u00f1arnos las asociaciones y colectivos que, durante el Centenario Fundacional de la Hermandad, han sido reconocidas.\n\nAs\u00ed, pudimos hacer entrega de los siguientes donativos:\n-A la Asociaci\u00f3n de familiares de enfermos de Alzheimer y otras demencias \u201cNuestros \u00c1ngeles\u201d, por la venta de las fotograf\u00edas de la exposici\u00f3n \u201cCien A\u00f1os de Columna, Paz y Esperanza\u201d por importe de 2.310 \u20ac.\n-A la oeneg\u00e9 \u201cInfancia Solidaria\u201d por la recaudaci\u00f3n de la venta de ejemplares del libro \u201cEl Amarrado a la Columna de la Veracruz Lucentina\u201d por valor de 2.000 \u20ac.\n-Y, como el anterior, al Comedor Social \u201cVirgen de Araceli\u201d, por el mismo importe se\u00f1alado, 2.000 \u20ac.\n\nA consecuencia de este reconocimiento p\u00fablico por la labor encomiable que realizan, pudimos escuchar los testimonios de aquellos que participan o dirigen estas entidades, para comprobar otras realidades dif\u00edciles y complicadas.\n\nGracias a todos los que nos acompa\u00f1asteis en esta noche, poniendo de manifiesto la fraternidad y hermandad que emana de nuestra cofrad\u00eda.\n\n#ColumnadeEsperanza\">\n        <\/a>\n    <\/div>\n<\/div><div class=\"sbi_item sbi_type_carousel sbi_new sbi_transition\" id=\"sbi_18070781344615583\" data-date=\"1730286535\">\n    <div class=\"sbi_photo_wrap\">\n        <a class=\"sbi_photo\" href=\"https:\/\/www.instagram.com\/p\/DBvv5WEIf0_\/\" target=\"_blank\" rel=\"noopener nofollow\" data-full-res=\"https:\/\/scontent-man2-1.cdninstagram.com\/v\/t51.29350-15\/464855154_598203279199420_6260277520714108954_n.heic?stp=dst-jpg_tt6&#038;_nc_cat=101&#038;ccb=1-7&#038;_nc_sid=18de74&#038;_nc_ohc=_DVFrBiw-GUQ7kNvgGPJ79j&#038;_nc_zt=23&#038;_nc_ht=scontent-man2-1.cdninstagram.com&#038;edm=ANo9K5cEAAAA&#038;_nc_gid=ADDRi-oCXsqjotPXHLhaOPU&#038;oh=00_AYCIxbxWKI3G6os0Ux4XVjJZgxvM5l5kqpnyTMr1Y2yM2Q&#038;oe=675695E4\" data-img-src-set=\"{&quot;d&quot;:&quot;https:\\\/\\\/scontent-man2-1.cdninstagram.com\\\/v\\\/t51.29350-15\\\/464855154_598203279199420_6260277520714108954_n.heic?stp=dst-jpg_tt6&amp;_nc_cat=101&amp;ccb=1-7&amp;_nc_sid=18de74&amp;_nc_ohc=_DVFrBiw-GUQ7kNvgGPJ79j&amp;_nc_zt=23&amp;_nc_ht=scontent-man2-1.cdninstagram.com&amp;edm=ANo9K5cEAAAA&amp;_nc_gid=ADDRi-oCXsqjotPXHLhaOPU&amp;oh=00_AYCIxbxWKI3G6os0Ux4XVjJZgxvM5l5kqpnyTMr1Y2yM2Q&amp;oe=675695E4&quot;,&quot;150&quot;:&quot;https:\\\/\\\/scontent-man2-1.cdninstagram.com\\\/v\\\/t51.29350-15\\\/464855154_598203279199420_6260277520714108954_n.heic?stp=dst-jpg_tt6&amp;_nc_cat=101&amp;ccb=1-7&amp;_nc_sid=18de74&amp;_nc_ohc=_DVFrBiw-GUQ7kNvgGPJ79j&amp;_nc_zt=23&amp;_nc_ht=scontent-man2-1.cdninstagram.com&amp;edm=ANo9K5cEAAAA&amp;_nc_gid=ADDRi-oCXsqjotPXHLhaOPU&amp;oh=00_AYCIxbxWKI3G6os0Ux4XVjJZgxvM5l5kqpnyTMr1Y2yM2Q&amp;oe=675695E4&quot;,&quot;320&quot;:&quot;https:\\\/\\\/scontent-man2-1.cdninstagram.com\\\/v\\\/t51.29350-15\\\/464855154_598203279199420_6260277520714108954_n.heic?stp=dst-jpg_tt6&amp;_nc_cat=101&amp;ccb=1-7&amp;_nc_sid=18de74&amp;_nc_ohc=_DVFrBiw-GUQ7kNvgGPJ79j&amp;_nc_zt=23&amp;_nc_ht=scontent-man2-1.cdninstagram.com&amp;edm=ANo9K5cEAAAA&amp;_nc_gid=ADDRi-oCXsqjotPXHLhaOPU&amp;oh=00_AYCIxbxWKI3G6os0Ux4XVjJZgxvM5l5kqpnyTMr1Y2yM2Q&amp;oe=675695E4&quot;,&quot;640&quot;:&quot;https:\\\/\\\/scontent-man2-1.cdninstagram.com\\\/v\\\/t51.29350-15\\\/464855154_598203279199420_6260277520714108954_n.heic?stp=dst-jpg_tt6&amp;_nc_cat=101&amp;ccb=1-7&amp;_nc_sid=18de74&amp;_nc_ohc=_DVFrBiw-GUQ7kNvgGPJ79j&amp;_nc_zt=23&amp;_nc_ht=scontent-man2-1.cdninstagram.com&amp;edm=ANo9K5cEAAAA&amp;_nc_gid=ADDRi-oCXsqjotPXHLhaOPU&amp;oh=00_AYCIxbxWKI3G6os0Ux4XVjJZgxvM5l5kqpnyTMr1Y2yM2Q&amp;oe=675695E4&quot;}\">\n            <span class=\"sbi-screenreader\"><\/span>\n            <svg class=\"svg-inline--fa fa-clone fa-w-16 sbi_lightbox_carousel_icon\" aria-hidden=\"true\" aria-label=\"Clone\" data-fa-pro\u0192cessed=\"\" data-prefix=\"far\" data-icon=\"clone\" role=\"img\" xmlns=\"http:\/\/www.w3.org\/2000\/svg\" viewBox=\"0 0 512 512\">\n\t                <path fill=\"currentColor\" d=\"M464 0H144c-26.51 0-48 21.49-48 48v48H48c-26.51 0-48 21.49-48 48v320c0 26.51 21.49 48 48 48h320c26.51 0 48-21.49 48-48v-48h48c26.51 0 48-21.49 48-48V48c0-26.51-21.49-48-48-48zM362 464H54a6 6 0 0 1-6-6V150a6 6 0 0 1 6-6h42v224c0 26.51 21.49 48 48 48h224v42a6 6 0 0 1-6 6zm96-96H150a6 6 0 0 1-6-6V54a6 6 0 0 1 6-6h308a6 6 0 0 1 6 6v308a6 6 0 0 1-6 6z\"><\/path>\n\t            <\/svg>\t                    <img decoding=\"async\" src=\"https:\/\/columnayesperanzalucena.es\/wp-content\/plugins\/instagram-feed\/img\/placeholder.png\" alt=\"Desde la Cofrad\u00eda y Hermandad de Ntro. Padre Jes\u00fas de la Columna y Mar\u00eda Stma. de la Paz y Esperanza, elevamos una oraci\u00f3n a nuestros Sagrados Titulares por todos los damnificados por las terribles tormentas y dram\u00e1ticas inclemencias meteorol\u00f3gicas, que han ocasionado tr\u00e1gicas consecuencias, principalmente, en la zona este y sur de Espa\u00f1a, en lugares como Albacete y la Comunidad Valenciana. \n\nQue Jes\u00fas de la Columna y la Virgen de la Paz y Esperanza otorguen consuelo y a las familias de los fallecidos y luz y protecci\u00f3n para una pronta recuperaci\u00f3n a todos los afectados.\n\n#columnadeesperaza\">\n        <\/a>\n    <\/div>\n<\/div><div class=\"sbi_item sbi_type_carousel sbi_new sbi_transition\" id=\"sbi_18026669825157774\" data-date=\"1729676067\">\n    <div class=\"sbi_photo_wrap\">\n        <a class=\"sbi_photo\" href=\"https:\/\/www.instagram.com\/p\/DBdjhZJow98\/\" target=\"_blank\" rel=\"noopener nofollow\" data-full-res=\"https:\/\/scontent-man2-1.cdninstagram.com\/v\/t51.29350-15\/464283875_8537410276339121_6013657010934348063_n.heic?stp=dst-jpg&#038;_nc_cat=111&#038;ccb=1-7&#038;_nc_sid=18de74&#038;_nc_ohc=GIRTm7oAHOQQ7kNvgHRaut0&#038;_nc_zt=23&#038;_nc_ht=scontent-man2-1.cdninstagram.com&#038;edm=ANo9K5cEAAAA&#038;_nc_gid=ADDRi-oCXsqjotPXHLhaOPU&#038;oh=00_AYBnZ6AE2EihVnjhZ26C43pykXfWpH-KbtAojWNvhmEMwQ&#038;oe=675689B7\" data-img-src-set=\"{&quot;d&quot;:&quot;https:\\\/\\\/scontent-man2-1.cdninstagram.com\\\/v\\\/t51.29350-15\\\/464283875_8537410276339121_6013657010934348063_n.heic?stp=dst-jpg&amp;_nc_cat=111&amp;ccb=1-7&amp;_nc_sid=18de74&amp;_nc_ohc=GIRTm7oAHOQQ7kNvgHRaut0&amp;_nc_zt=23&amp;_nc_ht=scontent-man2-1.cdninstagram.com&amp;edm=ANo9K5cEAAAA&amp;_nc_gid=ADDRi-oCXsqjotPXHLhaOPU&amp;oh=00_AYBnZ6AE2EihVnjhZ26C43pykXfWpH-KbtAojWNvhmEMwQ&amp;oe=675689B7&quot;,&quot;150&quot;:&quot;https:\\\/\\\/scontent-man2-1.cdninstagram.com\\\/v\\\/t51.29350-15\\\/464283875_8537410276339121_6013657010934348063_n.heic?stp=dst-jpg&amp;_nc_cat=111&amp;ccb=1-7&amp;_nc_sid=18de74&amp;_nc_ohc=GIRTm7oAHOQQ7kNvgHRaut0&amp;_nc_zt=23&amp;_nc_ht=scontent-man2-1.cdninstagram.com&amp;edm=ANo9K5cEAAAA&amp;_nc_gid=ADDRi-oCXsqjotPXHLhaOPU&amp;oh=00_AYBnZ6AE2EihVnjhZ26C43pykXfWpH-KbtAojWNvhmEMwQ&amp;oe=675689B7&quot;,&quot;320&quot;:&quot;https:\\\/\\\/scontent-man2-1.cdninstagram.com\\\/v\\\/t51.29350-15\\\/464283875_8537410276339121_6013657010934348063_n.heic?stp=dst-jpg&amp;_nc_cat=111&amp;ccb=1-7&amp;_nc_sid=18de74&amp;_nc_ohc=GIRTm7oAHOQQ7kNvgHRaut0&amp;_nc_zt=23&amp;_nc_ht=scontent-man2-1.cdninstagram.com&amp;edm=ANo9K5cEAAAA&amp;_nc_gid=ADDRi-oCXsqjotPXHLhaOPU&amp;oh=00_AYBnZ6AE2EihVnjhZ26C43pykXfWpH-KbtAojWNvhmEMwQ&amp;oe=675689B7&quot;,&quot;640&quot;:&quot;https:\\\/\\\/scontent-man2-1.cdninstagram.com\\\/v\\\/t51.29350-15\\\/464283875_8537410276339121_6013657010934348063_n.heic?stp=dst-jpg&amp;_nc_cat=111&amp;ccb=1-7&amp;_nc_sid=18de74&amp;_nc_ohc=GIRTm7oAHOQQ7kNvgHRaut0&amp;_nc_zt=23&amp;_nc_ht=scontent-man2-1.cdninstagram.com&amp;edm=ANo9K5cEAAAA&amp;_nc_gid=ADDRi-oCXsqjotPXHLhaOPU&amp;oh=00_AYBnZ6AE2EihVnjhZ26C43pykXfWpH-KbtAojWNvhmEMwQ&amp;oe=675689B7&quot;}\">\n            <span class=\"sbi-screenreader\">MAR\u00cdA STMA. DE LA PAZ Y ESPERANZA | Nuestra Titul<\/span>\n            <svg class=\"svg-inline--fa fa-clone fa-w-16 sbi_lightbox_carousel_icon\" aria-hidden=\"true\" aria-label=\"Clone\" data-fa-pro\u0192cessed=\"\" data-prefix=\"far\" data-icon=\"clone\" role=\"img\" xmlns=\"http:\/\/www.w3.org\/2000\/svg\" viewBox=\"0 0 512 512\">\n\t                <path fill=\"currentColor\" d=\"M464 0H144c-26.51 0-48 21.49-48 48v48H48c-26.51 0-48 21.49-48 48v320c0 26.51 21.49 48 48 48h320c26.51 0 48-21.49 48-48v-48h48c26.51 0 48-21.49 48-48V48c0-26.51-21.49-48-48-48zM362 464H54a6 6 0 0 1-6-6V150a6 6 0 0 1 6-6h42v224c0 26.51 21.49 48 48 48h224v42a6 6 0 0 1-6 6zm96-96H150a6 6 0 0 1-6-6V54a6 6 0 0 1 6-6h308a6 6 0 0 1 6 6v308a6 6 0 0 1-6 6z\"><\/path>\n\t            <\/svg>\t                    <img decoding=\"async\" src=\"https:\/\/columnayesperanzalucena.es\/wp-content\/plugins\/instagram-feed\/img\/placeholder.png\" alt=\"MAR\u00cdA STMA. DE LA PAZ Y ESPERANZA | Nuestra Titular mariana se presenta, en la capilla de la Parroquia de Santiago, ataviada para la festividad de todos los santos y conmemoraci\u00f3n de los fieles difuntos.\n\nLuce saya y manto negro con remate dorado y faj\u00edn de cord\u00f3n, tambi\u00e9n dorado, recuperados del antiguo techo de palio.\nEl tocado, al estilo aguas, enmarca su bell\u00edsimo y doloroso rostro. Sobre su sien, reposa la diadema plateada a juego con el pu\u00f1al que atraviesa el pecher\u00edn.\n\nLa sobriedad sigue acompa\u00f1ando a la bendita imagen de nuestra Madre en la escasez de adornos que complementan el conjunto: colgante en su vientre, cedido para la ocasi\u00f3n por una devota; en su mano derecha, pa\u00f1uelos de encaje negro y de encaje blanco -en el que encontramos, prendido, el lazo rosa conmemorando el d\u00eda de lucha contra el c\u00e1ncer de mama-; y dos rosarios negros en su mano y antebrazo derecho.\n\nQue la sobriedad y templanza que desprende Mar\u00eda Stma. de la Paz y Esperanza nos acompa\u00f1en en estos d\u00edas de duelo y recuerdos.\n\nFotograf\u00edas: Paco Almagro\n\n#ColumnaPazyEsperanza\n#festividaddetodoslossantos\n#commemoraci\u00f3nfielesdifuntos\">\n        <\/a>\n    <\/div>\n<\/div><div class=\"sbi_item sbi_type_image sbi_new sbi_transition\" id=\"sbi_18017969405617814\" data-date=\"1727512178\">\n    <div class=\"sbi_photo_wrap\">\n        <a class=\"sbi_photo\" href=\"https:\/\/www.instagram.com\/p\/DAdEOrOoslC\/\" target=\"_blank\" rel=\"noopener nofollow\" data-full-res=\"https:\/\/scontent-man2-1.cdninstagram.com\/v\/t51.29350-15\/461436434_1241521953843860_2963595742484995821_n.heic?stp=dst-jpg_tt6&#038;_nc_cat=110&#038;ccb=1-7&#038;_nc_sid=18de74&#038;_nc_ohc=uYEnUW0Xg4UQ7kNvgGx08IX&#038;_nc_zt=23&#038;_nc_ht=scontent-man2-1.cdninstagram.com&#038;edm=ANo9K5cEAAAA&#038;_nc_gid=ADDRi-oCXsqjotPXHLhaOPU&#038;oh=00_AYClefB5Ry8rrucOhNnnIE-wPGcHgbal4hNz4YiF4b-_kA&#038;oe=67569775\" data-img-src-set=\"{&quot;d&quot;:&quot;https:\\\/\\\/scontent-man2-1.cdninstagram.com\\\/v\\\/t51.29350-15\\\/461436434_1241521953843860_2963595742484995821_n.heic?stp=dst-jpg_tt6&amp;_nc_cat=110&amp;ccb=1-7&amp;_nc_sid=18de74&amp;_nc_ohc=uYEnUW0Xg4UQ7kNvgGx08IX&amp;_nc_zt=23&amp;_nc_ht=scontent-man2-1.cdninstagram.com&amp;edm=ANo9K5cEAAAA&amp;_nc_gid=ADDRi-oCXsqjotPXHLhaOPU&amp;oh=00_AYClefB5Ry8rrucOhNnnIE-wPGcHgbal4hNz4YiF4b-_kA&amp;oe=67569775&quot;,&quot;150&quot;:&quot;https:\\\/\\\/scontent-man2-1.cdninstagram.com\\\/v\\\/t51.29350-15\\\/461436434_1241521953843860_2963595742484995821_n.heic?stp=dst-jpg_tt6&amp;_nc_cat=110&amp;ccb=1-7&amp;_nc_sid=18de74&amp;_nc_ohc=uYEnUW0Xg4UQ7kNvgGx08IX&amp;_nc_zt=23&amp;_nc_ht=scontent-man2-1.cdninstagram.com&amp;edm=ANo9K5cEAAAA&amp;_nc_gid=ADDRi-oCXsqjotPXHLhaOPU&amp;oh=00_AYClefB5Ry8rrucOhNnnIE-wPGcHgbal4hNz4YiF4b-_kA&amp;oe=67569775&quot;,&quot;320&quot;:&quot;https:\\\/\\\/scontent-man2-1.cdninstagram.com\\\/v\\\/t51.29350-15\\\/461436434_1241521953843860_2963595742484995821_n.heic?stp=dst-jpg_tt6&amp;_nc_cat=110&amp;ccb=1-7&amp;_nc_sid=18de74&amp;_nc_ohc=uYEnUW0Xg4UQ7kNvgGx08IX&amp;_nc_zt=23&amp;_nc_ht=scontent-man2-1.cdninstagram.com&amp;edm=ANo9K5cEAAAA&amp;_nc_gid=ADDRi-oCXsqjotPXHLhaOPU&amp;oh=00_AYClefB5Ry8rrucOhNnnIE-wPGcHgbal4hNz4YiF4b-_kA&amp;oe=67569775&quot;,&quot;640&quot;:&quot;https:\\\/\\\/scontent-man2-1.cdninstagram.com\\\/v\\\/t51.29350-15\\\/461436434_1241521953843860_2963595742484995821_n.heic?stp=dst-jpg_tt6&amp;_nc_cat=110&amp;ccb=1-7&amp;_nc_sid=18de74&amp;_nc_ohc=uYEnUW0Xg4UQ7kNvgGx08IX&amp;_nc_zt=23&amp;_nc_ht=scontent-man2-1.cdninstagram.com&amp;edm=ANo9K5cEAAAA&amp;_nc_gid=ADDRi-oCXsqjotPXHLhaOPU&amp;oh=00_AYClefB5Ry8rrucOhNnnIE-wPGcHgbal4hNz4YiF4b-_kA&amp;oe=67569775&quot;}\">\n            <span class=\"sbi-screenreader\">OFRENDA FLORAL | En la tarde de ayer, viernes 27 d<\/span>\n            \t                    <img decoding=\"async\" src=\"https:\/\/columnayesperanzalucena.es\/wp-content\/plugins\/instagram-feed\/img\/placeholder.png\" alt=\"OFRENDA FLORAL | En la tarde de ayer, viernes 27 de septiembre, una representaci\u00f3n de nuestra cofrad\u00eda acudi\u00f3 a la iglesia parroquial de Sto. Domingo para hacer entrega de la ofrenda floral a la Cofrad\u00eda del Stmo. Cristo de la Sangre en la culminaci\u00f3n de su Centenario Fundacional. \n\n#ColumnadeEsperanza \n#ColumnaPazyEsperanza\">\n        <\/a>\n    <\/div>\n<\/div><div class=\"sbi_item sbi_type_video sbi_new sbi_transition\" id=\"sbi_17906818319986261\" data-date=\"1719075526\">\n    <div class=\"sbi_photo_wrap\">\n        <a class=\"sbi_photo\" href=\"https:\/\/www.instagram.com\/reel\/C8hofeIoL6_\/\" target=\"_blank\" rel=\"noopener nofollow\" data-full-res=\"https:\/\/scontent-man2-1.cdninstagram.com\/v\/t51.29350-15\/448879779_955982242935932_7736216284563838773_n.jpg?_nc_cat=100&#038;ccb=1-7&#038;_nc_sid=18de74&#038;_nc_ohc=tm2JQw25BhYQ7kNvgGUxVlN&#038;_nc_zt=23&#038;_nc_ht=scontent-man2-1.cdninstagram.com&#038;edm=ANo9K5cEAAAA&#038;_nc_gid=ADDRi-oCXsqjotPXHLhaOPU&#038;oh=00_AYAZhmejr8WjYwqTWjhbJVPtSR1pE0ewZef8FQ5zxJqyOw&#038;oe=67569557\" data-img-src-set=\"{&quot;d&quot;:&quot;https:\\\/\\\/scontent-man2-1.cdninstagram.com\\\/v\\\/t51.29350-15\\\/448879779_955982242935932_7736216284563838773_n.jpg?_nc_cat=100&amp;ccb=1-7&amp;_nc_sid=18de74&amp;_nc_ohc=tm2JQw25BhYQ7kNvgGUxVlN&amp;_nc_zt=23&amp;_nc_ht=scontent-man2-1.cdninstagram.com&amp;edm=ANo9K5cEAAAA&amp;_nc_gid=ADDRi-oCXsqjotPXHLhaOPU&amp;oh=00_AYAZhmejr8WjYwqTWjhbJVPtSR1pE0ewZef8FQ5zxJqyOw&amp;oe=67569557&quot;,&quot;150&quot;:&quot;https:\\\/\\\/scontent-man2-1.cdninstagram.com\\\/v\\\/t51.29350-15\\\/448879779_955982242935932_7736216284563838773_n.jpg?_nc_cat=100&amp;ccb=1-7&amp;_nc_sid=18de74&amp;_nc_ohc=tm2JQw25BhYQ7kNvgGUxVlN&amp;_nc_zt=23&amp;_nc_ht=scontent-man2-1.cdninstagram.com&amp;edm=ANo9K5cEAAAA&amp;_nc_gid=ADDRi-oCXsqjotPXHLhaOPU&amp;oh=00_AYAZhmejr8WjYwqTWjhbJVPtSR1pE0ewZef8FQ5zxJqyOw&amp;oe=67569557&quot;,&quot;320&quot;:&quot;https:\\\/\\\/scontent-man2-1.cdninstagram.com\\\/v\\\/t51.29350-15\\\/448879779_955982242935932_7736216284563838773_n.jpg?_nc_cat=100&amp;ccb=1-7&amp;_nc_sid=18de74&amp;_nc_ohc=tm2JQw25BhYQ7kNvgGUxVlN&amp;_nc_zt=23&amp;_nc_ht=scontent-man2-1.cdninstagram.com&amp;edm=ANo9K5cEAAAA&amp;_nc_gid=ADDRi-oCXsqjotPXHLhaOPU&amp;oh=00_AYAZhmejr8WjYwqTWjhbJVPtSR1pE0ewZef8FQ5zxJqyOw&amp;oe=67569557&quot;,&quot;640&quot;:&quot;https:\\\/\\\/scontent-man2-1.cdninstagram.com\\\/v\\\/t51.29350-15\\\/448879779_955982242935932_7736216284563838773_n.jpg?_nc_cat=100&amp;ccb=1-7&amp;_nc_sid=18de74&amp;_nc_ohc=tm2JQw25BhYQ7kNvgGUxVlN&amp;_nc_zt=23&amp;_nc_ht=scontent-man2-1.cdninstagram.com&amp;edm=ANo9K5cEAAAA&amp;_nc_gid=ADDRi-oCXsqjotPXHLhaOPU&amp;oh=00_AYAZhmejr8WjYwqTWjhbJVPtSR1pE0ewZef8FQ5zxJqyOw&amp;oe=67569557&quot;}\">\n            <span class=\"sbi-screenreader\">FIESTA DE SAN JUAN | Tras todo el trabajo y esfuer<\/span>\n            \t        <svg style=\"color: rgba(255,255,255,1)\" class=\"svg-inline--fa fa-play fa-w-14 sbi_playbtn\" aria-label=\"Play\" aria-hidden=\"true\" data-fa-processed=\"\" data-prefix=\"fa\" data-icon=\"play\" role=\"presentation\" xmlns=\"http:\/\/www.w3.org\/2000\/svg\" viewBox=\"0 0 448 512\"><path fill=\"currentColor\" d=\"M424.4 214.7L72.4 6.6C43.8-10.3 0 6.1 0 47.9V464c0 37.5 40.7 60.1 72.4 41.3l352-208c31.4-18.5 31.5-64.1 0-82.6z\"><\/path><\/svg>            <img decoding=\"async\" src=\"https:\/\/columnayesperanzalucena.es\/wp-content\/plugins\/instagram-feed\/img\/placeholder.png\" alt=\"FIESTA DE SAN JUAN | Tras todo el trabajo y esfuerzo para hacer de ayer, una noche inolvidable, no queremos dejar m\u00e1s tiempo sin agradecer a todos los que hicieron posible lo vivido. \n\nGracias a todas las empresas colaboradoras con las que, a\u00f1o tras a\u00f1o, podemos contar para realizar nuestros proyectos. Gracias a Manolo P\u00e1rraga, Carlos Bl\u00e1zquez y al grupo Magallanes, ellos pusieron la diversi\u00f3n y la m\u00fasica para que todos disfrut\u00e1rais. Gracias a los Jardines Aguanevada por ofrecernos su espacio. Gracias a nuestra Junta Juvenil y personas ajenas a la junta de gobierno por prestarse a ayudar en cocina, barra o repartiendo comida y bebida. Pero, sobre todo, gracias a todos los que quis\u00edsteis acompa\u00f1arnos: vuestro compromiso y ganas de acudir a esta fiesta nos hace mejorar en cada edici\u00f3n.\n\nYa estamos pensando en el a\u00f1o 2025, mientras, os dejamos con un resumen de la noche de ayer.\n\n\u00a1\u00a1GRACIAS A TODOS!!\n\n#ColumnadeEsperanza\">\n        <\/a>\n    <\/div>\n<\/div><div class=\"sbi_item sbi_type_carousel sbi_new sbi_transition\" id=\"sbi_18433214560036511\" data-date=\"1718183566\">\n    <div class=\"sbi_photo_wrap\">\n        <a class=\"sbi_photo\" href=\"https:\/\/www.instagram.com\/p\/C8HDUF-MxBT\/\" target=\"_blank\" rel=\"noopener nofollow\" data-full-res=\"https:\/\/scontent-man2-1.cdninstagram.com\/v\/t51.29350-15\/448174603_416312141382963_8255764407955435121_n.jpg?_nc_cat=104&#038;ccb=1-7&#038;_nc_sid=18de74&#038;_nc_ohc=COUiWW5M05AQ7kNvgHC4vB_&#038;_nc_zt=23&#038;_nc_ht=scontent-man2-1.cdninstagram.com&#038;edm=ANo9K5cEAAAA&#038;_nc_gid=ADDRi-oCXsqjotPXHLhaOPU&#038;oh=00_AYD8jPxdJVzt83eYLwIR8qDVFOw8KNSks3rFprczVOu6gA&#038;oe=67567EDD\" data-img-src-set=\"{&quot;d&quot;:&quot;https:\\\/\\\/scontent-man2-1.cdninstagram.com\\\/v\\\/t51.29350-15\\\/448174603_416312141382963_8255764407955435121_n.jpg?_nc_cat=104&amp;ccb=1-7&amp;_nc_sid=18de74&amp;_nc_ohc=COUiWW5M05AQ7kNvgHC4vB_&amp;_nc_zt=23&amp;_nc_ht=scontent-man2-1.cdninstagram.com&amp;edm=ANo9K5cEAAAA&amp;_nc_gid=ADDRi-oCXsqjotPXHLhaOPU&amp;oh=00_AYD8jPxdJVzt83eYLwIR8qDVFOw8KNSks3rFprczVOu6gA&amp;oe=67567EDD&quot;,&quot;150&quot;:&quot;https:\\\/\\\/scontent-man2-1.cdninstagram.com\\\/v\\\/t51.29350-15\\\/448174603_416312141382963_8255764407955435121_n.jpg?_nc_cat=104&amp;ccb=1-7&amp;_nc_sid=18de74&amp;_nc_ohc=COUiWW5M05AQ7kNvgHC4vB_&amp;_nc_zt=23&amp;_nc_ht=scontent-man2-1.cdninstagram.com&amp;edm=ANo9K5cEAAAA&amp;_nc_gid=ADDRi-oCXsqjotPXHLhaOPU&amp;oh=00_AYD8jPxdJVzt83eYLwIR8qDVFOw8KNSks3rFprczVOu6gA&amp;oe=67567EDD&quot;,&quot;320&quot;:&quot;https:\\\/\\\/scontent-man2-1.cdninstagram.com\\\/v\\\/t51.29350-15\\\/448174603_416312141382963_8255764407955435121_n.jpg?_nc_cat=104&amp;ccb=1-7&amp;_nc_sid=18de74&amp;_nc_ohc=COUiWW5M05AQ7kNvgHC4vB_&amp;_nc_zt=23&amp;_nc_ht=scontent-man2-1.cdninstagram.com&amp;edm=ANo9K5cEAAAA&amp;_nc_gid=ADDRi-oCXsqjotPXHLhaOPU&amp;oh=00_AYD8jPxdJVzt83eYLwIR8qDVFOw8KNSks3rFprczVOu6gA&amp;oe=67567EDD&quot;,&quot;640&quot;:&quot;https:\\\/\\\/scontent-man2-1.cdninstagram.com\\\/v\\\/t51.29350-15\\\/448174603_416312141382963_8255764407955435121_n.jpg?_nc_cat=104&amp;ccb=1-7&amp;_nc_sid=18de74&amp;_nc_ohc=COUiWW5M05AQ7kNvgHC4vB_&amp;_nc_zt=23&amp;_nc_ht=scontent-man2-1.cdninstagram.com&amp;edm=ANo9K5cEAAAA&amp;_nc_gid=ADDRi-oCXsqjotPXHLhaOPU&amp;oh=00_AYD8jPxdJVzt83eYLwIR8qDVFOw8KNSks3rFprczVOu6gA&amp;oe=67567EDD&quot;}\">\n            <span class=\"sbi-screenreader\">MAR\u00cdA STMA. DE LA PAZ Y ESPERANZA | Para la \u00e9poc<\/span>\n            <svg class=\"svg-inline--fa fa-clone fa-w-16 sbi_lightbox_carousel_icon\" aria-hidden=\"true\" aria-label=\"Clone\" data-fa-pro\u0192cessed=\"\" data-prefix=\"far\" data-icon=\"clone\" role=\"img\" xmlns=\"http:\/\/www.w3.org\/2000\/svg\" viewBox=\"0 0 512 512\">\n\t                <path fill=\"currentColor\" d=\"M464 0H144c-26.51 0-48 21.49-48 48v48H48c-26.51 0-48 21.49-48 48v320c0 26.51 21.49 48 48 48h320c26.51 0 48-21.49 48-48v-48h48c26.51 0 48-21.49 48-48V48c0-26.51-21.49-48-48-48zM362 464H54a6 6 0 0 1-6-6V150a6 6 0 0 1 6-6h42v224c0 26.51 21.49 48 48 48h224v42a6 6 0 0 1-6 6zm96-96H150a6 6 0 0 1-6-6V54a6 6 0 0 1 6-6h308a6 6 0 0 1 6 6v308a6 6 0 0 1-6 6z\"><\/path>\n\t            <\/svg>\t                    <img decoding=\"async\" src=\"https:\/\/columnayesperanzalucena.es\/wp-content\/plugins\/instagram-feed\/img\/placeholder.png\" alt=\"MAR\u00cdA STMA. DE LA PAZ Y ESPERANZA | Para la \u00e9poca estival, la Virgen de la Paz y Esperanza se presenta, ante sus fieles y devotos, con manto color rosa columnero con bordados en hilo plateado y dorado -estrenado para la misa de campa\u00f1a del pasado mes de septiembre y que fue confeccionado en el taller de bordados Servitas y realizado por Teresa Botella-. Adem\u00e1s, luce saya color malva con fest\u00f3n de encaje dorado en la parte baja y, para ce\u00f1irla a su cintura, faj\u00edn crema bordado en forma de lazo.\n\nLleva tocado beige bordado con hilo plateado a tablas y, sobre su sien, descansa la corona plateada. Como \u00fanica joya, luce el nombre de Esperanza sobre su pecho.\n\nTermina el conjunto con pu\u00f1os beige, pa\u00f1uelo a tono en su mano derecha y rosario en su mano izquierda.\n\nFotograf\u00edas: Paco Almagro.\n\n#ColumnadeEsperanza\">\n        <\/a>\n    <\/div>\n<\/div><div class=\"sbi_item sbi_type_carousel sbi_new sbi_transition\" id=\"sbi_18001969196549690\" data-date=\"1717172198\">\n    <div class=\"sbi_photo_wrap\">\n        <a class=\"sbi_photo\" href=\"https:\/\/www.instagram.com\/p\/C7o6SMNoC0j\/\" target=\"_blank\" rel=\"noopener nofollow\" data-full-res=\"https:\/\/scontent-man2-1.cdninstagram.com\/v\/t51.29350-15\/446844622_1640420913461667_7712975251558778327_n.heic?stp=dst-jpg&#038;_nc_cat=104&#038;ccb=1-7&#038;_nc_sid=18de74&#038;_nc_ohc=IpjDuHyGE6cQ7kNvgEagYS7&#038;_nc_zt=23&#038;_nc_ht=scontent-man2-1.cdninstagram.com&#038;edm=ANo9K5cEAAAA&#038;_nc_gid=ADDRi-oCXsqjotPXHLhaOPU&#038;oh=00_AYAiXxxUDxwY83RZWgImrEA5vBuQbNZQgEbH81T5FL_BKQ&#038;oe=67566F39\" data-img-src-set=\"{&quot;d&quot;:&quot;https:\\\/\\\/scontent-man2-1.cdninstagram.com\\\/v\\\/t51.29350-15\\\/446844622_1640420913461667_7712975251558778327_n.heic?stp=dst-jpg&amp;_nc_cat=104&amp;ccb=1-7&amp;_nc_sid=18de74&amp;_nc_ohc=IpjDuHyGE6cQ7kNvgEagYS7&amp;_nc_zt=23&amp;_nc_ht=scontent-man2-1.cdninstagram.com&amp;edm=ANo9K5cEAAAA&amp;_nc_gid=ADDRi-oCXsqjotPXHLhaOPU&amp;oh=00_AYAiXxxUDxwY83RZWgImrEA5vBuQbNZQgEbH81T5FL_BKQ&amp;oe=67566F39&quot;,&quot;150&quot;:&quot;https:\\\/\\\/scontent-man2-1.cdninstagram.com\\\/v\\\/t51.29350-15\\\/446844622_1640420913461667_7712975251558778327_n.heic?stp=dst-jpg&amp;_nc_cat=104&amp;ccb=1-7&amp;_nc_sid=18de74&amp;_nc_ohc=IpjDuHyGE6cQ7kNvgEagYS7&amp;_nc_zt=23&amp;_nc_ht=scontent-man2-1.cdninstagram.com&amp;edm=ANo9K5cEAAAA&amp;_nc_gid=ADDRi-oCXsqjotPXHLhaOPU&amp;oh=00_AYAiXxxUDxwY83RZWgImrEA5vBuQbNZQgEbH81T5FL_BKQ&amp;oe=67566F39&quot;,&quot;320&quot;:&quot;https:\\\/\\\/scontent-man2-1.cdninstagram.com\\\/v\\\/t51.29350-15\\\/446844622_1640420913461667_7712975251558778327_n.heic?stp=dst-jpg&amp;_nc_cat=104&amp;ccb=1-7&amp;_nc_sid=18de74&amp;_nc_ohc=IpjDuHyGE6cQ7kNvgEagYS7&amp;_nc_zt=23&amp;_nc_ht=scontent-man2-1.cdninstagram.com&amp;edm=ANo9K5cEAAAA&amp;_nc_gid=ADDRi-oCXsqjotPXHLhaOPU&amp;oh=00_AYAiXxxUDxwY83RZWgImrEA5vBuQbNZQgEbH81T5FL_BKQ&amp;oe=67566F39&quot;,&quot;640&quot;:&quot;https:\\\/\\\/scontent-man2-1.cdninstagram.com\\\/v\\\/t51.29350-15\\\/446844622_1640420913461667_7712975251558778327_n.heic?stp=dst-jpg&amp;_nc_cat=104&amp;ccb=1-7&amp;_nc_sid=18de74&amp;_nc_ohc=IpjDuHyGE6cQ7kNvgEagYS7&amp;_nc_zt=23&amp;_nc_ht=scontent-man2-1.cdninstagram.com&amp;edm=ANo9K5cEAAAA&amp;_nc_gid=ADDRi-oCXsqjotPXHLhaOPU&amp;oh=00_AYAiXxxUDxwY83RZWgImrEA5vBuQbNZQgEbH81T5FL_BKQ&amp;oe=67566F39&quot;}\">\n            <span class=\"sbi-screenreader\">PRESENTACI\u00d3N LIBRO | En la noche del jueves, 30 d<\/span>\n            <svg class=\"svg-inline--fa fa-clone fa-w-16 sbi_lightbox_carousel_icon\" aria-hidden=\"true\" aria-label=\"Clone\" data-fa-pro\u0192cessed=\"\" data-prefix=\"far\" data-icon=\"clone\" role=\"img\" xmlns=\"http:\/\/www.w3.org\/2000\/svg\" viewBox=\"0 0 512 512\">\n\t                <path fill=\"currentColor\" d=\"M464 0H144c-26.51 0-48 21.49-48 48v48H48c-26.51 0-48 21.49-48 48v320c0 26.51 21.49 48 48 48h320c26.51 0 48-21.49 48-48v-48h48c26.51 0 48-21.49 48-48V48c0-26.51-21.49-48-48-48zM362 464H54a6 6 0 0 1-6-6V150a6 6 0 0 1 6-6h42v224c0 26.51 21.49 48 48 48h224v42a6 6 0 0 1-6 6zm96-96H150a6 6 0 0 1-6-6V54a6 6 0 0 1 6-6h308a6 6 0 0 1 6 6v308a6 6 0 0 1-6 6z\"><\/path>\n\t            <\/svg>\t                    <img decoding=\"async\" src=\"https:\/\/columnayesperanzalucena.es\/wp-content\/plugins\/instagram-feed\/img\/placeholder.png\" alt=\"PRESENTACI\u00d3N LIBRO | En la noche del jueves, 30 de mayo, tuvo lugar la presentaci\u00f3n del libro &quot;El Amarrado a la COLUMNA de la Veracruz lucentina&quot;, obra del hermano y cronista Luisfernando Palma Robles. \n\nEl acto, al que acudieron hermanos, devotos y diversas autoridades, estuvo introducido por el hermano secretario que, a su conclusi\u00f3n cedi\u00f3 la palabra a Jer\u00f3nimo Jim\u00e9nez Garc\u00eda. Este detall\u00f3, pormenorizadamente, el curr\u00edculo del autor de la obra para, seguidamente, analizar el contenido del libro. \n\nTras el presidente de la Comisi\u00f3n del Centenario Fundacional, continu\u00f3 Luisfernando Palma Robles que, a trav\u00e9s de una magn\u00edfica disertaci\u00f3n titulada &quot;El Cristo de la Columna de Lucena: entre el salterio de Sttutgart y la Sagrada Familia de Barcelona&quot; hizo una comparaci\u00f3n art\u00edstica entre la obra culmen de Rold\u00e1n y otras imagenes pict\u00f3ricas y escult\u00f3ricas afincadas, en su mayor\u00eda, en la geograf\u00eda andaluza. \n\nA la conclusi\u00f3n de la charla, nuestro hermano mayor, Javier S\u00e1nchez Cruz, indic\u00f3 que la recaudaci\u00f3n \u00edntegra del libro ser\u00e1 destinada al &quot;Comedor Social Virgen de Araceli&quot; y a la oeneg\u00e9 &quot;Infancia Solidaria&quot;. \n\nFinaliz\u00f3 el acto el consiliario de la hermandad, Antonio Tejero D\u00edaz, dando por concluidos, con esta presentaci\u00f3n, el Centenario Fundacional de la cofradia y dejando un mensaje a las generaciones venideras, pues de ellas depender\u00e1 que la hermandad contin\u00fae escribiendo nuevos cap\u00edtulos en su historia.\n\nEl libro, que ha sido editado gracias a la colaboracion de la Diputaci\u00f3n de C\u00f3rdoba y el Ilustre Colegio de Abogados de Lucena, podr\u00e1 adquirirse en los siguientes puntos de venta:\n-Vestumark -San Pedro 71\n-Panader\u00eda Jer\u00f3nimo Jim\u00e9nez -Juan Palma Garc\u00eda 2.\n-La Casa del Papel - Plaza de Espa\u00f1a 6\n-Asesores Grupo NG - Calle Montenegro 1\n-Parroquia de Santiago.\n\n#ColumnadeEsperanza.\">\n        <\/a>\n    <\/div>\n<\/div><div class=\"sbi_item sbi_type_image sbi_new sbi_transition\" id=\"sbi_18027840125491878\" data-date=\"1717138175\">\n    <div class=\"sbi_photo_wrap\">\n        <a class=\"sbi_photo\" href=\"https:\/\/www.instagram.com\/p\/C7n5Y7ko2TP\/\" target=\"_blank\" rel=\"noopener nofollow\" data-full-res=\"https:\/\/scontent-man2-1.cdninstagram.com\/v\/t51.29350-15\/447088257_1506539140245466_3779056463618165267_n.heic?stp=dst-jpg&#038;_nc_cat=110&#038;ccb=1-7&#038;_nc_sid=18de74&#038;_nc_ohc=Gkwx7yktZ1QQ7kNvgHjYCms&#038;_nc_zt=23&#038;_nc_ht=scontent-man2-1.cdninstagram.com&#038;edm=ANo9K5cEAAAA&#038;_nc_gid=ADDRi-oCXsqjotPXHLhaOPU&#038;oh=00_AYA29-fmtGKdTSLn3VuMmnyy1T6WH6ktJedoxGlOQyK3rg&#038;oe=67567D93\" data-img-src-set=\"{&quot;d&quot;:&quot;https:\\\/\\\/scontent-man2-1.cdninstagram.com\\\/v\\\/t51.29350-15\\\/447088257_1506539140245466_3779056463618165267_n.heic?stp=dst-jpg&amp;_nc_cat=110&amp;ccb=1-7&amp;_nc_sid=18de74&amp;_nc_ohc=Gkwx7yktZ1QQ7kNvgHjYCms&amp;_nc_zt=23&amp;_nc_ht=scontent-man2-1.cdninstagram.com&amp;edm=ANo9K5cEAAAA&amp;_nc_gid=ADDRi-oCXsqjotPXHLhaOPU&amp;oh=00_AYA29-fmtGKdTSLn3VuMmnyy1T6WH6ktJedoxGlOQyK3rg&amp;oe=67567D93&quot;,&quot;150&quot;:&quot;https:\\\/\\\/scontent-man2-1.cdninstagram.com\\\/v\\\/t51.29350-15\\\/447088257_1506539140245466_3779056463618165267_n.heic?stp=dst-jpg&amp;_nc_cat=110&amp;ccb=1-7&amp;_nc_sid=18de74&amp;_nc_ohc=Gkwx7yktZ1QQ7kNvgHjYCms&amp;_nc_zt=23&amp;_nc_ht=scontent-man2-1.cdninstagram.com&amp;edm=ANo9K5cEAAAA&amp;_nc_gid=ADDRi-oCXsqjotPXHLhaOPU&amp;oh=00_AYA29-fmtGKdTSLn3VuMmnyy1T6WH6ktJedoxGlOQyK3rg&amp;oe=67567D93&quot;,&quot;320&quot;:&quot;https:\\\/\\\/scontent-man2-1.cdninstagram.com\\\/v\\\/t51.29350-15\\\/447088257_1506539140245466_3779056463618165267_n.heic?stp=dst-jpg&amp;_nc_cat=110&amp;ccb=1-7&amp;_nc_sid=18de74&amp;_nc_ohc=Gkwx7yktZ1QQ7kNvgHjYCms&amp;_nc_zt=23&amp;_nc_ht=scontent-man2-1.cdninstagram.com&amp;edm=ANo9K5cEAAAA&amp;_nc_gid=ADDRi-oCXsqjotPXHLhaOPU&amp;oh=00_AYA29-fmtGKdTSLn3VuMmnyy1T6WH6ktJedoxGlOQyK3rg&amp;oe=67567D93&quot;,&quot;640&quot;:&quot;https:\\\/\\\/scontent-man2-1.cdninstagram.com\\\/v\\\/t51.29350-15\\\/447088257_1506539140245466_3779056463618165267_n.heic?stp=dst-jpg&amp;_nc_cat=110&amp;ccb=1-7&amp;_nc_sid=18de74&amp;_nc_ohc=Gkwx7yktZ1QQ7kNvgHjYCms&amp;_nc_zt=23&amp;_nc_ht=scontent-man2-1.cdninstagram.com&amp;edm=ANo9K5cEAAAA&amp;_nc_gid=ADDRi-oCXsqjotPXHLhaOPU&amp;oh=00_AYA29-fmtGKdTSLn3VuMmnyy1T6WH6ktJedoxGlOQyK3rg&amp;oe=67567D93&quot;}\">\n            <span class=\"sbi-screenreader\">FIESTA DE SAN JUAN | \u00a1\u00a1Volvemos con la celebraci<\/span>\n            \t                    <img decoding=\"async\" src=\"https:\/\/columnayesperanzalucena.es\/wp-content\/plugins\/instagram-feed\/img\/placeholder.png\" alt=\"FIESTA DE SAN JUAN | \u00a1\u00a1Volvemos con la celebraci\u00f3n que abre el verano!! El viernes 21 de junio, a las 21:00 horas, tendr\u00e1 lugar la VIII Fiesta de San Juan en los Jardines de Aguaneda. \u00a1No te quedes sin tu entrada y disfruta de una noche \u00fanica junto a tus amigos!\n\n#ColumnadeEsperanza\">\n        <\/a>\n    <\/div>\n<\/div><div class=\"sbi_item sbi_type_image sbi_new sbi_transition\" id=\"sbi_18048441637664934\" data-date=\"1716480866\">\n    <div class=\"sbi_photo_wrap\">\n        <a class=\"sbi_photo\" href=\"https:\/\/www.instagram.com\/p\/C7UTq_aooqc\/\" target=\"_blank\" rel=\"noopener nofollow\" data-full-res=\"https:\/\/scontent-man2-1.cdninstagram.com\/v\/t51.29350-15\/445407740_1502475474032717_1190928299659172410_n.heic?stp=dst-jpg_tt6&#038;_nc_cat=110&#038;ccb=1-7&#038;_nc_sid=18de74&#038;_nc_ohc=DajwugfyKbUQ7kNvgEkORDT&#038;_nc_zt=23&#038;_nc_ht=scontent-man2-1.cdninstagram.com&#038;edm=ANo9K5cEAAAA&#038;_nc_gid=ADDRi-oCXsqjotPXHLhaOPU&#038;oh=00_AYDj1g7_YaeRPRvdUhtWS4048DjrimP2k-pvsGkNbYkOzA&#038;oe=6756657A\" data-img-src-set=\"{&quot;d&quot;:&quot;https:\\\/\\\/scontent-man2-1.cdninstagram.com\\\/v\\\/t51.29350-15\\\/445407740_1502475474032717_1190928299659172410_n.heic?stp=dst-jpg_tt6&amp;_nc_cat=110&amp;ccb=1-7&amp;_nc_sid=18de74&amp;_nc_ohc=DajwugfyKbUQ7kNvgEkORDT&amp;_nc_zt=23&amp;_nc_ht=scontent-man2-1.cdninstagram.com&amp;edm=ANo9K5cEAAAA&amp;_nc_gid=ADDRi-oCXsqjotPXHLhaOPU&amp;oh=00_AYDj1g7_YaeRPRvdUhtWS4048DjrimP2k-pvsGkNbYkOzA&amp;oe=6756657A&quot;,&quot;150&quot;:&quot;https:\\\/\\\/scontent-man2-1.cdninstagram.com\\\/v\\\/t51.29350-15\\\/445407740_1502475474032717_1190928299659172410_n.heic?stp=dst-jpg_tt6&amp;_nc_cat=110&amp;ccb=1-7&amp;_nc_sid=18de74&amp;_nc_ohc=DajwugfyKbUQ7kNvgEkORDT&amp;_nc_zt=23&amp;_nc_ht=scontent-man2-1.cdninstagram.com&amp;edm=ANo9K5cEAAAA&amp;_nc_gid=ADDRi-oCXsqjotPXHLhaOPU&amp;oh=00_AYDj1g7_YaeRPRvdUhtWS4048DjrimP2k-pvsGkNbYkOzA&amp;oe=6756657A&quot;,&quot;320&quot;:&quot;https:\\\/\\\/scontent-man2-1.cdninstagram.com\\\/v\\\/t51.29350-15\\\/445407740_1502475474032717_1190928299659172410_n.heic?stp=dst-jpg_tt6&amp;_nc_cat=110&amp;ccb=1-7&amp;_nc_sid=18de74&amp;_nc_ohc=DajwugfyKbUQ7kNvgEkORDT&amp;_nc_zt=23&amp;_nc_ht=scontent-man2-1.cdninstagram.com&amp;edm=ANo9K5cEAAAA&amp;_nc_gid=ADDRi-oCXsqjotPXHLhaOPU&amp;oh=00_AYDj1g7_YaeRPRvdUhtWS4048DjrimP2k-pvsGkNbYkOzA&amp;oe=6756657A&quot;,&quot;640&quot;:&quot;https:\\\/\\\/scontent-man2-1.cdninstagram.com\\\/v\\\/t51.29350-15\\\/445407740_1502475474032717_1190928299659172410_n.heic?stp=dst-jpg_tt6&amp;_nc_cat=110&amp;ccb=1-7&amp;_nc_sid=18de74&amp;_nc_ohc=DajwugfyKbUQ7kNvgEkORDT&amp;_nc_zt=23&amp;_nc_ht=scontent-man2-1.cdninstagram.com&amp;edm=ANo9K5cEAAAA&amp;_nc_gid=ADDRi-oCXsqjotPXHLhaOPU&amp;oh=00_AYDj1g7_YaeRPRvdUhtWS4048DjrimP2k-pvsGkNbYkOzA&amp;oe=6756657A&quot;}\">\n            <span class=\"sbi-screenreader\">PRESENTACI\u00d3N DE LIBRO Y CONFERENCIA | El 30 de ma<\/span>\n            \t                    <img decoding=\"async\" src=\"https:\/\/columnayesperanzalucena.es\/wp-content\/plugins\/instagram-feed\/img\/placeholder.png\" alt=\"PRESENTACI\u00d3N DE LIBRO Y CONFERENCIA | El 30 de mayo, jueves, a las 21.15 horas y en el templo parroquial de Santiago tendr\u00e1 lugar la presentaci\u00f3n del libro &quot;El Amarrado a la COLUMNA de la Veracruz lucentina&quot;.\n\nTres siglos y medio de devoci\u00f3n y cien a\u00f1os de COFRAD\u00cdA, obra de nuestro hermano Luisfernando Palma Robles, cronista oficial y acad\u00e9mico. Se trata de una edici\u00f3n conmemorativa del Centenario Fundacional de la Cofrad\u00eda de Nuestro Padre Jes\u00fas de la Columna y Mar\u00eda Sant\u00edsima de la Paz y Esperanza. \n\nLos donativos que se reciban por la difusi\u00f3n de este libro se destinar\u00e1n a partes iguales al Comedor Social &quot;Virgen de Araceli&quot; y a &quot;Infancia Solidaria&quot;. \n\nLa presentaci\u00f3n de esta obra hist\u00f3rica se complementar\u00e1 con la disertaci\u00f3n a cargo de su autor titulada \u201cEl Cristo de la Cofrad\u00eda de la Columna de Lucena: entre el Salterio de Stuttgart y la Sagrada Familia de Barcelona\u201d.\n\n#ColumnadeEsperanza\n#100a\u00f1osdeColumnaPazyEsperanza\n#CentenarioFundacional\">\n        <\/a>\n    <\/div>\n<\/div>    <\/div>\n\n\t<div id=\"sbi_load\" >\n\n\t\t\t<a class=\"sbi_load_btn\" href=\"javascript:void(0);\">\n\t\t\t<span class=\"sbi_btn_text\">Cargar m\u00e1s<\/span>\n\t\t\t<span class=\"sbi_loader sbi_hidden\" style=\"background-color: rgb(255, 255, 255);\" aria-hidden=\"true\"><\/span>\n\t\t<\/a>\n\t\n\t\t\t<span class=\"sbi_follow_btn sbi_custom\">\n        <a href=\"https:\/\/www.instagram.com\/columna_esperanza\/\" style=\"background: rgb(64,139,209);\" target=\"_blank\" rel=\"nofollow noopener\">\n            <svg class=\"svg-inline--fa fa-instagram fa-w-14\" aria-hidden=\"true\" data-fa-processed=\"\" aria-label=\"Instagram\" data-prefix=\"fab\" data-icon=\"instagram\" role=\"img\" viewBox=\"0 0 448 512\">\n\t                <path fill=\"currentColor\" d=\"M224.1 141c-63.6 0-114.9 51.3-114.9 114.9s51.3 114.9 114.9 114.9S339 319.5 339 255.9 287.7 141 224.1 141zm0 189.6c-41.1 0-74.7-33.5-74.7-74.7s33.5-74.7 74.7-74.7 74.7 33.5 74.7 74.7-33.6 74.7-74.7 74.7zm146.4-194.3c0 14.9-12 26.8-26.8 26.8-14.9 0-26.8-12-26.8-26.8s12-26.8 26.8-26.8 26.8 12 26.8 26.8zm76.1 27.2c-1.7-35.9-9.9-67.7-36.2-93.9-26.2-26.2-58-34.4-93.9-36.2-37-2.1-147.9-2.1-184.9 0-35.8 1.7-67.6 9.9-93.9 36.1s-34.4 58-36.2 93.9c-2.1 37-2.1 147.9 0 184.9 1.7 35.9 9.9 67.7 36.2 93.9s58 34.4 93.9 36.2c37 2.1 147.9 2.1 184.9 0 35.9-1.7 67.7-9.9 93.9-36.2 26.2-26.2 34.4-58 36.2-93.9 2.1-37 2.1-147.8 0-184.8zM398.8 388c-7.8 19.6-22.9 34.7-42.6 42.6-29.5 11.7-99.5 9-132.1 9s-102.7 2.6-132.1-9c-19.6-7.8-34.7-22.9-42.6-42.6-11.7-29.5-9-99.5-9-132.1s-2.6-102.7 9-132.1c7.8-19.6 22.9-34.7 42.6-42.6 29.5-11.7 99.5-9 132.1-9s102.7-2.6 132.1 9c19.6 7.8 34.7 22.9 42.6 42.6 11.7 29.5 9 99.5 9 132.1s2.7 102.7-9 132.1z\"><\/path>\n\t            <\/svg>            <span>Seguir en Instagram<\/span>\n        <\/a>\n    <\/span>\n\t\n<\/div>\n\n\t    <span class=\"sbi_resized_image_data\" data-feed-id=\"*1\" data-resized=\"{&quot;18048441637664934&quot;:{&quot;id&quot;:&quot;445407740_1502475474032717_1190928299659172410_n.heic&quot;,&quot;ratio&quot;:&quot;1.00&quot;,&quot;sizes&quot;:{&quot;full&quot;:640,&quot;low&quot;:320,&quot;thumb&quot;:150},&quot;extension&quot;:&quot;.jpg&quot;},&quot;18001969196549690&quot;:{&quot;id&quot;:&quot;446844622_1640420913461667_7712975251558778327_n.heic&quot;,&quot;ratio&quot;:&quot;1.00&quot;,&quot;sizes&quot;:{&quot;full&quot;:640,&quot;low&quot;:320,&quot;thumb&quot;:150},&quot;extension&quot;:&quot;.jpg&quot;},&quot;18027840125491878&quot;:{&quot;id&quot;:&quot;447088257_1506539140245466_3779056463618165267_n.heic&quot;,&quot;ratio&quot;:&quot;0.80&quot;,&quot;sizes&quot;:{&quot;full&quot;:640,&quot;low&quot;:320,&quot;thumb&quot;:150},&quot;extension&quot;:&quot;.jpg&quot;},&quot;18433214560036511&quot;:{&quot;id&quot;:&quot;448174603_416312141382963_8255764407955435121_n&quot;,&quot;ratio&quot;:&quot;0.79&quot;,&quot;sizes&quot;:{&quot;full&quot;:640,&quot;low&quot;:320,&quot;thumb&quot;:150},&quot;extension&quot;:&quot;.jpg&quot;},&quot;17906818319986261&quot;:{&quot;id&quot;:&quot;448879779_955982242935932_7736216284563838773_n&quot;,&quot;ratio&quot;:&quot;0.56&quot;,&quot;sizes&quot;:{&quot;full&quot;:640,&quot;low&quot;:320,&quot;thumb&quot;:150},&quot;extension&quot;:&quot;.jpg&quot;},&quot;18017969405617814&quot;:{&quot;id&quot;:&quot;461436434_1241521953843860_2963595742484995821_n.heic&quot;,&quot;ratio&quot;:&quot;0.80&quot;,&quot;sizes&quot;:{&quot;full&quot;:640,&quot;low&quot;:320,&quot;thumb&quot;:150},&quot;extension&quot;:&quot;.webp&quot;},&quot;18026669825157774&quot;:{&quot;id&quot;:&quot;464283875_8537410276339121_6013657010934348063_n.heic&quot;,&quot;ratio&quot;:&quot;1.00&quot;,&quot;sizes&quot;:{&quot;full&quot;:640,&quot;low&quot;:320,&quot;thumb&quot;:150},&quot;extension&quot;:&quot;.webp&quot;},&quot;18070781344615583&quot;:{&quot;id&quot;:&quot;464855154_598203279199420_6260277520714108954_n.heic&quot;,&quot;ratio&quot;:&quot;0.80&quot;,&quot;sizes&quot;:{&quot;full&quot;:640,&quot;low&quot;:320,&quot;thumb&quot;:150},&quot;extension&quot;:&quot;.webp&quot;},&quot;18031226465109852&quot;:{&quot;id&quot;:&quot;466371268_833555428718203_6893783735676486878_n.heic&quot;,&quot;ratio&quot;:&quot;1.33&quot;,&quot;sizes&quot;:{&quot;full&quot;:640,&quot;low&quot;:320,&quot;thumb&quot;:150},&quot;extension&quot;:&quot;.webp&quot;},&quot;18066936778733360&quot;:{&quot;id&quot;:&quot;468015031_952761566706472_327816124320738308_n.heic&quot;,&quot;ratio&quot;:&quot;0.80&quot;,&quot;sizes&quot;:{&quot;full&quot;:640,&quot;low&quot;:320,&quot;thumb&quot;:150},&quot;extension&quot;:&quot;.webp&quot;},&quot;18025852331249837&quot;:{&quot;id&quot;:&quot;468268764_767724002192656_270808786555254043_n.heic&quot;,&quot;ratio&quot;:&quot;0.80&quot;,&quot;sizes&quot;:{&quot;full&quot;:640,&quot;low&quot;:320,&quot;thumb&quot;:150},&quot;extension&quot;:&quot;.webp&quot;},&quot;18089550841512407&quot;:{&quot;id&quot;:&quot;468159753_917095833707190_3913372986353568805_n.heic&quot;,&quot;ratio&quot;:&quot;0.80&quot;,&quot;sizes&quot;:{&quot;full&quot;:640,&quot;low&quot;:320,&quot;thumb&quot;:150},&quot;extension&quot;:&quot;.webp&quot;}}\">\n\t<\/span>\n\t<\/div>\n\n<div class=\"cff-wrapper\">\t<div id=\"cff-visual-header-1634878340090329\" class=\"cff-visual-header cff-has-name\">\n\t\t\t\t\t\t<div class=\"cff-header-inner-wrap\">\n\t\t\t\t\t\t<div class=\"cff-header-text\" >\n\n\t\t\t\t            <a href=\"https:\/\/facebook.com\/1634878340090329\" target=\"_blank\" rel=\"nofollow noopener\" title=\"\" class=\"cff-header-name\"><h3 style=\"font-size:inheritpx;\"><\/h3><\/a>\n\t\t\t\t        \t\t\t\t\t\t<\/div>\n\t\t<\/div>\n\t<\/div>\n<div class=\"cff-wrapper-ctn \" ><div id=\"cff\"  class=\"cff cff-list-container cff-masonry masonry-2-tablet cff-masonry-js cff-default-styles  cff-mob-cols-1\"   style=\"width:100%;\"   data-char=\"60\"  data-nummobile=\"2\" data-pag-num=\"3\"  data-cff-flags=\"gdpr\" ><div class=\"cff-error-msg\">\n\t<div>\n\t\t<i class=\"fa fa-lock\" aria-hidden=\"true\" style=\"margin-right: 5px;\"><\/i><b>Este mensaje solo es visible para los administradores.<\/b><br\/>\n\t\tProblema al mostrar las entradas de Facebook. Copia de seguridad de la cach\u00e9 en uso.\t\t\t\t\t<br\/><a href=\"javascript:void(0);\" id=\"cff-show-error\" onclick=\"cffShowError()\">Haz clic para mostrar el error<\/a>\n\t\t\t<script type=\"text\/javascript\">function cffShowError() { document.getElementById(\"cff-error-reason\").style.display = \"block\"; document.getElementById(\"cff-show-error\").style.display = \"none\"; }<\/script>\n\t\t\t<\/div>\n\t\t\t<div id=\"cff-error-reason\">\n\t\t\t\t\t\t\t\t\t<b>Error:<\/b> Error validating access token: Sessions for the user are not allowed because the user is not a confirmed user.\t\t\t\t\t\t\t\t\t\t\t\t\t<b>Tipo:<\/b> OAuthException\t\t\t\t\t\t\t\t\t\t\t\t\t\t\t\t\t\t\t\t\t\t\t\t\t\t\t\t\n\t\t\t<\/div>\n\t\t\t\t\n<\/div>\n<div class=\"cff-posts-wrap\">\n<div class=\"cff-likebox cff-bottom\" >\n\t\t<iframe title=\"Likebox Iframe\" src=\"\" class=\"fb_iframe_widget\" data-likebox-id=\"1634878340090329\" data-likebox-width=\"300\" data-likebox-header=\"1\" data-hide-cover=\"\" data-hide-cta=\"\" data-likebox-faces=\"\" data-height=\"70\" data-locale=\"es_ES\" scrolling=\"no\" allowTransparency=\"true\" allow=\"encrypted-media\" ><\/iframe>\n<\/div>\n<\/div><input class=\"cff-pag-url\" type=\"hidden\" data-locatornonce=\"6082418e76\" data-cff-shortcode=\"{&quot;feed&quot;: &quot;1&quot;}\" data-post-id=\"133\" data-feed-id=\"1634878340090329\"><\/div><\/div><div class=\"cff-clear\"><\/div><\/div><\/p>\n","protected":false},"author":1,"featured_media":0,"parent":0,"menu_order":0,"comment_status":"closed","ping_status":"closed","template":"","meta":{"_et_pb_use_builder":"on","_et_pb_old_content":"","_et_gb_content_width":"","footnotes":""},"class_list":["post-133","page","type-page","status-publish","hentry"],"jetpack_sharing_enabled":true,"_links":{"self":[{"href":"https:\/\/columnayesperanzalucena.es\/index.php?rest_route=\/wp\/v2\/pages\/133","targetHints":{"allow":["GET"]}}],"collection":[{"href":"https:\/\/columnayesperanzalucena.es\/index.php?rest_route=\/wp\/v2\/pages"}],"about":[{"href":"https:\/\/columnayesperanzalucena.es\/index.php?rest_route=\/wp\/v2\/types\/page"}],"author":[{"embeddable":true,"href":"https:\/\/columnayesperanzalucena.es\/index.php?rest_route=\/wp\/v2\/users\/1"}],"replies":[{"embeddable":true,"href":"https:\/\/columnayesperanzalucena.es\/index.php?rest_route=%2Fwp%2Fv2%2Fcomments&post=133"}],"version-history":[{"count":53,"href":"https:\/\/columnayesperanzalucena.es\/index.php?rest_route=\/wp\/v2\/pages\/133\/revisions"}],"predecessor-version":[{"id":808,"href":"https:\/\/columnayesperanzalucena.es\/index.php?rest_route=\/wp\/v2\/pages\/133\/revisions\/808"}],"wp:attachment":[{"href":"https:\/\/columnayesperanzalucena.es\/index.php?rest_route=%2Fwp%2Fv2%2Fmedia&parent=133"}],"curies":[{"name":"wp","href":"https:\/\/api.w.org\/{rel}","templated":true}]}}